{"id":10740,"date":"2022-01-25T11:14:11","date_gmt":"2022-01-25T10:14:11","guid":{"rendered":"https:\/\/www.mbh.fr\/?page_id=10740"},"modified":"2023-11-10T14:48:41","modified_gmt":"2023-11-10T13:48:41","slug":"transferts-helicoptere-vols-prives-geneve","status":"publish","type":"page","link":"https:\/\/www.mbh.fr\/fr\/nos-bases\/geneve-aeroport\/transferts-helicoptere-vols-prives-geneve\/","title":{"rendered":"Transferts h\u00e9licopt\u00e8re &#038; vols priv\u00e9s Gen\u00e8ve"},"content":{"rendered":"<div class=\"wpb-content-wrapper\"><p>[vc_row bg_image=\u00a0\u00bb9467&Prime; bg_repeat=\u00a0\u00bbno-repeat\u00a0\u00bb top_padding=\u00a0\u00bb100&Prime; bottom_padding=\u00a0\u00bb100&Prime;][vc_column width=\u00a0\u00bb1\/2&Prime;][\/vc_column][vc_column bg_color=\u00a0\u00bbrgba(0,0,0,0.5)\u00a0\u00bb column_padding=\u00a0\u00bbpadding-5&Prime; column_center=\u00a0\u00bbtrue\u00a0\u00bb text_color=\u00a0\u00bblight\u00a0\u00bb width=\u00a0\u00bb1\/2&Prime;][vc_column_text]<\/p>\n<h1 class=\"p1\">Transferts h\u00e9licopt\u00e8re &amp; vols priv\u00e9s <strong>Gen\u00e8ve<\/strong><\/h1>\n<p>[\/vc_column_text][\/vc_column][\/vc_row][vc_row top_padding=\u00a0\u00bb50&Prime; bottom_padding=\u00a0\u00bb50&Prime;][vc_column width=\u00a0\u00bb1\/6&Prime;][\/vc_column][vc_column width=\u00a0\u00bb2\/3&Prime;][vc_btn title=\u00a0\u00bbRetour \u00e0 la base Gen\u00e8ve\u00a0\u00bb style=\u00a0\u00bbclassic\u00a0\u00bb shape=\u00a0\u00bbsquare\u00a0\u00bb color=\u00a0\u00bbblack\u00a0\u00bb align=\u00a0\u00bbcenter\u00a0\u00bb i_icon_fontawesome=\u00a0\u00bbfas fa-undo\u00a0\u00bb add_icon=\u00a0\u00bbtrue\u00a0\u00bb link=\u00a0\u00bburl:https%3A%2F%2Fwww.mbh.fr%2Ffr%2Fnos-bases%2Fgeneve-aeroport%2F|title:Gen%C3%A8ve\u00a0\u00bb][vc_column_text]<\/p>\n<p class=\"p1\" style=\"text-align: center;\">Mont Blanc H\u00e9licopt\u00e8res Gen\u00e8ve vous propose de vous faire vivre une exp\u00e9rience singuli\u00e8re en h\u00e9licopt\u00e8re. Privatisez un vol au gr\u00e9 de vos envies. Pr\u00eat au d\u00e9collage ?<\/p>\n<p>[\/vc_column_text][\/vc_column][vc_column width=\u00a0\u00bb1\/6&Prime;][\/vc_column][\/vc_row][vc_row][vc_column width=\u00a0\u00bb1\/1&Prime;][vc_column_text]<\/p>\n<h2 class=\"p1\" style=\"text-align: center;\"><strong>Transferts h\u00e9licopt\u00e8res<\/strong> \u00e0 Gen\u00e8ve<\/h2>\n<p>[\/vc_column_text]<div class=\"newdivider align-center\" style=\"border-bottom-style: solid; border-color: #eeeeee; border-bottom-width: 4px; margin-top: 25px; margin-bottom: 25px; width: 10%; \"><\/div><div class=\"clear\"><\/div>[vc_row_inner][vc_column_inner width=\u00a0\u00bb1\/2&Prime;][vc_column_text]Pour tous vos d\u00e9placements priv\u00e9s ou professionnels en France et en Europe, nos h\u00e9licopt\u00e8res sont \u00e0 votre disposition.<\/p>\n<p>Mont Blanc H\u00e9licopt\u00e8res Gen\u00e8ve est titulaire d\u2019un certificat de transporteur a\u00e9rien CTA FR.AOC.0039.<\/p>\n<p>Pour tous vos d\u00e9placements priv\u00e9s ou professionnels en France et en Europe, nos h\u00e9licopt\u00e8res sont \u00e0 votre disposition.<\/p>\n<p>Exemple destinations : Sion, Verbier, Gstaad, Crans-Montana, Courmayeur, Lausanne, Berne, Lucerne, Zurich, Saint Gall, Milan, Monaco\u2026<\/p>\n<p><i>Sous r\u00e9serve du respect de la r\u00e9glementation en vigueur, nous pouvons atterrir au sein m\u00eame de votre propri\u00e9t\u00e9 !<\/i><\/p>\n<p><b>Pour vos prochains d\u00e9placements, n\u2019h\u00e9sitez pas \u00e0 nous contacter. Nous pouvons \u00e9galement atterrir au sein de votre propri\u00e9t\u00e9 ou de votre usine.<\/b>[\/vc_column_text][vc_btn title=\u00a0\u00bbContactez-nous\u00a0\u00bb style=\u00a0\u00bbclassic\u00a0\u00bb shape=\u00a0\u00bbsquare\u00a0\u00bb color=\u00a0\u00bbblack\u00a0\u00bb align=\u00a0\u00bbleft\u00a0\u00bb link=\u00a0\u00bburl:https%3A%2F%2Fwww.mbh.fr%2Ffr%2Fcontact%2F|title:CONTACT\u00a0\u00bb el_class=\u00a0\u00bbbtn-contact\u00a0\u00bb css=\u00a0\u00bb.vc_custom_1645780987897{margin-top: 10px !important;}\u00a0\u00bb][vc_btn title=\u00a0\u00bbNos h\u00e9licopt\u00e8res\u00a0\u00bb style=\u00a0\u00bbclassic\u00a0\u00bb shape=\u00a0\u00bbsquare\u00a0\u00bb color=\u00a0\u00bbblack\u00a0\u00bb align=\u00a0\u00bbleft\u00a0\u00bb el_class=\u00a0\u00bbbtn-booking\u00a0\u00bb link=\u00a0\u00bburl:https%3A%2F%2Fwww.mbh.fr%2Ffr%2Fflotte%2F|title:FLOTTE\u00a0\u00bb][\/vc_column_inner][vc_column_inner width=\u00a0\u00bb1\/2&Prime;][vc_single_image image=\u00a0\u00bb9460&Prime; img_size=\u00a0\u00bbmedium\u00a0\u00bb onclick=\u00a0\u00bblink_image\u00a0\u00bb][\/vc_column_inner][\/vc_row_inner][vc_empty_space height=\u00a0\u00bb50px\u00a0\u00bb][\/vc_column][\/vc_row][vc_row][vc_column width=\u00a0\u00bb1\/1&Prime;][vc_column_text]<\/p>\n<h2 style=\"text-align: center;\"><strong>Vols Exp\u00e9riences<\/strong> \u00e0 Gen\u00e8ve<\/h2>\n<p style=\"text-align: center;\">Mont Blanc H\u00e9licopt\u00e8re Gen\u00e8ve a r\u00e9pertori\u00e9 pour votre plus grand plaisir de nombreux h\u00f4tels et restaurants o\u00f9 il est possible d&rsquo;atterrir en h\u00e9licopt\u00e8re. Choisissez votre r\u00e9gion et laissez-vous guider !<\/p>\n<p>[\/vc_column_text]<div class=\"newdivider align-center\" style=\"border-bottom-style: solid; border-color: #eeeeee; border-bottom-width: 4px; margin-top: 50px; margin-bottom: 50px; width: 10%; \"><\/div><div class=\"clear\"><\/div>[vc_row_inner][vc_column_inner width=\u00a0\u00bb1\/2&Prime;][vc_column_text]<\/p>\n<h2>Reprises Skieurs<\/h2>\n<p><strong>Cette activit\u00e9 se pratique en France uniquement<\/strong><\/p>\n<p>Pour tous les amateurs de ski hors-piste et de sensations fortes, venez profiter de nos h\u00e9licopt\u00e8res pour venir vous chercher apr\u00e8s votre descente et vous rapprocher de votre prochaine destination.[\/vc_column_text][vc_column_text]<\/p>\n<h2>H\u00e9liski<\/h2>\n<p><strong>Cette activit\u00e9 se pratique en Suisse et en Italie uniquement<\/strong><\/p>\n<p>Ski hors-piste pour des sensations hors-normes. Go\u00fbtez au bonheur indicible d\u2019imprimer votre trace sur les pentes majestueuses et fra\u00eeche des Alpes.<\/p>\n<p>D\u00e9pose en h\u00e9licopt\u00e8re au sommet d\u2019une montagne, vous acc\u00e9dez \u00e0 un immense terrain de jeu de poudreuse ou de glaciers. \u00c0 pratiquer avec un guide cette activit\u00e9 vous laisseras des souvenirs \u00e0 vie.<\/p>\n<p><i>Contacter nous pour l\u2019organisation de votre Heliski avec notre filiale Eagle Valais en Suisse.<\/i>[\/vc_column_text][vc_btn title=\u00a0\u00bbContactez-nous\u00a0\u00bb style=\u00a0\u00bbclassic\u00a0\u00bb shape=\u00a0\u00bbsquare\u00a0\u00bb color=\u00a0\u00bbblack\u00a0\u00bb align=\u00a0\u00bbleft\u00a0\u00bb link=\u00a0\u00bburl:https%3A%2F%2Fwww.mbh.fr%2Ffr%2Fcontact%2F|title:CONTACT\u00a0\u00bb el_class=\u00a0\u00bbbtn-contact\u00a0\u00bb css=\u00a0\u00bb.vc_custom_1645780981946{margin-top: 10px !important;}\u00a0\u00bb][vc_btn title=\u00a0\u00bbNos suggestions\u00a0\u00bb style=\u00a0\u00bbclassic\u00a0\u00bb shape=\u00a0\u00bbsquare\u00a0\u00bb color=\u00a0\u00bbblack\u00a0\u00bb align=\u00a0\u00bbleft\u00a0\u00bb el_class=\u00a0\u00bbbtn-booking\u00a0\u00bb link=\u00a0\u00bburl:https%3A%2F%2Fwww.mbh.fr%2Fwp-content%2Fuploads%2F2022%2F02%2FFiche_DZ-Reprise-skieurs_Heliski.pdf|target:_blank\u00a0\u00bb][\/vc_column_inner][vc_column_inner width=\u00a0\u00bb1\/2&Prime;][vc_single_image image=\u00a0\u00bb9445&Prime; img_size=\u00a0\u00bbmedium\u00a0\u00bb onclick=\u00a0\u00bblink_image\u00a0\u00bb][vc_single_image image=\u00a0\u00bb9448&Prime; img_size=\u00a0\u00bbmedium\u00a0\u00bb onclick=\u00a0\u00bblink_image\u00a0\u00bb][\/vc_column_inner][\/vc_row_inner]<div class=\"newdivider align-center\" style=\"border-bottom-style: solid; border-color: #eeeeee; border-bottom-width: 4px; margin-top: 50px; margin-bottom: 50px; width: 10%; \"><\/div><div class=\"clear\"><\/div>[vc_row_inner][vc_column_inner width=\u00a0\u00bb1\/2&Prime;][vc_single_image image=\u00a0\u00bb9442&Prime; img_size=\u00a0\u00bbmedium\u00a0\u00bb onclick=\u00a0\u00bblink_image\u00a0\u00bb][\/vc_column_inner][vc_column_inner width=\u00a0\u00bb1\/2&Prime;][vc_column_text]<\/p>\n<h2>H\u00e9li-Gastronomie<\/h2>\n<h4>Envie de vous \u00e9vader dans un restaurant ?<\/h4>\n<p>Alliez le plaisir des yeux \u00e0 celui des papilles. Lors d\u2019une escapade hors du commun, nous vous d\u00e9posons en h\u00e9licopt\u00e8re directement dans un \u00e9tablissement renomm\u00e9 ou un restaurant \u00e9toil\u00e9.<\/p>\n<p><i>Pour toutes demandes n\u2019h\u00e9sitez pas \u00e0 contacter notre \u00e9quipe afin de personnaliser votre devis.<\/i><\/p>\n<p><img loading=\"lazy\" decoding=\"async\" class=\"alignnone wp-image-13705\" src=\"https:\/\/www.mbh.fr\/wp-content\/uploads\/2023\/11\/Logo-SwiftCopters_couleur_company_member_HBG-1000x718.png\" alt=\"\" width=\"172\" height=\"123\" srcset=\"https:\/\/www.mbh.fr\/wp-content\/uploads\/2023\/11\/Logo-SwiftCopters_couleur_company_member_HBG-1000x718.png 1000w, https:\/\/www.mbh.fr\/wp-content\/uploads\/2023\/11\/Logo-SwiftCopters_couleur_company_member_HBG-1500x1078.png 1500w, https:\/\/www.mbh.fr\/wp-content\/uploads\/2023\/11\/Logo-SwiftCopters_couleur_company_member_HBG-768x552.png 768w, https:\/\/www.mbh.fr\/wp-content\/uploads\/2023\/11\/Logo-SwiftCopters_couleur_company_member_HBG-1536x1103.png 1536w, https:\/\/www.mbh.fr\/wp-content\/uploads\/2023\/11\/Logo-SwiftCopters_couleur_company_member_HBG-2048x1471.png 2048w\" sizes=\"auto, (max-width: 172px) 100vw, 172px\" \/>[\/vc_column_text][vc_btn title=\u00a0\u00bbVoir nos vols gastronomiques\u00a0\u00bb style=\u00a0\u00bbclassic\u00a0\u00bb shape=\u00a0\u00bbsquare\u00a0\u00bb color=\u00a0\u00bbblack\u00a0\u00bb align=\u00a0\u00bbleft\u00a0\u00bb css_animation=\u00a0\u00bbbounceIn\u00a0\u00bb el_class=\u00a0\u00bbbtn-booking\u00a0\u00bb link=\u00a0\u00bburl:https%3A%2F%2Fswiftcopters.ch%2Fvols-gastronomiques-escapade-restaurant%2F\u00a0\u00bb][vc_btn title=\u00a0\u00bbContactez-nous\u00a0\u00bb style=\u00a0\u00bbclassic\u00a0\u00bb shape=\u00a0\u00bbsquare\u00a0\u00bb color=\u00a0\u00bbblack\u00a0\u00bb align=\u00a0\u00bbleft\u00a0\u00bb link=\u00a0\u00bburl:https%3A%2F%2Fwww.mbh.fr%2Ffr%2Fcontact%2F|title:CONTACT\u00a0\u00bb el_class=\u00a0\u00bbbtn-contact\u00a0\u00bb css=\u00a0\u00bb.vc_custom_1645780967462{margin-top: 10px !important;}\u00a0\u00bb][\/vc_column_inner][\/vc_row_inner]<div class=\"newdivider align-center\" style=\"border-bottom-style: solid; border-color: #eeeeee; border-bottom-width: 4px; margin-top: 50px; margin-bottom: 50px; width: 10%; \"><\/div><div class=\"clear\"><\/div>[vc_row_inner][vc_column_inner width=\u00a0\u00bb1\/2&Prime;][vc_column_text]<\/p>\n<h2>Mariages<\/h2>\n<p>Vous avez pr\u00e9vu de vous marier et vous souhaitez surprendre la future mari\u00e9e ou vos invit\u00e9s ? Une demande en mariage \u00e0 bord d\u2019un h\u00e9licopt\u00e8re ou une arriv\u00e9e en h\u00e9licopt\u00e8re aura son effet ! \u00c9blouissez votre entourage pour la plus belle journ\u00e9e de votre vie.<\/p>\n<p><i>Pour toutes demandes n\u2019h\u00e9sitez pas \u00e0 contacter notre \u00e9quipe afin de personnaliser votre devis.<\/i>[\/vc_column_text][vc_btn title=\u00a0\u00bbContactez-nous\u00a0\u00bb style=\u00a0\u00bbclassic\u00a0\u00bb shape=\u00a0\u00bbsquare\u00a0\u00bb color=\u00a0\u00bbblack\u00a0\u00bb align=\u00a0\u00bbleft\u00a0\u00bb link=\u00a0\u00bburl:https%3A%2F%2Fwww.mbh.fr%2Ffr%2Fcontact%2F|title:CONTACT\u00a0\u00bb el_class=\u00a0\u00bbbtn-contact\u00a0\u00bb css=\u00a0\u00bb.vc_custom_1645780971139{margin-top: 10px !important;}\u00a0\u00bb][\/vc_column_inner][vc_column_inner width=\u00a0\u00bb1\/2&Prime;][vc_single_image image=\u00a0\u00bb9451&Prime; img_size=\u00a0\u00bbmedium\u00a0\u00bb onclick=\u00a0\u00bblink_image\u00a0\u00bb][\/vc_column_inner][\/vc_row_inner][vc_empty_space height=\u00a0\u00bb50px\u00a0\u00bb][\/vc_column][\/vc_row]<\/p>\n<\/div>","protected":false},"excerpt":{"rendered":"<p>[vc_row bg_image=\u00a0\u00bb9467&Prime; bg_repeat=\u00a0\u00bbno-repeat\u00a0\u00bb top_padding=\u00a0\u00bb100&Prime; bottom_padding=\u00a0\u00bb100&Prime;][vc_column width=\u00a0\u00bb1\/2&Prime;][\/vc_column][vc_column bg_color=\u00a0\u00bbrgba(0,0,0,0.5)\u00a0\u00bb column_padding=\u00a0\u00bbpadding-5&Prime; column_center=\u00a0\u00bbtrue\u00a0\u00bb text_color=\u00a0\u00bblight\u00a0\u00bb width=\u00a0\u00bb1\/2&Prime;][vc_column_text] Transferts h\u00e9licopt\u00e8re &amp; vols priv\u00e9s Gen\u00e8ve [\/vc_column_text][\/vc_column][\/vc_row][vc_row top_padding=\u00a0\u00bb50&Prime; bottom_padding=\u00a0\u00bb50&Prime;][vc_column width=\u00a0\u00bb1\/6&Prime;][\/vc_column][vc_column width=\u00a0\u00bb2\/3&Prime;][vc_btn title=\u00a0\u00bbRetour \u00e0 la base Gen\u00e8ve\u00a0\u00bb style=\u00a0\u00bbclassic\u00a0\u00bb shape=\u00a0\u00bbsquare\u00a0\u00bb color=\u00a0\u00bbblack\u00a0\u00bb align=\u00a0\u00bbcenter\u00a0\u00bb i_icon_fontawesome=\u00a0\u00bbfas fa-undo\u00a0\u00bb add_icon=\u00a0\u00bbtrue\u00a0\u00bb link=\u00a0\u00bburl:https%3A%2F%2Fwww.mbh.fr%2Ffr%2Fnos-bases%2Fgeneve-aeroport%2F|title:Gen%C3%A8ve\u00a0\u00bb][vc_column_text] Mont Blanc H\u00e9licopt\u00e8res Gen\u00e8ve vous propose de vous faire vivre une exp\u00e9rience singuli\u00e8re en h\u00e9licopt\u00e8re. Privatisez un vol au gr\u00e9 de vos envies. Pr\u00eat au d\u00e9collage ? [\/vc_column_text][\/vc_column][vc_column width=\u00a0\u00bb1\/6&Prime;][\/vc_column][\/vc_row][vc_row][vc_column width=\u00a0\u00bb1\/1&Prime;][vc_column_text] Transferts h\u00e9licopt\u00e8res \u00e0 Gen\u00e8ve [\/vc_column_text][vc_row_inner][vc_column_inner width=\u00a0\u00bb1\/2&Prime;][vc_column_text]Pour tous vos d\u00e9placements priv\u00e9s ou professionnels en France et en Europe, nos h\u00e9licopt\u00e8res sont \u00e0 votre disposition. Mont Blanc H\u00e9licopt\u00e8res Gen\u00e8ve est titulaire d\u2019un certificat de transporteur a\u00e9rien CTA FR.AOC.0039. Pour tous vos d\u00e9placements priv\u00e9s ou professionnels en France et en Europe, nos h\u00e9licopt\u00e8res sont \u00e0 votre disposition. Exemple destinations : Sion, Verbier, Gstaad, Crans-Montana, Courmayeur, Lausanne, Berne, Lucerne, Zurich, Saint Gall, Milan, Monaco\u2026 Sous r\u00e9serve du respect de la r\u00e9glementation en vigueur, nous pouvons atterrir au sein m\u00eame de votre propri\u00e9t\u00e9 ! Pour vos prochains d\u00e9placements, n\u2019h\u00e9sitez pas \u00e0 nous contacter. Nous pouvons \u00e9galement atterrir au sein de votre propri\u00e9t\u00e9 ou de votre usine.[\/vc_column_text][vc_btn title=\u00a0\u00bbContactez-nous\u00a0\u00bb style=\u00a0\u00bbclassic\u00a0\u00bb shape=\u00a0\u00bbsquare\u00a0\u00bb color=\u00a0\u00bbblack\u00a0\u00bb align=\u00a0\u00bbleft\u00a0\u00bb link=\u00a0\u00bburl:https%3A%2F%2Fwww.mbh.fr%2Ffr%2Fcontact%2F|title:CONTACT\u00a0\u00bb el_class=\u00a0\u00bbbtn-contact\u00a0\u00bb css=\u00a0\u00bb.vc_custom_1645780987897{margin-top: 10px !important;}\u00a0\u00bb][vc_btn title=\u00a0\u00bbNos h\u00e9licopt\u00e8res\u00a0\u00bb style=\u00a0\u00bbclassic\u00a0\u00bb shape=\u00a0\u00bbsquare\u00a0\u00bb color=\u00a0\u00bbblack\u00a0\u00bb align=\u00a0\u00bbleft\u00a0\u00bb el_class=\u00a0\u00bbbtn-booking\u00a0\u00bb link=\u00a0\u00bburl:https%3A%2F%2Fwww.mbh.fr%2Ffr%2Fflotte%2F|title:FLOTTE\u00a0\u00bb][\/vc_column_inner][vc_column_inner width=\u00a0\u00bb1\/2&Prime;][vc_single_image image=\u00a0\u00bb9460&Prime; img_size=\u00a0\u00bbmedium\u00a0\u00bb onclick=\u00a0\u00bblink_image\u00a0\u00bb][\/vc_column_inner][\/vc_row_inner][vc_empty_space height=\u00a0\u00bb50px\u00a0\u00bb][\/vc_column][\/vc_row][vc_row][vc_column width=\u00a0\u00bb1\/1&Prime;][vc_column_text] [&hellip;]<\/p>\n","protected":false},"author":7,"featured_media":0,"parent":11177,"menu_order":0,"comment_status":"closed","ping_status":"closed","template":"page-base.php","meta":{"_acf_changed":false,"footnotes":""},"class_list":["post-10740","page","type-page","status-publish","hentry"],"acf":[],"yoast_head":"<!-- This site is optimized with the Yoast SEO plugin v26.9 - https:\/\/yoast.com\/product\/yoast-seo-wordpress\/ -->\n<title>Transferts h\u00e9licopt\u00e8re &amp; vols priv\u00e9s Gen\u00e8ve - Mont-Blanc H\u00e9licopt\u00e8res<\/title>\n<meta name=\"robots\" content=\"index, follow, max-snippet:-1, max-image-preview:large, max-video-preview:-1\" \/>\n<link rel=\"canonical\" href=\"https:\/\/www.mbh.fr\/fr\/nos-bases\/geneve-aeroport\/transferts-helicoptere-vols-prives-geneve\/\" \/>\n<meta property=\"og:locale\" content=\"fr_FR\" \/>\n<meta property=\"og:type\" content=\"article\" \/>\n<meta property=\"og:title\" content=\"Transferts h\u00e9licopt\u00e8re &amp; vols priv\u00e9s Gen\u00e8ve - Mont-Blanc H\u00e9licopt\u00e8res\" \/>\n<meta property=\"og:description\" content=\"[vc_row bg_image=\u00a0\u00bb9467&Prime; bg_repeat=\u00a0\u00bbno-repeat\u00a0\u00bb top_padding=\u00a0\u00bb100&Prime; bottom_padding=\u00a0\u00bb100&Prime;][vc_column width=\u00a0\u00bb1\/2&Prime;][\/vc_column][vc_column bg_color=\u00a0\u00bbrgba(0,0,0,0.5)\u00a0\u00bb column_padding=\u00a0\u00bbpadding-5&Prime; column_center=\u00a0\u00bbtrue\u00a0\u00bb text_color=\u00a0\u00bblight\u00a0\u00bb width=\u00a0\u00bb1\/2&Prime;][vc_column_text] Transferts h\u00e9licopt\u00e8re &amp; vols priv\u00e9s Gen\u00e8ve [\/vc_column_text][\/vc_column][\/vc_row][vc_row top_padding=\u00a0\u00bb50&Prime; bottom_padding=\u00a0\u00bb50&Prime;][vc_column width=\u00a0\u00bb1\/6&Prime;][\/vc_column][vc_column width=\u00a0\u00bb2\/3&Prime;][vc_btn title=\u00a0\u00bbRetour \u00e0 la base Gen\u00e8ve\u00a0\u00bb style=\u00a0\u00bbclassic\u00a0\u00bb shape=\u00a0\u00bbsquare\u00a0\u00bb color=\u00a0\u00bbblack\u00a0\u00bb align=\u00a0\u00bbcenter\u00a0\u00bb i_icon_fontawesome=\u00a0\u00bbfas fa-undo\u00a0\u00bb add_icon=\u00a0\u00bbtrue\u00a0\u00bb link=\u00a0\u00bburl:https%3A%2F%2Fwww.mbh.fr%2Ffr%2Fnos-bases%2Fgeneve-aeroport%2F|title:Gen%C3%A8ve\u00a0\u00bb][vc_column_text] Mont Blanc H\u00e9licopt\u00e8res Gen\u00e8ve vous propose de vous faire vivre une exp\u00e9rience singuli\u00e8re en h\u00e9licopt\u00e8re. Privatisez un vol au gr\u00e9 de vos envies. Pr\u00eat au d\u00e9collage ? [\/vc_column_text][\/vc_column][vc_column width=\u00a0\u00bb1\/6&Prime;][\/vc_column][\/vc_row][vc_row][vc_column width=\u00a0\u00bb1\/1&Prime;][vc_column_text] Transferts h\u00e9licopt\u00e8res \u00e0 Gen\u00e8ve [\/vc_column_text][vc_row_inner][vc_column_inner width=\u00a0\u00bb1\/2&Prime;][vc_column_text]Pour tous vos d\u00e9placements priv\u00e9s ou professionnels en France et en Europe, nos h\u00e9licopt\u00e8res sont \u00e0 votre disposition. Mont Blanc H\u00e9licopt\u00e8res Gen\u00e8ve est titulaire d\u2019un certificat de transporteur a\u00e9rien CTA FR.AOC.0039. Pour tous vos d\u00e9placements priv\u00e9s ou professionnels en France et en Europe, nos h\u00e9licopt\u00e8res sont \u00e0 votre disposition. Exemple destinations : Sion, Verbier, Gstaad, Crans-Montana, Courmayeur, Lausanne, Berne, Lucerne, Zurich, Saint Gall, Milan, Monaco\u2026 Sous r\u00e9serve du respect de la r\u00e9glementation en vigueur, nous pouvons atterrir au sein m\u00eame de votre propri\u00e9t\u00e9 ! Pour vos prochains d\u00e9placements, n\u2019h\u00e9sitez pas \u00e0 nous contacter. Nous pouvons \u00e9galement atterrir au sein de votre propri\u00e9t\u00e9 ou de votre usine.[\/vc_column_text][vc_btn title=\u00a0\u00bbContactez-nous\u00a0\u00bb style=\u00a0\u00bbclassic\u00a0\u00bb shape=\u00a0\u00bbsquare\u00a0\u00bb color=\u00a0\u00bbblack\u00a0\u00bb align=\u00a0\u00bbleft\u00a0\u00bb link=\u00a0\u00bburl:https%3A%2F%2Fwww.mbh.fr%2Ffr%2Fcontact%2F|title:CONTACT\u00a0\u00bb el_class=\u00a0\u00bbbtn-contact\u00a0\u00bb css=\u00a0\u00bb.vc_custom_1645780987897{margin-top: 10px !important;}\u00a0\u00bb][vc_btn title=\u00a0\u00bbNos h\u00e9licopt\u00e8res\u00a0\u00bb style=\u00a0\u00bbclassic\u00a0\u00bb shape=\u00a0\u00bbsquare\u00a0\u00bb color=\u00a0\u00bbblack\u00a0\u00bb align=\u00a0\u00bbleft\u00a0\u00bb el_class=\u00a0\u00bbbtn-booking\u00a0\u00bb link=\u00a0\u00bburl:https%3A%2F%2Fwww.mbh.fr%2Ffr%2Fflotte%2F|title:FLOTTE\u00a0\u00bb][\/vc_column_inner][vc_column_inner width=\u00a0\u00bb1\/2&Prime;][vc_single_image image=\u00a0\u00bb9460&Prime; img_size=\u00a0\u00bbmedium\u00a0\u00bb onclick=\u00a0\u00bblink_image\u00a0\u00bb][\/vc_column_inner][\/vc_row_inner][vc_empty_space height=\u00a0\u00bb50px\u00a0\u00bb][\/vc_column][\/vc_row][vc_row][vc_column width=\u00a0\u00bb1\/1&Prime;][vc_column_text] [&hellip;]\" \/>\n<meta property=\"og:url\" content=\"https:\/\/www.mbh.fr\/fr\/nos-bases\/geneve-aeroport\/transferts-helicoptere-vols-prives-geneve\/\" \/>\n<meta property=\"og:site_name\" content=\"Mont-Blanc H\u00e9licopt\u00e8res\" \/>\n<meta property=\"article:publisher\" content=\"https:\/\/www.facebook.com\/MontBlancHelicopteres\/\" \/>\n<meta property=\"article:modified_time\" content=\"2023-11-10T13:48:41+00:00\" \/>\n<meta property=\"og:image\" content=\"https:\/\/www.mbh.fr\/wp-content\/uploads\/2023\/11\/Logo-SwiftCopters_couleur_company_member_HBG-1000x718.png\" \/>\n<meta name=\"twitter:card\" content=\"summary_large_image\" \/>\n<meta name=\"twitter:site\" content=\"@MBHelicopteres\" \/>\n<meta name=\"twitter:label1\" content=\"Dur\u00e9e de lecture estim\u00e9e\" \/>\n\t<meta name=\"twitter:data1\" content=\"4 minutes\" \/>\n<script type=\"application\/ld+json\" class=\"yoast-schema-graph\">{\"@context\":\"https:\/\/schema.org\",\"@graph\":[{\"@type\":\"WebPage\",\"@id\":\"https:\/\/www.mbh.fr\/fr\/nos-bases\/geneve-aeroport\/transferts-helicoptere-vols-prives-geneve\/\",\"url\":\"https:\/\/www.mbh.fr\/fr\/nos-bases\/geneve-aeroport\/transferts-helicoptere-vols-prives-geneve\/\",\"name\":\"Transferts h\u00e9licopt\u00e8re & vols priv\u00e9s Gen\u00e8ve - Mont-Blanc H\u00e9licopt\u00e8res\",\"isPartOf\":{\"@id\":\"https:\/\/www.mbh.fr\/fr\/#website\"},\"primaryImageOfPage\":{\"@id\":\"https:\/\/www.mbh.fr\/fr\/nos-bases\/geneve-aeroport\/transferts-helicoptere-vols-prives-geneve\/#primaryimage\"},\"image\":{\"@id\":\"https:\/\/www.mbh.fr\/fr\/nos-bases\/geneve-aeroport\/transferts-helicoptere-vols-prives-geneve\/#primaryimage\"},\"thumbnailUrl\":\"https:\/\/www.mbh.fr\/wp-content\/uploads\/2023\/11\/Logo-SwiftCopters_couleur_company_member_HBG-1000x718.png\",\"datePublished\":\"2022-01-25T10:14:11+00:00\",\"dateModified\":\"2023-11-10T13:48:41+00:00\",\"breadcrumb\":{\"@id\":\"https:\/\/www.mbh.fr\/fr\/nos-bases\/geneve-aeroport\/transferts-helicoptere-vols-prives-geneve\/#breadcrumb\"},\"inLanguage\":\"fr-FR\",\"potentialAction\":[{\"@type\":\"ReadAction\",\"target\":[\"https:\/\/www.mbh.fr\/fr\/nos-bases\/geneve-aeroport\/transferts-helicoptere-vols-prives-geneve\/\"]}]},{\"@type\":\"ImageObject\",\"inLanguage\":\"fr-FR\",\"@id\":\"https:\/\/www.mbh.fr\/fr\/nos-bases\/geneve-aeroport\/transferts-helicoptere-vols-prives-geneve\/#primaryimage\",\"url\":\"https:\/\/www.mbh.fr\/wp-content\/uploads\/2023\/11\/Logo-SwiftCopters_couleur_company_member_HBG-1000x718.png\",\"contentUrl\":\"https:\/\/www.mbh.fr\/wp-content\/uploads\/2023\/11\/Logo-SwiftCopters_couleur_company_member_HBG-1000x718.png\"},{\"@type\":\"BreadcrumbList\",\"@id\":\"https:\/\/www.mbh.fr\/fr\/nos-bases\/geneve-aeroport\/transferts-helicoptere-vols-prives-geneve\/#breadcrumb\",\"itemListElement\":[{\"@type\":\"ListItem\",\"position\":1,\"name\":\"Accueil\",\"item\":\"https:\/\/www.mbh.fr\/fr\/\"},{\"@type\":\"ListItem\",\"position\":2,\"name\":\"NOS BASES\",\"item\":\"https:\/\/www.mbh.fr\/fr\/nos-bases\/\"},{\"@type\":\"ListItem\",\"position\":3,\"name\":\"GENEVE\",\"item\":\"https:\/\/www.mbh.fr\/fr\/nos-bases\/geneve-aeroport\/\"},{\"@type\":\"ListItem\",\"position\":4,\"name\":\"Transferts h\u00e9licopt\u00e8re &#038; vols priv\u00e9s Gen\u00e8ve\"}]},{\"@type\":\"WebSite\",\"@id\":\"https:\/\/www.mbh.fr\/fr\/#website\",\"url\":\"https:\/\/www.mbh.fr\/fr\/\",\"name\":\"Mont-Blanc H\u00e9licopt\u00e8res\",\"description\":\"\",\"publisher\":{\"@id\":\"https:\/\/www.mbh.fr\/fr\/#organization\"},\"potentialAction\":[{\"@type\":\"SearchAction\",\"target\":{\"@type\":\"EntryPoint\",\"urlTemplate\":\"https:\/\/www.mbh.fr\/fr\/?s={search_term_string}\"},\"query-input\":{\"@type\":\"PropertyValueSpecification\",\"valueRequired\":true,\"valueName\":\"search_term_string\"}}],\"inLanguage\":\"fr-FR\"},{\"@type\":\"Organization\",\"@id\":\"https:\/\/www.mbh.fr\/fr\/#organization\",\"name\":\"mont blanc h\u00e9licopt\u00e8res\",\"url\":\"https:\/\/www.mbh.fr\/fr\/\",\"logo\":{\"@type\":\"ImageObject\",\"inLanguage\":\"fr-FR\",\"@id\":\"https:\/\/www.mbh.fr\/fr\/#\/schema\/logo\/image\/\",\"url\":\"\",\"contentUrl\":\"\",\"caption\":\"mont blanc h\u00e9licopt\u00e8res\"},\"image\":{\"@id\":\"https:\/\/www.mbh.fr\/fr\/#\/schema\/logo\/image\/\"},\"sameAs\":[\"https:\/\/www.facebook.com\/MontBlancHelicopteres\/\",\"https:\/\/x.com\/MBHelicopteres\",\"https:\/\/www.instagram.com\/montblanchelicopteres\/\",\"https:\/\/www.linkedin.com\/company\/715290\/\"]}]}<\/script>\n<!-- \/ Yoast SEO plugin. -->","yoast_head_json":{"title":"Transferts h\u00e9licopt\u00e8re & vols priv\u00e9s Gen\u00e8ve - Mont-Blanc H\u00e9licopt\u00e8res","robots":{"index":"index","follow":"follow","max-snippet":"max-snippet:-1","max-image-preview":"max-image-preview:large","max-video-preview":"max-video-preview:-1"},"canonical":"https:\/\/www.mbh.fr\/fr\/nos-bases\/geneve-aeroport\/transferts-helicoptere-vols-prives-geneve\/","og_locale":"fr_FR","og_type":"article","og_title":"Transferts h\u00e9licopt\u00e8re & vols priv\u00e9s Gen\u00e8ve - Mont-Blanc H\u00e9licopt\u00e8res","og_description":"[vc_row bg_image=\u00a0\u00bb9467&Prime; bg_repeat=\u00a0\u00bbno-repeat\u00a0\u00bb top_padding=\u00a0\u00bb100&Prime; bottom_padding=\u00a0\u00bb100&Prime;][vc_column width=\u00a0\u00bb1\/2&Prime;][\/vc_column][vc_column bg_color=\u00a0\u00bbrgba(0,0,0,0.5)\u00a0\u00bb column_padding=\u00a0\u00bbpadding-5&Prime; column_center=\u00a0\u00bbtrue\u00a0\u00bb text_color=\u00a0\u00bblight\u00a0\u00bb width=\u00a0\u00bb1\/2&Prime;][vc_column_text] Transferts h\u00e9licopt\u00e8re &amp; vols priv\u00e9s Gen\u00e8ve [\/vc_column_text][\/vc_column][\/vc_row][vc_row top_padding=\u00a0\u00bb50&Prime; bottom_padding=\u00a0\u00bb50&Prime;][vc_column width=\u00a0\u00bb1\/6&Prime;][\/vc_column][vc_column width=\u00a0\u00bb2\/3&Prime;][vc_btn title=\u00a0\u00bbRetour \u00e0 la base Gen\u00e8ve\u00a0\u00bb style=\u00a0\u00bbclassic\u00a0\u00bb shape=\u00a0\u00bbsquare\u00a0\u00bb color=\u00a0\u00bbblack\u00a0\u00bb align=\u00a0\u00bbcenter\u00a0\u00bb i_icon_fontawesome=\u00a0\u00bbfas fa-undo\u00a0\u00bb add_icon=\u00a0\u00bbtrue\u00a0\u00bb link=\u00a0\u00bburl:https%3A%2F%2Fwww.mbh.fr%2Ffr%2Fnos-bases%2Fgeneve-aeroport%2F|title:Gen%C3%A8ve\u00a0\u00bb][vc_column_text] Mont Blanc H\u00e9licopt\u00e8res Gen\u00e8ve vous propose de vous faire vivre une exp\u00e9rience singuli\u00e8re en h\u00e9licopt\u00e8re. Privatisez un vol au gr\u00e9 de vos envies. Pr\u00eat au d\u00e9collage ? [\/vc_column_text][\/vc_column][vc_column width=\u00a0\u00bb1\/6&Prime;][\/vc_column][\/vc_row][vc_row][vc_column width=\u00a0\u00bb1\/1&Prime;][vc_column_text] Transferts h\u00e9licopt\u00e8res \u00e0 Gen\u00e8ve [\/vc_column_text][vc_row_inner][vc_column_inner width=\u00a0\u00bb1\/2&Prime;][vc_column_text]Pour tous vos d\u00e9placements priv\u00e9s ou professionnels en France et en Europe, nos h\u00e9licopt\u00e8res sont \u00e0 votre disposition. Mont Blanc H\u00e9licopt\u00e8res Gen\u00e8ve est titulaire d\u2019un certificat de transporteur a\u00e9rien CTA FR.AOC.0039. Pour tous vos d\u00e9placements priv\u00e9s ou professionnels en France et en Europe, nos h\u00e9licopt\u00e8res sont \u00e0 votre disposition. Exemple destinations : Sion, Verbier, Gstaad, Crans-Montana, Courmayeur, Lausanne, Berne, Lucerne, Zurich, Saint Gall, Milan, Monaco\u2026 Sous r\u00e9serve du respect de la r\u00e9glementation en vigueur, nous pouvons atterrir au sein m\u00eame de votre propri\u00e9t\u00e9 ! Pour vos prochains d\u00e9placements, n\u2019h\u00e9sitez pas \u00e0 nous contacter. Nous pouvons \u00e9galement atterrir au sein de votre propri\u00e9t\u00e9 ou de votre usine.[\/vc_column_text][vc_btn title=\u00a0\u00bbContactez-nous\u00a0\u00bb style=\u00a0\u00bbclassic\u00a0\u00bb shape=\u00a0\u00bbsquare\u00a0\u00bb color=\u00a0\u00bbblack\u00a0\u00bb align=\u00a0\u00bbleft\u00a0\u00bb link=\u00a0\u00bburl:https%3A%2F%2Fwww.mbh.fr%2Ffr%2Fcontact%2F|title:CONTACT\u00a0\u00bb el_class=\u00a0\u00bbbtn-contact\u00a0\u00bb css=\u00a0\u00bb.vc_custom_1645780987897{margin-top: 10px !important;}\u00a0\u00bb][vc_btn title=\u00a0\u00bbNos h\u00e9licopt\u00e8res\u00a0\u00bb style=\u00a0\u00bbclassic\u00a0\u00bb shape=\u00a0\u00bbsquare\u00a0\u00bb color=\u00a0\u00bbblack\u00a0\u00bb align=\u00a0\u00bbleft\u00a0\u00bb el_class=\u00a0\u00bbbtn-booking\u00a0\u00bb link=\u00a0\u00bburl:https%3A%2F%2Fwww.mbh.fr%2Ffr%2Fflotte%2F|title:FLOTTE\u00a0\u00bb][\/vc_column_inner][vc_column_inner width=\u00a0\u00bb1\/2&Prime;][vc_single_image image=\u00a0\u00bb9460&Prime; img_size=\u00a0\u00bbmedium\u00a0\u00bb onclick=\u00a0\u00bblink_image\u00a0\u00bb][\/vc_column_inner][\/vc_row_inner][vc_empty_space height=\u00a0\u00bb50px\u00a0\u00bb][\/vc_column][\/vc_row][vc_row][vc_column width=\u00a0\u00bb1\/1&Prime;][vc_column_text] [&hellip;]","og_url":"https:\/\/www.mbh.fr\/fr\/nos-bases\/geneve-aeroport\/transferts-helicoptere-vols-prives-geneve\/","og_site_name":"Mont-Blanc H\u00e9licopt\u00e8res","article_publisher":"https:\/\/www.facebook.com\/MontBlancHelicopteres\/","article_modified_time":"2023-11-10T13:48:41+00:00","og_image":[{"url":"https:\/\/www.mbh.fr\/wp-content\/uploads\/2023\/11\/Logo-SwiftCopters_couleur_company_member_HBG-1000x718.png","type":"","width":"","height":""}],"twitter_card":"summary_large_image","twitter_site":"@MBHelicopteres","twitter_misc":{"Dur\u00e9e de lecture estim\u00e9e":"4 minutes"},"schema":{"@context":"https:\/\/schema.org","@graph":[{"@type":"WebPage","@id":"https:\/\/www.mbh.fr\/fr\/nos-bases\/geneve-aeroport\/transferts-helicoptere-vols-prives-geneve\/","url":"https:\/\/www.mbh.fr\/fr\/nos-bases\/geneve-aeroport\/transferts-helicoptere-vols-prives-geneve\/","name":"Transferts h\u00e9licopt\u00e8re & vols priv\u00e9s Gen\u00e8ve - Mont-Blanc H\u00e9licopt\u00e8res","isPartOf":{"@id":"https:\/\/www.mbh.fr\/fr\/#website"},"primaryImageOfPage":{"@id":"https:\/\/www.mbh.fr\/fr\/nos-bases\/geneve-aeroport\/transferts-helicoptere-vols-prives-geneve\/#primaryimage"},"image":{"@id":"https:\/\/www.mbh.fr\/fr\/nos-bases\/geneve-aeroport\/transferts-helicoptere-vols-prives-geneve\/#primaryimage"},"thumbnailUrl":"https:\/\/www.mbh.fr\/wp-content\/uploads\/2023\/11\/Logo-SwiftCopters_couleur_company_member_HBG-1000x718.png","datePublished":"2022-01-25T10:14:11+00:00","dateModified":"2023-11-10T13:48:41+00:00","breadcrumb":{"@id":"https:\/\/www.mbh.fr\/fr\/nos-bases\/geneve-aeroport\/transferts-helicoptere-vols-prives-geneve\/#breadcrumb"},"inLanguage":"fr-FR","potentialAction":[{"@type":"ReadAction","target":["https:\/\/www.mbh.fr\/fr\/nos-bases\/geneve-aeroport\/transferts-helicoptere-vols-prives-geneve\/"]}]},{"@type":"ImageObject","inLanguage":"fr-FR","@id":"https:\/\/www.mbh.fr\/fr\/nos-bases\/geneve-aeroport\/transferts-helicoptere-vols-prives-geneve\/#primaryimage","url":"https:\/\/www.mbh.fr\/wp-content\/uploads\/2023\/11\/Logo-SwiftCopters_couleur_company_member_HBG-1000x718.png","contentUrl":"https:\/\/www.mbh.fr\/wp-content\/uploads\/2023\/11\/Logo-SwiftCopters_couleur_company_member_HBG-1000x718.png"},{"@type":"BreadcrumbList","@id":"https:\/\/www.mbh.fr\/fr\/nos-bases\/geneve-aeroport\/transferts-helicoptere-vols-prives-geneve\/#breadcrumb","itemListElement":[{"@type":"ListItem","position":1,"name":"Accueil","item":"https:\/\/www.mbh.fr\/fr\/"},{"@type":"ListItem","position":2,"name":"NOS BASES","item":"https:\/\/www.mbh.fr\/fr\/nos-bases\/"},{"@type":"ListItem","position":3,"name":"GENEVE","item":"https:\/\/www.mbh.fr\/fr\/nos-bases\/geneve-aeroport\/"},{"@type":"ListItem","position":4,"name":"Transferts h\u00e9licopt\u00e8re &#038; vols priv\u00e9s Gen\u00e8ve"}]},{"@type":"WebSite","@id":"https:\/\/www.mbh.fr\/fr\/#website","url":"https:\/\/www.mbh.fr\/fr\/","name":"Mont-Blanc H\u00e9licopt\u00e8res","description":"","publisher":{"@id":"https:\/\/www.mbh.fr\/fr\/#organization"},"potentialAction":[{"@type":"SearchAction","target":{"@type":"EntryPoint","urlTemplate":"https:\/\/www.mbh.fr\/fr\/?s={search_term_string}"},"query-input":{"@type":"PropertyValueSpecification","valueRequired":true,"valueName":"search_term_string"}}],"inLanguage":"fr-FR"},{"@type":"Organization","@id":"https:\/\/www.mbh.fr\/fr\/#organization","name":"mont blanc h\u00e9licopt\u00e8res","url":"https:\/\/www.mbh.fr\/fr\/","logo":{"@type":"ImageObject","inLanguage":"fr-FR","@id":"https:\/\/www.mbh.fr\/fr\/#\/schema\/logo\/image\/","url":"","contentUrl":"","caption":"mont blanc h\u00e9licopt\u00e8res"},"image":{"@id":"https:\/\/www.mbh.fr\/fr\/#\/schema\/logo\/image\/"},"sameAs":["https:\/\/www.facebook.com\/MontBlancHelicopteres\/","https:\/\/x.com\/MBHelicopteres","https:\/\/www.instagram.com\/montblanchelicopteres\/","https:\/\/www.linkedin.com\/company\/715290\/"]}]}},"_links":{"self":[{"href":"https:\/\/www.mbh.fr\/fr\/wp-json\/wp\/v2\/pages\/10740","targetHints":{"allow":["GET"]}}],"collection":[{"href":"https:\/\/www.mbh.fr\/fr\/wp-json\/wp\/v2\/pages"}],"about":[{"href":"https:\/\/www.mbh.fr\/fr\/wp-json\/wp\/v2\/types\/page"}],"author":[{"embeddable":true,"href":"https:\/\/www.mbh.fr\/fr\/wp-json\/wp\/v2\/users\/7"}],"replies":[{"embeddable":true,"href":"https:\/\/www.mbh.fr\/fr\/wp-json\/wp\/v2\/comments?post=10740"}],"version-history":[{"count":8,"href":"https:\/\/www.mbh.fr\/fr\/wp-json\/wp\/v2\/pages\/10740\/revisions"}],"predecessor-version":[{"id":13704,"href":"https:\/\/www.mbh.fr\/fr\/wp-json\/wp\/v2\/pages\/10740\/revisions\/13704"}],"up":[{"embeddable":true,"href":"https:\/\/www.mbh.fr\/fr\/wp-json\/wp\/v2\/pages\/11177"}],"wp:attachment":[{"href":"https:\/\/www.mbh.fr\/fr\/wp-json\/wp\/v2\/media?parent=10740"}],"curies":[{"name":"wp","href":"https:\/\/api.w.org\/{rel}","templated":true}]}}