{"id":11173,"date":"2022-02-18T10:49:27","date_gmt":"2022-02-18T09:49:27","guid":{"rendered":"https:\/\/www.mbh.fr\/?page_id=11173"},"modified":"2022-03-01T10:34:02","modified_gmt":"2022-03-01T09:34:02","slug":"sion","status":"publish","type":"page","link":"https:\/\/www.mbh.fr\/fr\/nos-bases\/sion\/","title":{"rendered":"SION"},"content":{"rendered":"<div class=\"wpb-content-wrapper\"><p>[vc_row type=\u00a0\u00bbfull_width_section\u00a0\u00bb bg_image=\u00a0\u00bb4781&Prime; top_padding=\u00a0\u00bb200&Prime; bottom_padding=\u00a0\u00bb200&Prime;][vc_column width=\u00a0\u00bb1\/1&Prime;][\/vc_column][\/vc_row][vc_row top_padding=\u00a0\u00bb50&Prime; bottom_padding=\u00a0\u00bb50&Prime; class=\u00a0\u00bbbase-content\u00a0\u00bb][vc_column width=\u00a0\u00bb2\/3&Prime;][vc_column_text]<\/p>\n<h1 class=\"p1\">Vols H\u00e9licopt\u00e8re <strong>au d\u00e9part de Sion<\/strong><\/h1>\n<p>[\/vc_column_text][vc_column_text]<\/p>\n<h2>Pour les amateurs de sensations fortes<\/h2>\n<p>[\/vc_column_text]<div class=\"newdivider align-left\" style=\"border-bottom-style: solid; border-color: #eeeeee; border-bottom-width: 4px; margin-top: 25px; margin-bottom: 25px; width: 10%; \"><\/div><div class=\"clear\"><\/div>[vc_row_inner][vc_column_inner width=\u00a0\u00bb2\/3&Prime;][vc_column_text]Au d\u00e9part de l&rsquo;a\u00e9roport de Sion, prenez place \u00e0 bord d&rsquo;un de nos h\u00e9licopt\u00e8res pour un vol panoramique d&rsquo;exception. Survolez les Alpes Valaisannes et les majestueux sommets qui en font partie : Le Grand Combin ou encore le Cervin !<\/p>\n<p>Passez de l&rsquo;autre cot\u00e9 de la fronti\u00e8re et survolez le c\u00e9l\u00e8bre Mont-Blanc et ses paysages uniques. Profitez \u00e9galement de nos services de transferts en h\u00e9licopt\u00e8re vers ou depuis la ville de Sion. Amateurs de sensations fortes et de ski hors-piste, r\u00e9servez votre exp\u00e9rience h\u00e9liski ! D\u00e9pos\u00e9 en h\u00e9licopt\u00e8re au sommet d\u2019une montagne, vous acc\u00e9dez \u00e0 un immense terrain de jeu de poudreuse ou de glaciers. \u00c0 pratiquer avec un guide, cette activit\u00e9 vous laissera des souvenirs \u00e0 vie.[\/vc_column_text][\/vc_column_inner][vc_column_inner width=\u00a0\u00bb1\/3&Prime;][vc_single_image image=\u00a0\u00bb7420&Prime; img_size=\u00a0\u00bb250&#215;160&Prime; alignment=\u00a0\u00bbcenter\u00a0\u00bb][\/vc_column_inner][\/vc_row_inner][\/vc_column][vc_column width=\u00a0\u00bb1\/3&Prime;]<div class=\"minti_boxedholder   clearfix\" style=\"padding: 20px; margin: 0px 0px 20px 0px; background-color: #f8f8f8; border-width: 1; border-color: #eeeeee; \">[vc_column_text]<strong>A\u00e9roport de Sion<\/strong><br \/>\nChemin Lambien 6<br \/>\n1950 CH Sion \u2013 Switzerland[\/vc_column_text][vc_btn title=\u00a0\u00bbvoir site internet eagle valais\u00a0\u00bb style=\u00a0\u00bbclassic\u00a0\u00bb shape=\u00a0\u00bbsquare\u00a0\u00bb color=\u00a0\u00bbwhite\u00a0\u00bb size=\u00a0\u00bbsm\u00a0\u00bb align=\u00a0\u00bbleft\u00a0\u00bb i_icon_fontawesome=\u00a0\u00bbfar fa-map\u00a0\u00bb add_icon=\u00a0\u00bbtrue\u00a0\u00bb link=\u00a0\u00bburl:http%3A%2F%2Fwww.eaglevalais.ch%2F|target:_blank\u00a0\u00bb css=\u00a0\u00bb.vc_custom_1610533916053{margin-top: 10px !important;margin-bottom: 10px !important;}\u00a0\u00bb][vc_btn title=\u00a0\u00bbGoogle Map\u00a0\u00bb style=\u00a0\u00bbclassic\u00a0\u00bb shape=\u00a0\u00bbsquare\u00a0\u00bb color=\u00a0\u00bbwhite\u00a0\u00bb size=\u00a0\u00bbsm\u00a0\u00bb align=\u00a0\u00bbleft\u00a0\u00bb i_icon_fontawesome=\u00a0\u00bbfar fa-map\u00a0\u00bb add_icon=\u00a0\u00bbtrue\u00a0\u00bb link=\u00a0\u00bburl:https%3A%2F%2Fgoo.gl%2Fmaps%2F5LeeDcRmEyE2||target:%20_blank|\u00a0\u00bb css=\u00a0\u00bb.vc_custom_1586248494943{margin-top: 10px !important;margin-bottom: 10px !important;}\u00a0\u00bb][vc_btn title=\u00a0\u00bb+41 78 655 60 60 (Marc)\u00a0\u00bb style=\u00a0\u00bbclassic\u00a0\u00bb shape=\u00a0\u00bbsquare\u00a0\u00bb color=\u00a0\u00bbwhite\u00a0\u00bb size=\u00a0\u00bbsm\u00a0\u00bb i_icon_fontawesome=\u00a0\u00bbfas fa-mobile-alt\u00a0\u00bb add_icon=\u00a0\u00bbtrue\u00a0\u00bb link=\u00a0\u00bburl:tel%3A41786556060|||\u00a0\u00bb css=\u00a0\u00bb.vc_custom_1586248518967{margin-bottom: 10px !important;}\u00a0\u00bb][vc_btn title=\u00a0\u00bbops@eaglevalais.ch\u00a0\u00bb style=\u00a0\u00bbclassic\u00a0\u00bb shape=\u00a0\u00bbsquare\u00a0\u00bb color=\u00a0\u00bbwhite\u00a0\u00bb size=\u00a0\u00bbsm\u00a0\u00bb align=\u00a0\u00bbleft\u00a0\u00bb i_icon_fontawesome=\u00a0\u00bbfar fa-envelope\u00a0\u00bb add_icon=\u00a0\u00bbtrue\u00a0\u00bb link=\u00a0\u00bburl:mailto%3Aops%40eaglevalais.ch|||\u00a0\u00bb css=\u00a0\u00bb.vc_custom_1586248543772{margin-bottom: 0px !important;}\u00a0\u00bb]<\/div><div class=\"minti_boxedholder specs color-light clearfix\" style=\"padding: 20px; margin: 50px 0 0 0; background-color: #0a0a0a; border-color: #f8f8f8; \">[vc_column_text]<\/p>\n<h3>H\u00e9licopt\u00e8res<\/h3>\n<p>[\/vc_column_text]<div class=\"minti_list wpb_content_element color-grey circlearrow show_separator\" style=\"\">\n<ul>\n<li>Single turbine : <a href=\"http:\/\/www.mbh.fr\/flotte\">AS350 B3<\/a><\/li>\n<li>Twin turbine : <a href=\"http:\/\/www.mbh.fr\/flotte\">AW 109 E<\/a><\/li>\n<\/ul>\n<\/div><\/div>[\/vc_column][\/vc_row][vc_row][vc_column width=\u00a0\u00bb1\/2&Prime;]<a href=\"https:\/\/www.mbh.fr\/fr\/nos-bases\/sion\/transferts-helicoptere-vols-prives-sion\/\" target=\"_self\" class=\"catimage wpb_content_element color-light\" style=\"height: 300px;;\">\n\t\t\t<span style=\"background-image: url(https:\/\/www.mbh.fr\/wp-content\/uploads\/2020\/03\/Couverture-alt-sion-helicoptere-scaled.jpg); height: 300px;;\"><\/span>\n\t\t\t<div class=\"catimage-overlay clearfix\" style=\"height: 300px;;\">\n\t\t\t\t<div class=\"catimage-text\">Transferts h\u00e9licopt\u00e8re &amp; vols priv\u00e9s Sion<\/div>\n\t\t\t<\/div><\/a>[\/vc_column][vc_column width=\u00a0\u00bb1\/2&Prime;]<a href=\"https:\/\/www.mbh.fr\/fr\/nos-bases\/sion\/vols-touristiques-sion\/\" target=\"_self\" class=\"catimage wpb_content_element color-light\" style=\"height: 300px;;\">\n\t\t\t<span style=\"background-image: url(https:\/\/www.mbh.fr\/wp-content\/uploads\/2020\/04\/alt-mont-blanc-helicopteres-sion-scaled.jpg); height: 300px;;\"><\/span>\n\t\t\t<div class=\"catimage-overlay clearfix\" style=\"height: 300px;;\">\n\t\t\t\t<div class=\"catimage-text\">Vols panoramiques Sion<\/div>\n\t\t\t<\/div><\/a>[\/vc_column][\/vc_row][vc_row][vc_column width=\u00a0\u00bb1\/1&Prime;][vc_empty_space height=\u00a0\u00bb50px\u00a0\u00bb]<div class=\"newdivider align-center\" style=\"border-bottom-style: solid; border-color: #eeeeee; border-bottom-width: 4px; margin-top: 25px; margin-bottom: 25px; width: 10%; \"><\/div><div class=\"clear\"><\/div>[vc_column_text]<\/p>\n<h2 style=\"text-align: center;\"><strong>R\u00e9servez votre vol<\/strong> au d\u00e9part de Sion<\/h2>\n<p>[\/vc_column_text][vc_empty_space height=\u00a0\u00bb25px\u00a0\u00bb][vc_btn title=\u00a0\u00bbNous contacter\u00a0\u00bb shape=\u00a0\u00bbsquare\u00a0\u00bb color=\u00a0\u00bbblack\u00a0\u00bb align=\u00a0\u00bbcenter\u00a0\u00bb i_align=\u00a0\u00bbright\u00a0\u00bb i_icon_fontawesome=\u00a0\u00bbfas fa-sign-out-alt\u00a0\u00bb add_icon=\u00a0\u00bbtrue\u00a0\u00bb link=\u00a0\u00bburl:https%3A%2F%2Fwww.mbh.fr%2Ffr%2Fcontact%2F%3Frecipient%3DSion\u00a0\u00bb]<div class=\"newdivider align-center\" style=\"border-bottom-style: solid; border-color: #eeeeee; border-bottom-width: 4px; margin-top: 25px; margin-bottom: 25px; width: 10%; \"><\/div><div class=\"clear\"><\/div>[\/vc_column][\/vc_row][vc_row top_padding=\u00a0\u00bb50&Prime; bottom_padding=\u00a0\u00bb50&Prime;][vc_column width=\u00a0\u00bb2\/3&Prime;][vc_gmaps link=\u00a0\u00bb#E-8_JTNDaWZyYW1lJTIwc3JjJTNEJTIyaHR0cHMlM0ElMkYlMkZ3d3cuZ29vZ2xlLmNvbSUyRm1hcHMlMkZlbWJlZCUzRnBiJTNEJTIxMW0xOCUyMTFtMTIlMjExbTMlMjExZDI3NjAuNjYwOTkzNTU5Njk4JTIxMmQ3LjMyMjg5NjkxNTU4Mjg0MyUyMTNkNDYuMjE3MTk4NDc5MTE3MTElMjEybTMlMjExZjAlMjEyZjAlMjEzZjAlMjEzbTIlMjExaTEwMjQlMjEyaTc2OCUyMTRmMTMuMSUyMTNtMyUyMTFtMiUyMTFzMHg0NzhlZGM2M2FjZWFmOWJmJTI1M0EweDdiNjNiM2I2ZjQxNGIzMmElMjEyc0NoZW1pbiUyQkxhbWJpZW4lMkI2JTI1MkMlMkIxOTUwJTJCU2lvbiUyNTJDJTJCU3Vpc3NlJTIxNWUwJTIxM20yJTIxMXNmciUyMTJzZnIlMjE0djE1NjI1OTg0NTk3NTklMjE1bTIlMjExc2ZyJTIxMnNmciUyMiUyMHdpZHRoJTNEJTIyNjAwJTIyJTIwaGVpZ2h0JTNEJTIyNDUwJTIyJTIwZnJhbWVib3JkZXIlM0QlMjIwJTIyJTIwc3R5bGUlM0QlMjJib3JkZXIlM0EwJTIyJTIwYWxsb3dmdWxsc2NyZWVuJTNFJTNDJTJGaWZyYW1lJTNF\u00a0\u00bb][\/vc_column][vc_column width=\u00a0\u00bb1\/3&Prime;][vc_btn title=\u00a0\u00bbM\u00e9t\u00e9o\u00a0\u00bb style=\u00a0\u00bbclassic\u00a0\u00bb shape=\u00a0\u00bbsquare\u00a0\u00bb color=\u00a0\u00bbwhite\u00a0\u00bb size=\u00a0\u00bbsm\u00a0\u00bb align=\u00a0\u00bbleft\u00a0\u00bb i_icon_fontawesome=\u00a0\u00bbfas fa-sun\u00a0\u00bb button_block=\u00a0\u00bbtrue\u00a0\u00bb add_icon=\u00a0\u00bbtrue\u00a0\u00bb link=\u00a0\u00bburl:http%3A%2F%2Fwww.meteosuisse.admin.ch%2Fhome.html%3Ftab%3Doverview||target:%20_blank|\u00a0\u00bb css=\u00a0\u00bb.vc_custom_1586250165927{margin-bottom: 10px !important;}\u00a0\u00bb][vc_btn title=\u00a0\u00bbCarte Pilote\u00a0\u00bb style=\u00a0\u00bbclassic\u00a0\u00bb shape=\u00a0\u00bbsquare\u00a0\u00bb color=\u00a0\u00bbwhite\u00a0\u00bb size=\u00a0\u00bbsm\u00a0\u00bb align=\u00a0\u00bbleft\u00a0\u00bb i_icon_fontawesome=\u00a0\u00bbfar fa-map\u00a0\u00bb button_block=\u00a0\u00bbtrue\u00a0\u00bb add_icon=\u00a0\u00bbtrue\u00a0\u00bb link=\u00a0\u00bburl:https%3A%2F%2Fwww.aeroport-sion.ch%2Finfos-pilotes%2F||target:%20_blank|\u00a0\u00bb css=\u00a0\u00bb.vc_custom_1586250185611{margin-bottom: 10px !important;}\u00a0\u00bb][vc_btn title=\u00a0\u00bbWebsite airport\u00a0\u00bb style=\u00a0\u00bbclassic\u00a0\u00bb shape=\u00a0\u00bbsquare\u00a0\u00bb color=\u00a0\u00bbwhite\u00a0\u00bb size=\u00a0\u00bbsm\u00a0\u00bb align=\u00a0\u00bbleft\u00a0\u00bb i_icon_fontawesome=\u00a0\u00bbfas fa-plane-departure\u00a0\u00bb button_block=\u00a0\u00bbtrue\u00a0\u00bb add_icon=\u00a0\u00bbtrue\u00a0\u00bb link=\u00a0\u00bburl:https%3A%2F%2Fwww.aeroport-sion.ch||target:%20_blank|\u00a0\u00bb css=\u00a0\u00bb.vc_custom_1586250208197{margin-bottom: 10px !important;}\u00a0\u00bb][\/vc_column][\/vc_row]<\/p>\n<\/div>","protected":false},"excerpt":{"rendered":"<p>[vc_row type=\u00a0\u00bbfull_width_section\u00a0\u00bb bg_image=\u00a0\u00bb4781&Prime; top_padding=\u00a0\u00bb200&Prime; bottom_padding=\u00a0\u00bb200&Prime;][vc_column width=\u00a0\u00bb1\/1&Prime;][\/vc_column][\/vc_row][vc_row top_padding=\u00a0\u00bb50&Prime; bottom_padding=\u00a0\u00bb50&Prime; class=\u00a0\u00bbbase-content\u00a0\u00bb][vc_column width=\u00a0\u00bb2\/3&Prime;][vc_column_text] Vols H\u00e9licopt\u00e8re au d\u00e9part de Sion [\/vc_column_text][vc_column_text] Pour les amateurs de sensations fortes [\/vc_column_text][vc_row_inner][vc_column_inner width=\u00a0\u00bb2\/3&Prime;][vc_column_text]Au d\u00e9part de l&rsquo;a\u00e9roport de Sion, prenez place \u00e0 bord d&rsquo;un de nos h\u00e9licopt\u00e8res pour un vol panoramique d&rsquo;exception. Survolez les Alpes Valaisannes et les majestueux sommets qui en font partie : Le Grand Combin ou encore le Cervin ! Passez de l&rsquo;autre cot\u00e9 de la fronti\u00e8re et survolez le c\u00e9l\u00e8bre Mont-Blanc et ses paysages uniques. Profitez \u00e9galement de nos services de transferts en h\u00e9licopt\u00e8re vers ou depuis la ville de Sion. Amateurs de sensations fortes et de ski hors-piste, r\u00e9servez votre exp\u00e9rience h\u00e9liski ! D\u00e9pos\u00e9 en h\u00e9licopt\u00e8re au sommet d\u2019une montagne, vous acc\u00e9dez \u00e0 un immense terrain de jeu de poudreuse ou de glaciers. \u00c0 pratiquer avec un guide, cette activit\u00e9 vous laissera des souvenirs \u00e0 vie.[\/vc_column_text][\/vc_column_inner][vc_column_inner width=\u00a0\u00bb1\/3&Prime;][vc_single_image image=\u00a0\u00bb7420&Prime; img_size=\u00a0\u00bb250&#215;160&Prime; alignment=\u00a0\u00bbcenter\u00a0\u00bb][\/vc_column_inner][\/vc_row_inner][\/vc_column][vc_column width=\u00a0\u00bb1\/3&Prime;][\/vc_column][\/vc_row][vc_row][vc_column width=\u00a0\u00bb1\/2&Prime;][\/vc_column][vc_column width=\u00a0\u00bb1\/2&Prime;][\/vc_column][\/vc_row][vc_row][vc_column width=\u00a0\u00bb1\/1&Prime;][vc_empty_space height=\u00a0\u00bb50px\u00a0\u00bb][vc_column_text] R\u00e9servez votre vol au d\u00e9part de Sion [\/vc_column_text][vc_empty_space height=\u00a0\u00bb25px\u00a0\u00bb][vc_btn title=\u00a0\u00bbNous contacter\u00a0\u00bb shape=\u00a0\u00bbsquare\u00a0\u00bb color=\u00a0\u00bbblack\u00a0\u00bb align=\u00a0\u00bbcenter\u00a0\u00bb i_align=\u00a0\u00bbright\u00a0\u00bb i_icon_fontawesome=\u00a0\u00bbfas fa-sign-out-alt\u00a0\u00bb add_icon=\u00a0\u00bbtrue\u00a0\u00bb link=\u00a0\u00bburl:https%3A%2F%2Fwww.mbh.fr%2Ffr%2Fcontact%2F%3Frecipient%3DSion\u00a0\u00bb][\/vc_column][\/vc_row][vc_row top_padding=\u00a0\u00bb50&Prime; bottom_padding=\u00a0\u00bb50&Prime;][vc_column width=\u00a0\u00bb2\/3&Prime;][vc_gmaps link=\u00a0\u00bb#E-8_JTNDaWZyYW1lJTIwc3JjJTNEJTIyaHR0cHMlM0ElMkYlMkZ3d3cuZ29vZ2xlLmNvbSUyRm1hcHMlMkZlbWJlZCUzRnBiJTNEJTIxMW0xOCUyMTFtMTIlMjExbTMlMjExZDI3NjAuNjYwOTkzNTU5Njk4JTIxMmQ3LjMyMjg5NjkxNTU4Mjg0MyUyMTNkNDYuMjE3MTk4NDc5MTE3MTElMjEybTMlMjExZjAlMjEyZjAlMjEzZjAlMjEzbTIlMjExaTEwMjQlMjEyaTc2OCUyMTRmMTMuMSUyMTNtMyUyMTFtMiUyMTFzMHg0NzhlZGM2M2FjZWFmOWJmJTI1M0EweDdiNjNiM2I2ZjQxNGIzMmElMjEyc0NoZW1pbiUyQkxhbWJpZW4lMkI2JTI1MkMlMkIxOTUwJTJCU2lvbiUyNTJDJTJCU3Vpc3NlJTIxNWUwJTIxM20yJTIxMXNmciUyMTJzZnIlMjE0djE1NjI1OTg0NTk3NTklMjE1bTIlMjExc2ZyJTIxMnNmciUyMiUyMHdpZHRoJTNEJTIyNjAwJTIyJTIwaGVpZ2h0JTNEJTIyNDUwJTIyJTIwZnJhbWVib3JkZXIlM0QlMjIwJTIyJTIwc3R5bGUlM0QlMjJib3JkZXIlM0EwJTIyJTIwYWxsb3dmdWxsc2NyZWVuJTNFJTNDJTJGaWZyYW1lJTNF\u00a0\u00bb][\/vc_column][vc_column width=\u00a0\u00bb1\/3&Prime;][vc_btn title=\u00a0\u00bbM\u00e9t\u00e9o\u00a0\u00bb style=\u00a0\u00bbclassic\u00a0\u00bb shape=\u00a0\u00bbsquare\u00a0\u00bb color=\u00a0\u00bbwhite\u00a0\u00bb size=\u00a0\u00bbsm\u00a0\u00bb align=\u00a0\u00bbleft\u00a0\u00bb i_icon_fontawesome=\u00a0\u00bbfas fa-sun\u00a0\u00bb button_block=\u00a0\u00bbtrue\u00a0\u00bb add_icon=\u00a0\u00bbtrue\u00a0\u00bb link=\u00a0\u00bburl:http%3A%2F%2Fwww.meteosuisse.admin.ch%2Fhome.html%3Ftab%3Doverview||target:%20_blank|\u00a0\u00bb css=\u00a0\u00bb.vc_custom_1586250165927{margin-bottom: 10px !important;}\u00a0\u00bb][vc_btn title=\u00a0\u00bbCarte Pilote\u00a0\u00bb style=\u00a0\u00bbclassic\u00a0\u00bb shape=\u00a0\u00bbsquare\u00a0\u00bb color=\u00a0\u00bbwhite\u00a0\u00bb size=\u00a0\u00bbsm\u00a0\u00bb align=\u00a0\u00bbleft\u00a0\u00bb i_icon_fontawesome=\u00a0\u00bbfar fa-map\u00a0\u00bb button_block=\u00a0\u00bbtrue\u00a0\u00bb add_icon=\u00a0\u00bbtrue\u00a0\u00bb [&hellip;]<\/p>\n","protected":false},"author":7,"featured_media":0,"parent":2896,"menu_order":120,"comment_status":"closed","ping_status":"closed","template":"page-base.php","meta":{"_acf_changed":false,"footnotes":""},"class_list":["post-11173","page","type-page","status-publish","hentry"],"acf":[],"yoast_head":"<!-- This site is optimized with the Yoast SEO plugin v26.9 - https:\/\/yoast.com\/product\/yoast-seo-wordpress\/ -->\n<title>Base de SION - Mont-Blanc H\u00e9licopt\u00e8res<\/title>\n<meta name=\"description\" content=\"Au d\u00e9part de Sion, \u00e0 bord d&#039;un de nos h\u00e9licopt\u00e8res pour un vol panoramique d&#039;exception. Survolez les Alpes Valaisannes, Le Grand Combin ou le Cervin !\" \/>\n<meta name=\"robots\" content=\"index, follow, max-snippet:-1, max-image-preview:large, max-video-preview:-1\" \/>\n<link rel=\"canonical\" href=\"https:\/\/www.mbh.fr\/fr\/nos-bases\/sion\/\" \/>\n<meta property=\"og:locale\" content=\"fr_FR\" \/>\n<meta property=\"og:type\" content=\"article\" \/>\n<meta property=\"og:title\" content=\"Base de SION - Mont-Blanc H\u00e9licopt\u00e8res\" \/>\n<meta property=\"og:description\" content=\"Au d\u00e9part de Sion, \u00e0 bord d&#039;un de nos h\u00e9licopt\u00e8res pour un vol panoramique d&#039;exception. Survolez les Alpes Valaisannes, Le Grand Combin ou le Cervin !\" \/>\n<meta property=\"og:url\" content=\"https:\/\/www.mbh.fr\/fr\/nos-bases\/sion\/\" \/>\n<meta property=\"og:site_name\" content=\"Mont-Blanc H\u00e9licopt\u00e8res\" \/>\n<meta property=\"article:publisher\" content=\"https:\/\/www.facebook.com\/MontBlancHelicopteres\/\" \/>\n<meta property=\"article:modified_time\" content=\"2022-03-01T09:34:02+00:00\" \/>\n<meta name=\"twitter:card\" content=\"summary_large_image\" \/>\n<meta name=\"twitter:site\" content=\"@MBHelicopteres\" \/>\n<meta name=\"twitter:label1\" content=\"Dur\u00e9e de lecture estim\u00e9e\" \/>\n\t<meta name=\"twitter:data1\" content=\"4 minutes\" \/>\n<script type=\"application\/ld+json\" class=\"yoast-schema-graph\">{\"@context\":\"https:\/\/schema.org\",\"@graph\":[{\"@type\":\"WebPage\",\"@id\":\"https:\/\/www.mbh.fr\/fr\/nos-bases\/sion\/\",\"url\":\"https:\/\/www.mbh.fr\/fr\/nos-bases\/sion\/\",\"name\":\"Base de SION - Mont-Blanc H\u00e9licopt\u00e8res\",\"isPartOf\":{\"@id\":\"https:\/\/www.mbh.fr\/fr\/#website\"},\"datePublished\":\"2022-02-18T09:49:27+00:00\",\"dateModified\":\"2022-03-01T09:34:02+00:00\",\"description\":\"Au d\u00e9part de Sion, \u00e0 bord d'un de nos h\u00e9licopt\u00e8res pour un vol panoramique d'exception. Survolez les Alpes Valaisannes, Le Grand Combin ou le Cervin !\",\"breadcrumb\":{\"@id\":\"https:\/\/www.mbh.fr\/fr\/nos-bases\/sion\/#breadcrumb\"},\"inLanguage\":\"fr-FR\",\"potentialAction\":[{\"@type\":\"ReadAction\",\"target\":[\"https:\/\/www.mbh.fr\/fr\/nos-bases\/sion\/\"]}]},{\"@type\":\"BreadcrumbList\",\"@id\":\"https:\/\/www.mbh.fr\/fr\/nos-bases\/sion\/#breadcrumb\",\"itemListElement\":[{\"@type\":\"ListItem\",\"position\":1,\"name\":\"Accueil\",\"item\":\"https:\/\/www.mbh.fr\/fr\/\"},{\"@type\":\"ListItem\",\"position\":2,\"name\":\"NOS BASES\",\"item\":\"https:\/\/www.mbh.fr\/fr\/nos-bases\/\"},{\"@type\":\"ListItem\",\"position\":3,\"name\":\"SION\"}]},{\"@type\":\"WebSite\",\"@id\":\"https:\/\/www.mbh.fr\/fr\/#website\",\"url\":\"https:\/\/www.mbh.fr\/fr\/\",\"name\":\"Mont-Blanc H\u00e9licopt\u00e8res\",\"description\":\"\",\"publisher\":{\"@id\":\"https:\/\/www.mbh.fr\/fr\/#organization\"},\"potentialAction\":[{\"@type\":\"SearchAction\",\"target\":{\"@type\":\"EntryPoint\",\"urlTemplate\":\"https:\/\/www.mbh.fr\/fr\/?s={search_term_string}\"},\"query-input\":{\"@type\":\"PropertyValueSpecification\",\"valueRequired\":true,\"valueName\":\"search_term_string\"}}],\"inLanguage\":\"fr-FR\"},{\"@type\":\"Organization\",\"@id\":\"https:\/\/www.mbh.fr\/fr\/#organization\",\"name\":\"mont blanc h\u00e9licopt\u00e8res\",\"url\":\"https:\/\/www.mbh.fr\/fr\/\",\"logo\":{\"@type\":\"ImageObject\",\"inLanguage\":\"fr-FR\",\"@id\":\"https:\/\/www.mbh.fr\/fr\/#\/schema\/logo\/image\/\",\"url\":\"\",\"contentUrl\":\"\",\"caption\":\"mont blanc h\u00e9licopt\u00e8res\"},\"image\":{\"@id\":\"https:\/\/www.mbh.fr\/fr\/#\/schema\/logo\/image\/\"},\"sameAs\":[\"https:\/\/www.facebook.com\/MontBlancHelicopteres\/\",\"https:\/\/x.com\/MBHelicopteres\",\"https:\/\/www.instagram.com\/montblanchelicopteres\/\",\"https:\/\/www.linkedin.com\/company\/715290\/\"]}]}<\/script>\n<!-- \/ Yoast SEO plugin. -->","yoast_head_json":{"title":"Base de SION - Mont-Blanc H\u00e9licopt\u00e8res","description":"Au d\u00e9part de Sion, \u00e0 bord d'un de nos h\u00e9licopt\u00e8res pour un vol panoramique d'exception. Survolez les Alpes Valaisannes, Le Grand Combin ou le Cervin !","robots":{"index":"index","follow":"follow","max-snippet":"max-snippet:-1","max-image-preview":"max-image-preview:large","max-video-preview":"max-video-preview:-1"},"canonical":"https:\/\/www.mbh.fr\/fr\/nos-bases\/sion\/","og_locale":"fr_FR","og_type":"article","og_title":"Base de SION - Mont-Blanc H\u00e9licopt\u00e8res","og_description":"Au d\u00e9part de Sion, \u00e0 bord d'un de nos h\u00e9licopt\u00e8res pour un vol panoramique d'exception. Survolez les Alpes Valaisannes, Le Grand Combin ou le Cervin !","og_url":"https:\/\/www.mbh.fr\/fr\/nos-bases\/sion\/","og_site_name":"Mont-Blanc H\u00e9licopt\u00e8res","article_publisher":"https:\/\/www.facebook.com\/MontBlancHelicopteres\/","article_modified_time":"2022-03-01T09:34:02+00:00","twitter_card":"summary_large_image","twitter_site":"@MBHelicopteres","twitter_misc":{"Dur\u00e9e de lecture estim\u00e9e":"4 minutes"},"schema":{"@context":"https:\/\/schema.org","@graph":[{"@type":"WebPage","@id":"https:\/\/www.mbh.fr\/fr\/nos-bases\/sion\/","url":"https:\/\/www.mbh.fr\/fr\/nos-bases\/sion\/","name":"Base de SION - Mont-Blanc H\u00e9licopt\u00e8res","isPartOf":{"@id":"https:\/\/www.mbh.fr\/fr\/#website"},"datePublished":"2022-02-18T09:49:27+00:00","dateModified":"2022-03-01T09:34:02+00:00","description":"Au d\u00e9part de Sion, \u00e0 bord d'un de nos h\u00e9licopt\u00e8res pour un vol panoramique d'exception. Survolez les Alpes Valaisannes, Le Grand Combin ou le Cervin !","breadcrumb":{"@id":"https:\/\/www.mbh.fr\/fr\/nos-bases\/sion\/#breadcrumb"},"inLanguage":"fr-FR","potentialAction":[{"@type":"ReadAction","target":["https:\/\/www.mbh.fr\/fr\/nos-bases\/sion\/"]}]},{"@type":"BreadcrumbList","@id":"https:\/\/www.mbh.fr\/fr\/nos-bases\/sion\/#breadcrumb","itemListElement":[{"@type":"ListItem","position":1,"name":"Accueil","item":"https:\/\/www.mbh.fr\/fr\/"},{"@type":"ListItem","position":2,"name":"NOS BASES","item":"https:\/\/www.mbh.fr\/fr\/nos-bases\/"},{"@type":"ListItem","position":3,"name":"SION"}]},{"@type":"WebSite","@id":"https:\/\/www.mbh.fr\/fr\/#website","url":"https:\/\/www.mbh.fr\/fr\/","name":"Mont-Blanc H\u00e9licopt\u00e8res","description":"","publisher":{"@id":"https:\/\/www.mbh.fr\/fr\/#organization"},"potentialAction":[{"@type":"SearchAction","target":{"@type":"EntryPoint","urlTemplate":"https:\/\/www.mbh.fr\/fr\/?s={search_term_string}"},"query-input":{"@type":"PropertyValueSpecification","valueRequired":true,"valueName":"search_term_string"}}],"inLanguage":"fr-FR"},{"@type":"Organization","@id":"https:\/\/www.mbh.fr\/fr\/#organization","name":"mont blanc h\u00e9licopt\u00e8res","url":"https:\/\/www.mbh.fr\/fr\/","logo":{"@type":"ImageObject","inLanguage":"fr-FR","@id":"https:\/\/www.mbh.fr\/fr\/#\/schema\/logo\/image\/","url":"","contentUrl":"","caption":"mont blanc h\u00e9licopt\u00e8res"},"image":{"@id":"https:\/\/www.mbh.fr\/fr\/#\/schema\/logo\/image\/"},"sameAs":["https:\/\/www.facebook.com\/MontBlancHelicopteres\/","https:\/\/x.com\/MBHelicopteres","https:\/\/www.instagram.com\/montblanchelicopteres\/","https:\/\/www.linkedin.com\/company\/715290\/"]}]}},"_links":{"self":[{"href":"https:\/\/www.mbh.fr\/fr\/wp-json\/wp\/v2\/pages\/11173","targetHints":{"allow":["GET"]}}],"collection":[{"href":"https:\/\/www.mbh.fr\/fr\/wp-json\/wp\/v2\/pages"}],"about":[{"href":"https:\/\/www.mbh.fr\/fr\/wp-json\/wp\/v2\/types\/page"}],"author":[{"embeddable":true,"href":"https:\/\/www.mbh.fr\/fr\/wp-json\/wp\/v2\/users\/7"}],"replies":[{"embeddable":true,"href":"https:\/\/www.mbh.fr\/fr\/wp-json\/wp\/v2\/comments?post=11173"}],"version-history":[{"count":2,"href":"https:\/\/www.mbh.fr\/fr\/wp-json\/wp\/v2\/pages\/11173\/revisions"}],"predecessor-version":[{"id":11293,"href":"https:\/\/www.mbh.fr\/fr\/wp-json\/wp\/v2\/pages\/11173\/revisions\/11293"}],"up":[{"embeddable":true,"href":"https:\/\/www.mbh.fr\/fr\/wp-json\/wp\/v2\/pages\/2896"}],"wp:attachment":[{"href":"https:\/\/www.mbh.fr\/fr\/wp-json\/wp\/v2\/media?parent=11173"}],"curies":[{"name":"wp","href":"https:\/\/api.w.org\/{rel}","templated":true}]}}