{"id":11227,"date":"2022-02-25T09:57:23","date_gmt":"2022-02-25T08:57:23","guid":{"rendered":"https:\/\/www.mbh.fr\/?page_id=11227"},"modified":"2022-02-25T09:57:48","modified_gmt":"2022-02-25T08:57:48","slug":"saint-michel-de-maurienne-galibier","status":"publish","type":"page","link":"https:\/\/www.mbh.fr\/fr\/nos-bases\/saint-michel-de-maurienne-galibier\/","title":{"rendered":"Saint Michel de Maurienne Galibier"},"content":{"rendered":"<div class=\"wpb-content-wrapper\"><p>[vc_row type=\u00a0\u00bbfull_width_section\u00a0\u00bb bg_image=\u00a0\u00bb8932&Prime; top_padding=\u00a0\u00bb200&Prime; bottom_padding=\u00a0\u00bb200&Prime;][vc_column width=\u00a0\u00bb1\/1&Prime;][\/vc_column][\/vc_row][vc_row top_padding=\u00a0\u00bb50&Prime; bottom_padding=\u00a0\u00bb50&Prime; class=\u00a0\u00bbbase-content\u00a0\u00bb][vc_column width=\u00a0\u00bb2\/3&Prime;][vc_column_text]<\/p>\n<h1 class=\"p1\">Vols H\u00e9licopt\u00e8re <strong>au d\u00e9part de Saint Michel de Maurienne Galibier<\/strong><\/h1>\n<p>[\/vc_column_text][vc_column_text]<\/p>\n<h2>Tous <strong>nos services<\/strong> depuis Saint-Michel-de-Maurienne Galibier<\/h2>\n<p>[\/vc_column_text]<div class=\"newdivider align-left\" style=\"border-bottom-style: solid; border-color: #eeeeee; border-bottom-width: 4px; margin-top: 25px; margin-bottom: 25px; width: 10%; \"><\/div><div class=\"clear\"><\/div>[vc_row_inner][vc_column_inner width=\u00a0\u00bb2\/3&Prime;][vc_column_text]Au d\u00e9part de notre base de St Jean de Maurienne Galibier, prenez place \u00e0 bord d\u2019un h\u00e9licopt\u00e8re pour un vol panoramique.<\/p>\n<p>Partez \u00e0 la d\u00e9couverte des Pyr\u00e9n\u00e9es et survolez les sites catharesLa vall\u00e9e de la Maurienne en Savoie, plus longue vall\u00e9e alpine, s\u2019\u00e9tend sur 120 km entre l\u2019Italie et les Hautes-Alpes. Elle abrite, entre cols mythiques et Parc National de La Vanoise, de fabuleux espaces qui permettent de parcourir la montagne \u00e0 son rythme tout au long de l\u2019ann\u00e9e.\u00a0\u00bb[\/vc_column_text][\/vc_column_inner][vc_column_inner width=\u00a0\u00bb1\/3&Prime;][vc_single_image image=\u00a0\u00bb1398&Prime; alignment=\u00a0\u00bbcenter\u00a0\u00bb el_id=\u00a0\u00bbbase-logo\u00a0\u00bb][\/vc_column_inner][\/vc_row_inner][\/vc_column][vc_column width=\u00a0\u00bb1\/3&Prime;]<div class=\"minti_boxedholder   clearfix\" style=\"padding: 20px; margin: 0px 0px 20px 0px; background-color: #f8f8f8; border-width: 1; border-color: #eeeeee; \">[vc_column_text]73140 Saint-Michel-de-Maurienne[\/vc_column_text]<div class=\"spacer\" style=\"height: 20px;\"><\/div>[vc_btn title=\u00a0\u00bbGoogle Map\u00a0\u00bb style=\u00a0\u00bbclassic\u00a0\u00bb shape=\u00a0\u00bbsquare\u00a0\u00bb color=\u00a0\u00bbwhite\u00a0\u00bb size=\u00a0\u00bbsm\u00a0\u00bb align=\u00a0\u00bbleft\u00a0\u00bb i_icon_fontawesome=\u00a0\u00bbfar fa-map\u00a0\u00bb add_icon=\u00a0\u00bbtrue\u00a0\u00bb link=\u00a0\u00bburl:https%3A%2F%2Fgoo.gl%2Fmaps%2FDBxyCi9qT492||target:%20_blank|\u00a0\u00bb css=\u00a0\u00bb.vc_custom_1643123611415{margin-bottom: 10px !important;}\u00a0\u00bb][vc_btn title=\u00a0\u00bb+33 6 09 24 57 80 (Nicolas)\u00a0\u00bb style=\u00a0\u00bbclassic\u00a0\u00bb shape=\u00a0\u00bbsquare\u00a0\u00bb color=\u00a0\u00bbwhite\u00a0\u00bb size=\u00a0\u00bbsm\u00a0\u00bb i_icon_fontawesome=\u00a0\u00bbfas fa-phone\u00a0\u00bb add_icon=\u00a0\u00bbtrue\u00a0\u00bb link=\u00a0\u00bburl:tel%3A0609245780|||\u00a0\u00bb css=\u00a0\u00bb.vc_custom_1643123624471{margin-bottom: 10px !important;}\u00a0\u00bb][vc_btn title=\u00a0\u00bbinfo@mbh.fr\u00a0\u00bb style=\u00a0\u00bbclassic\u00a0\u00bb shape=\u00a0\u00bbsquare\u00a0\u00bb color=\u00a0\u00bbwhite\u00a0\u00bb size=\u00a0\u00bbsm\u00a0\u00bb align=\u00a0\u00bbleft\u00a0\u00bb i_icon_fontawesome=\u00a0\u00bbfa fa-envelope\u00a0\u00bb add_icon=\u00a0\u00bbtrue\u00a0\u00bb link=\u00a0\u00bburl:mailto%3Ainfo%40mbh.fr|||\u00a0\u00bb css=\u00a0\u00bb.vc_custom_1511890578846{margin-bottom: 0px !important;}\u00a0\u00bb]<\/div><div class=\"minti_boxedholder specs color-light clearfix\" style=\"padding: 20px; margin: 50px 0 0 0; background-color: #0a0a0a; border-color: #f8f8f8; \">[vc_column_text]<\/p>\n<h3>H\u00e9licopt\u00e8res<\/h3>\n<p>[\/vc_column_text]<div class=\"minti_list wpb_content_element color-grey circlearrow show_separator\" style=\"\">\n<ul>\n<li><strong>H\u00e9licopt\u00e8re<\/strong><\/li>\n<li><a href=\"http:\/\/www.mbh.fr\/fleet\/as350\/\">AS350<\/a><\/li>\n<\/ul>\n<\/div><\/div>[\/vc_column][\/vc_row][vc_row][vc_column width=\u00a0\u00bb1\/2&Prime;]<a href=\"https:\/\/www.mbh.fr\/fr\/nos-bases\/saint-michel-de-maurienne-galibier\/transferts-helicoptere-vols-prives-saint-michel-de-maurienne-galibier\/\" target=\"_self\" class=\"catimage wpb_content_element color-light\" style=\"height: 300px;;\">\n\t\t\t<span style=\"background-image: url(https:\/\/www.mbh.fr\/wp-content\/uploads\/2019\/10\/HBG-Arcs-1950_\u252c\u00aePeignee-Verticale-5582.jpg); height: 300px;;\"><\/span>\n\t\t\t<div class=\"catimage-overlay clearfix\" style=\"height: 300px;;\">\n\t\t\t\t<div class=\"catimage-text\">Transferts h\u00e9licopt\u00e8re &amp; vols priv\u00e9s Saint Michel de Maurienne Galibier<\/div>\n\t\t\t<\/div><\/a>[\/vc_column][vc_column width=\u00a0\u00bb1\/2&Prime;]<a href=\"https:\/\/www.mbh.fr\/fr\/nos-bases\/saint-michel-de-maurienne-galibier\/vols-touristiques-saint-michel-de-maurienne-galibier\/\" target=\"_self\" class=\"catimage wpb_content_element color-light\" style=\"height: 300px;;\">\n\t\t\t<span style=\"background-image: url(https:\/\/www.mbh.fr\/wp-content\/uploads\/2019\/02\/touristique-bottom-2.jpg); height: 300px;;\"><\/span>\n\t\t\t<div class=\"catimage-overlay clearfix\" style=\"height: 300px;;\">\n\t\t\t\t<div class=\"catimage-text\">Vols panoramiques Saint Michel de Maurienne Galibier<\/div>\n\t\t\t<\/div><\/a>[\/vc_column][\/vc_row][vc_row][vc_column width=\u00a0\u00bb1\/1&Prime;][vc_empty_space height=\u00a0\u00bb50px\u00a0\u00bb]<div class=\"newdivider align-center\" style=\"border-bottom-style: solid; border-color: #eeeeee; border-bottom-width: 4px; margin-top: 25px; margin-bottom: 25px; width: 10%; \"><\/div><div class=\"clear\"><\/div>[vc_column_text]<\/p>\n<h2 style=\"text-align: center;\"><strong>R\u00e9servez votre vol<\/strong> au d\u00e9part de Saint Michel de Maurienne Galibier<\/h2>\n<p>[\/vc_column_text][vc_empty_space height=\u00a0\u00bb25px\u00a0\u00bb][vc_btn title=\u00a0\u00bbNous contacter\u00a0\u00bb shape=\u00a0\u00bbsquare\u00a0\u00bb color=\u00a0\u00bbblack\u00a0\u00bb align=\u00a0\u00bbcenter\u00a0\u00bb i_align=\u00a0\u00bbright\u00a0\u00bb i_icon_fontawesome=\u00a0\u00bbfas fa-sign-out-alt\u00a0\u00bb add_icon=\u00a0\u00bbtrue\u00a0\u00bb link=\u00a0\u00bburl:https%3A%2F%2Fwww.mbh.fr%2Ffr%2Fcontact%2F%3Frecipient%3DLes%2BArcs\u00a0\u00bb]<div class=\"newdivider align-center\" style=\"border-bottom-style: solid; border-color: #eeeeee; border-bottom-width: 4px; margin-top: 25px; margin-bottom: 25px; width: 10%; \"><\/div><div class=\"clear\"><\/div>[\/vc_column][\/vc_row][vc_row top_padding=\u00a0\u00bb50&Prime; bottom_padding=\u00a0\u00bb50&Prime;][vc_column width=\u00a0\u00bb2\/3&Prime;][vc_gmaps link=\u00a0\u00bb#E-8_JTNDaWZyYW1lJTIwc3JjJTNEJTIyaHR0cHMlM0ElMkYlMkZ3d3cuZ29vZ2xlLmNvbSUyRm1hcHMlMkZlbWJlZCUzRnBiJTNEJTIxMW0xOCUyMTFtMTIlMjExbTMlMjExZDg5ODk5LjI5OTk5NDgxMTM0JTIxMmQ2LjQyNTAxMjcyNzQ0MTc5NDUlMjEzZDQ1LjI0MDY1MTU5NjE2NDAyJTIxMm0zJTIxMWYwJTIxMmYwJTIxM2YwJTIxM20yJTIxMWkxMDI0JTIxMmk3NjglMjE0ZjEzLjElMjEzbTMlMjExbTIlMjExczB4NDc4YTI3MTI2YzY4ZWY2ZCUyNTNBMHhkYTIwOTU4YWM3ZjIxMGQlMjEyczczMTQwJTJCU2FpbnQtTWljaGVsLWRlLU1hdXJpZW5uZSUyMTVlMCUyMTNtMiUyMTFzZnIlMjEyc2ZyJTIxNHYxNTYyNTg5NjQ2OTY3JTIxNW0yJTIxMXNmciUyMTJzZnIlMjIlMjB3aWR0aCUzRCUyMjYwMCUyMiUyMGhlaWdodCUzRCUyMjQ1MCUyMiUyMGZyYW1lYm9yZGVyJTNEJTIyMCUyMiUyMHN0eWxlJTNEJTIyYm9yZGVyJTNBMCUyMiUyMGFsbG93ZnVsbHNjcmVlbiUzRSUzQyUyRmlmcmFtZSUzRQ==\u00a0\u00bb][\/vc_column][vc_column width=\u00a0\u00bb1\/3&Prime;][vc_btn title=\u00a0\u00bbMeteo\u00a0\u00bb style=\u00a0\u00bbclassic\u00a0\u00bb shape=\u00a0\u00bbsquare\u00a0\u00bb color=\u00a0\u00bbwhite\u00a0\u00bb size=\u00a0\u00bbsm\u00a0\u00bb align=\u00a0\u00bbleft\u00a0\u00bb i_icon_fontawesome=\u00a0\u00bbfa fa-sun-o\u00a0\u00bb button_block=\u00a0\u00bbtrue\u00a0\u00bb add_icon=\u00a0\u00bbtrue\u00a0\u00bb link=\u00a0\u00bburl:http%3A%2F%2Fwww.meteofrance.com%2Fprevisions-meteo-france%2Fsaint-michel-de-maurienne%2F73140||target:%20_blank|\u00a0\u00bb css=\u00a0\u00bb.vc_custom_1518799774964{margin-bottom: 10px !important;}\u00a0\u00bb][vc_btn title=\u00a0\u00bbWebsite\u00a0\u00bb style=\u00a0\u00bbclassic\u00a0\u00bb shape=\u00a0\u00bbsquare\u00a0\u00bb color=\u00a0\u00bbwhite\u00a0\u00bb size=\u00a0\u00bbsm\u00a0\u00bb align=\u00a0\u00bbleft\u00a0\u00bb i_icon_fontawesome=\u00a0\u00bbfa fa-mouse-pointer\u00a0\u00bb button_block=\u00a0\u00bbtrue\u00a0\u00bb add_icon=\u00a0\u00bbtrue\u00a0\u00bb link=\u00a0\u00bburl:https%3A%2F%2Fwww.facebook.com%2FH%C3%A9licopt%C3%A8re-de-France-Base-Maurienne-Galibier-1090231864454227%2F||target:%20_blank|\u00a0\u00bb css=\u00a0\u00bb.vc_custom_1511944680371{margin-bottom: 10px !important;}\u00a0\u00bb][\/vc_column][\/vc_row]<\/p>\n<\/div>","protected":false},"excerpt":{"rendered":"<p>[vc_row type=\u00a0\u00bbfull_width_section\u00a0\u00bb bg_image=\u00a0\u00bb8932&Prime; top_padding=\u00a0\u00bb200&Prime; bottom_padding=\u00a0\u00bb200&Prime;][vc_column width=\u00a0\u00bb1\/1&Prime;][\/vc_column][\/vc_row][vc_row top_padding=\u00a0\u00bb50&Prime; bottom_padding=\u00a0\u00bb50&Prime; class=\u00a0\u00bbbase-content\u00a0\u00bb][vc_column width=\u00a0\u00bb2\/3&Prime;][vc_column_text] Vols H\u00e9licopt\u00e8re au d\u00e9part de Saint Michel de Maurienne Galibier [\/vc_column_text][vc_column_text] Tous nos services depuis Saint-Michel-de-Maurienne Galibier [\/vc_column_text][vc_row_inner][vc_column_inner width=\u00a0\u00bb2\/3&Prime;][vc_column_text]Au d\u00e9part de notre base de St Jean de Maurienne Galibier, prenez place \u00e0 bord d\u2019un h\u00e9licopt\u00e8re pour un vol panoramique. Partez \u00e0 la d\u00e9couverte des Pyr\u00e9n\u00e9es et survolez les sites catharesLa vall\u00e9e de la Maurienne en Savoie, plus longue vall\u00e9e alpine, s\u2019\u00e9tend sur 120 km entre l\u2019Italie et les Hautes-Alpes. Elle abrite, entre cols mythiques et Parc National de La Vanoise, de fabuleux espaces qui permettent de parcourir la montagne \u00e0 son rythme tout au long de l\u2019ann\u00e9e.\u00a0\u00bb[\/vc_column_text][\/vc_column_inner][vc_column_inner width=\u00a0\u00bb1\/3&Prime;][vc_single_image image=\u00a0\u00bb1398&Prime; alignment=\u00a0\u00bbcenter\u00a0\u00bb el_id=\u00a0\u00bbbase-logo\u00a0\u00bb][\/vc_column_inner][\/vc_row_inner][\/vc_column][vc_column width=\u00a0\u00bb1\/3&Prime;][\/vc_column][\/vc_row][vc_row][vc_column width=\u00a0\u00bb1\/2&Prime;][\/vc_column][vc_column width=\u00a0\u00bb1\/2&Prime;][\/vc_column][\/vc_row][vc_row][vc_column width=\u00a0\u00bb1\/1&Prime;][vc_empty_space height=\u00a0\u00bb50px\u00a0\u00bb][vc_column_text] R\u00e9servez votre vol au d\u00e9part de Saint Michel de Maurienne Galibier [\/vc_column_text][vc_empty_space height=\u00a0\u00bb25px\u00a0\u00bb][vc_btn title=\u00a0\u00bbNous contacter\u00a0\u00bb shape=\u00a0\u00bbsquare\u00a0\u00bb color=\u00a0\u00bbblack\u00a0\u00bb align=\u00a0\u00bbcenter\u00a0\u00bb i_align=\u00a0\u00bbright\u00a0\u00bb i_icon_fontawesome=\u00a0\u00bbfas fa-sign-out-alt\u00a0\u00bb add_icon=\u00a0\u00bbtrue\u00a0\u00bb link=\u00a0\u00bburl:https%3A%2F%2Fwww.mbh.fr%2Ffr%2Fcontact%2F%3Frecipient%3DLes%2BArcs\u00a0\u00bb][\/vc_column][\/vc_row][vc_row top_padding=\u00a0\u00bb50&Prime; bottom_padding=\u00a0\u00bb50&Prime;][vc_column width=\u00a0\u00bb2\/3&Prime;][vc_gmaps link=\u00a0\u00bb#E-8_JTNDaWZyYW1lJTIwc3JjJTNEJTIyaHR0cHMlM0ElMkYlMkZ3d3cuZ29vZ2xlLmNvbSUyRm1hcHMlMkZlbWJlZCUzRnBiJTNEJTIxMW0xOCUyMTFtMTIlMjExbTMlMjExZDg5ODk5LjI5OTk5NDgxMTM0JTIxMmQ2LjQyNTAxMjcyNzQ0MTc5NDUlMjEzZDQ1LjI0MDY1MTU5NjE2NDAyJTIxMm0zJTIxMWYwJTIxMmYwJTIxM2YwJTIxM20yJTIxMWkxMDI0JTIxMmk3NjglMjE0ZjEzLjElMjEzbTMlMjExbTIlMjExczB4NDc4YTI3MTI2YzY4ZWY2ZCUyNTNBMHhkYTIwOTU4YWM3ZjIxMGQlMjEyczczMTQwJTJCU2FpbnQtTWljaGVsLWRlLU1hdXJpZW5uZSUyMTVlMCUyMTNtMiUyMTFzZnIlMjEyc2ZyJTIxNHYxNTYyNTg5NjQ2OTY3JTIxNW0yJTIxMXNmciUyMTJzZnIlMjIlMjB3aWR0aCUzRCUyMjYwMCUyMiUyMGhlaWdodCUzRCUyMjQ1MCUyMiUyMGZyYW1lYm9yZGVyJTNEJTIyMCUyMiUyMHN0eWxlJTNEJTIyYm9yZGVyJTNBMCUyMiUyMGFsbG93ZnVsbHNjcmVlbiUzRSUzQyUyRmlmcmFtZSUzRQ==\u00a0\u00bb][\/vc_column][vc_column width=\u00a0\u00bb1\/3&Prime;][vc_btn title=\u00a0\u00bbMeteo\u00a0\u00bb style=\u00a0\u00bbclassic\u00a0\u00bb shape=\u00a0\u00bbsquare\u00a0\u00bb color=\u00a0\u00bbwhite\u00a0\u00bb size=\u00a0\u00bbsm\u00a0\u00bb align=\u00a0\u00bbleft\u00a0\u00bb i_icon_fontawesome=\u00a0\u00bbfa fa-sun-o\u00a0\u00bb button_block=\u00a0\u00bbtrue\u00a0\u00bb add_icon=\u00a0\u00bbtrue\u00a0\u00bb link=\u00a0\u00bburl:http%3A%2F%2Fwww.meteofrance.com%2Fprevisions-meteo-france%2Fsaint-michel-de-maurienne%2F73140||target:%20_blank|\u00a0\u00bb css=\u00a0\u00bb.vc_custom_1518799774964{margin-bottom: 10px !important;}\u00a0\u00bb][vc_btn title=\u00a0\u00bbWebsite\u00a0\u00bb style=\u00a0\u00bbclassic\u00a0\u00bb shape=\u00a0\u00bbsquare\u00a0\u00bb color=\u00a0\u00bbwhite\u00a0\u00bb size=\u00a0\u00bbsm\u00a0\u00bb align=\u00a0\u00bbleft\u00a0\u00bb i_icon_fontawesome=\u00a0\u00bbfa fa-mouse-pointer\u00a0\u00bb button_block=\u00a0\u00bbtrue\u00a0\u00bb add_icon=\u00a0\u00bbtrue\u00a0\u00bb link=\u00a0\u00bburl:https%3A%2F%2Fwww.facebook.com%2FH%C3%A9licopt%C3%A8re-de-France-Base-Maurienne-Galibier-1090231864454227%2F||target:%20_blank|\u00a0\u00bb css=\u00a0\u00bb.vc_custom_1511944680371{margin-bottom: 10px !important;}\u00a0\u00bb][\/vc_column][\/vc_row]<\/p>\n","protected":false},"author":7,"featured_media":0,"parent":2896,"menu_order":0,"comment_status":"closed","ping_status":"closed","template":"page-base.php","meta":{"_acf_changed":false,"footnotes":""},"class_list":["post-11227","page","type-page","status-publish","hentry"],"acf":[],"yoast_head":"<!-- This site is optimized with the Yoast SEO plugin v26.9 - https:\/\/yoast.com\/product\/yoast-seo-wordpress\/ -->\n<title>Saint Michel de Maurienne Galibier - Mont-Blanc H\u00e9licopt\u00e8res<\/title>\n<meta name=\"robots\" content=\"index, follow, max-snippet:-1, max-image-preview:large, max-video-preview:-1\" \/>\n<link rel=\"canonical\" href=\"https:\/\/www.mbh.fr\/fr\/nos-bases\/saint-michel-de-maurienne-galibier\/\" \/>\n<meta property=\"og:locale\" content=\"fr_FR\" \/>\n<meta property=\"og:type\" content=\"article\" \/>\n<meta property=\"og:title\" content=\"Saint Michel de Maurienne Galibier - Mont-Blanc H\u00e9licopt\u00e8res\" \/>\n<meta property=\"og:description\" content=\"[vc_row type=\u00a0\u00bbfull_width_section\u00a0\u00bb bg_image=\u00a0\u00bb8932&Prime; top_padding=\u00a0\u00bb200&Prime; bottom_padding=\u00a0\u00bb200&Prime;][vc_column width=\u00a0\u00bb1\/1&Prime;][\/vc_column][\/vc_row][vc_row top_padding=\u00a0\u00bb50&Prime; bottom_padding=\u00a0\u00bb50&Prime; class=\u00a0\u00bbbase-content\u00a0\u00bb][vc_column width=\u00a0\u00bb2\/3&Prime;][vc_column_text] Vols H\u00e9licopt\u00e8re au d\u00e9part de Saint Michel de Maurienne Galibier [\/vc_column_text][vc_column_text] Tous nos services depuis Saint-Michel-de-Maurienne Galibier [\/vc_column_text][vc_row_inner][vc_column_inner width=\u00a0\u00bb2\/3&Prime;][vc_column_text]Au d\u00e9part de notre base de St Jean de Maurienne Galibier, prenez place \u00e0 bord d\u2019un h\u00e9licopt\u00e8re pour un vol panoramique. Partez \u00e0 la d\u00e9couverte des Pyr\u00e9n\u00e9es et survolez les sites catharesLa vall\u00e9e de la Maurienne en Savoie, plus longue vall\u00e9e alpine, s\u2019\u00e9tend sur 120 km entre l\u2019Italie et les Hautes-Alpes. Elle abrite, entre cols mythiques et Parc National de La Vanoise, de fabuleux espaces qui permettent de parcourir la montagne \u00e0 son rythme tout au long de l\u2019ann\u00e9e.\u00a0\u00bb[\/vc_column_text][\/vc_column_inner][vc_column_inner width=\u00a0\u00bb1\/3&Prime;][vc_single_image image=\u00a0\u00bb1398&Prime; alignment=\u00a0\u00bbcenter\u00a0\u00bb el_id=\u00a0\u00bbbase-logo\u00a0\u00bb][\/vc_column_inner][\/vc_row_inner][\/vc_column][vc_column width=\u00a0\u00bb1\/3&Prime;][\/vc_column][\/vc_row][vc_row][vc_column width=\u00a0\u00bb1\/2&Prime;][\/vc_column][vc_column width=\u00a0\u00bb1\/2&Prime;][\/vc_column][\/vc_row][vc_row][vc_column width=\u00a0\u00bb1\/1&Prime;][vc_empty_space height=\u00a0\u00bb50px\u00a0\u00bb][vc_column_text] R\u00e9servez votre vol au d\u00e9part de Saint Michel de Maurienne Galibier [\/vc_column_text][vc_empty_space height=\u00a0\u00bb25px\u00a0\u00bb][vc_btn title=\u00a0\u00bbNous contacter\u00a0\u00bb shape=\u00a0\u00bbsquare\u00a0\u00bb color=\u00a0\u00bbblack\u00a0\u00bb align=\u00a0\u00bbcenter\u00a0\u00bb i_align=\u00a0\u00bbright\u00a0\u00bb i_icon_fontawesome=\u00a0\u00bbfas fa-sign-out-alt\u00a0\u00bb add_icon=\u00a0\u00bbtrue\u00a0\u00bb link=\u00a0\u00bburl:https%3A%2F%2Fwww.mbh.fr%2Ffr%2Fcontact%2F%3Frecipient%3DLes%2BArcs\u00a0\u00bb][\/vc_column][\/vc_row][vc_row top_padding=\u00a0\u00bb50&Prime; bottom_padding=\u00a0\u00bb50&Prime;][vc_column width=\u00a0\u00bb2\/3&Prime;][vc_gmaps link=\u00a0\u00bb#E-8_JTNDaWZyYW1lJTIwc3JjJTNEJTIyaHR0cHMlM0ElMkYlMkZ3d3cuZ29vZ2xlLmNvbSUyRm1hcHMlMkZlbWJlZCUzRnBiJTNEJTIxMW0xOCUyMTFtMTIlMjExbTMlMjExZDg5ODk5LjI5OTk5NDgxMTM0JTIxMmQ2LjQyNTAxMjcyNzQ0MTc5NDUlMjEzZDQ1LjI0MDY1MTU5NjE2NDAyJTIxMm0zJTIxMWYwJTIxMmYwJTIxM2YwJTIxM20yJTIxMWkxMDI0JTIxMmk3NjglMjE0ZjEzLjElMjEzbTMlMjExbTIlMjExczB4NDc4YTI3MTI2YzY4ZWY2ZCUyNTNBMHhkYTIwOTU4YWM3ZjIxMGQlMjEyczczMTQwJTJCU2FpbnQtTWljaGVsLWRlLU1hdXJpZW5uZSUyMTVlMCUyMTNtMiUyMTFzZnIlMjEyc2ZyJTIxNHYxNTYyNTg5NjQ2OTY3JTIxNW0yJTIxMXNmciUyMTJzZnIlMjIlMjB3aWR0aCUzRCUyMjYwMCUyMiUyMGhlaWdodCUzRCUyMjQ1MCUyMiUyMGZyYW1lYm9yZGVyJTNEJTIyMCUyMiUyMHN0eWxlJTNEJTIyYm9yZGVyJTNBMCUyMiUyMGFsbG93ZnVsbHNjcmVlbiUzRSUzQyUyRmlmcmFtZSUzRQ==\u00a0\u00bb][\/vc_column][vc_column width=\u00a0\u00bb1\/3&Prime;][vc_btn title=\u00a0\u00bbMeteo\u00a0\u00bb style=\u00a0\u00bbclassic\u00a0\u00bb shape=\u00a0\u00bbsquare\u00a0\u00bb color=\u00a0\u00bbwhite\u00a0\u00bb size=\u00a0\u00bbsm\u00a0\u00bb align=\u00a0\u00bbleft\u00a0\u00bb i_icon_fontawesome=\u00a0\u00bbfa fa-sun-o\u00a0\u00bb button_block=\u00a0\u00bbtrue\u00a0\u00bb add_icon=\u00a0\u00bbtrue\u00a0\u00bb link=\u00a0\u00bburl:http%3A%2F%2Fwww.meteofrance.com%2Fprevisions-meteo-france%2Fsaint-michel-de-maurienne%2F73140||target:%20_blank|\u00a0\u00bb css=\u00a0\u00bb.vc_custom_1518799774964{margin-bottom: 10px !important;}\u00a0\u00bb][vc_btn title=\u00a0\u00bbWebsite\u00a0\u00bb style=\u00a0\u00bbclassic\u00a0\u00bb shape=\u00a0\u00bbsquare\u00a0\u00bb color=\u00a0\u00bbwhite\u00a0\u00bb size=\u00a0\u00bbsm\u00a0\u00bb align=\u00a0\u00bbleft\u00a0\u00bb i_icon_fontawesome=\u00a0\u00bbfa fa-mouse-pointer\u00a0\u00bb button_block=\u00a0\u00bbtrue\u00a0\u00bb add_icon=\u00a0\u00bbtrue\u00a0\u00bb link=\u00a0\u00bburl:https%3A%2F%2Fwww.facebook.com%2FH%C3%A9licopt%C3%A8re-de-France-Base-Maurienne-Galibier-1090231864454227%2F||target:%20_blank|\u00a0\u00bb css=\u00a0\u00bb.vc_custom_1511944680371{margin-bottom: 10px !important;}\u00a0\u00bb][\/vc_column][\/vc_row]\" \/>\n<meta property=\"og:url\" content=\"https:\/\/www.mbh.fr\/fr\/nos-bases\/saint-michel-de-maurienne-galibier\/\" \/>\n<meta property=\"og:site_name\" content=\"Mont-Blanc H\u00e9licopt\u00e8res\" \/>\n<meta property=\"article:publisher\" content=\"https:\/\/www.facebook.com\/MontBlancHelicopteres\/\" \/>\n<meta property=\"article:modified_time\" content=\"2022-02-25T08:57:48+00:00\" \/>\n<meta name=\"twitter:card\" content=\"summary_large_image\" \/>\n<meta name=\"twitter:site\" content=\"@MBHelicopteres\" \/>\n<meta name=\"twitter:label1\" content=\"Dur\u00e9e de lecture estim\u00e9e\" \/>\n\t<meta name=\"twitter:data1\" content=\"4 minutes\" \/>\n<script type=\"application\/ld+json\" class=\"yoast-schema-graph\">{\"@context\":\"https:\/\/schema.org\",\"@graph\":[{\"@type\":\"WebPage\",\"@id\":\"https:\/\/www.mbh.fr\/fr\/nos-bases\/saint-michel-de-maurienne-galibier\/\",\"url\":\"https:\/\/www.mbh.fr\/fr\/nos-bases\/saint-michel-de-maurienne-galibier\/\",\"name\":\"Saint Michel de Maurienne Galibier - Mont-Blanc H\u00e9licopt\u00e8res\",\"isPartOf\":{\"@id\":\"https:\/\/www.mbh.fr\/fr\/#website\"},\"datePublished\":\"2022-02-25T08:57:23+00:00\",\"dateModified\":\"2022-02-25T08:57:48+00:00\",\"breadcrumb\":{\"@id\":\"https:\/\/www.mbh.fr\/fr\/nos-bases\/saint-michel-de-maurienne-galibier\/#breadcrumb\"},\"inLanguage\":\"fr-FR\",\"potentialAction\":[{\"@type\":\"ReadAction\",\"target\":[\"https:\/\/www.mbh.fr\/fr\/nos-bases\/saint-michel-de-maurienne-galibier\/\"]}]},{\"@type\":\"BreadcrumbList\",\"@id\":\"https:\/\/www.mbh.fr\/fr\/nos-bases\/saint-michel-de-maurienne-galibier\/#breadcrumb\",\"itemListElement\":[{\"@type\":\"ListItem\",\"position\":1,\"name\":\"Accueil\",\"item\":\"https:\/\/www.mbh.fr\/fr\/\"},{\"@type\":\"ListItem\",\"position\":2,\"name\":\"NOS BASES\",\"item\":\"https:\/\/www.mbh.fr\/fr\/nos-bases\/\"},{\"@type\":\"ListItem\",\"position\":3,\"name\":\"Saint Michel de Maurienne Galibier\"}]},{\"@type\":\"WebSite\",\"@id\":\"https:\/\/www.mbh.fr\/fr\/#website\",\"url\":\"https:\/\/www.mbh.fr\/fr\/\",\"name\":\"Mont-Blanc H\u00e9licopt\u00e8res\",\"description\":\"\",\"publisher\":{\"@id\":\"https:\/\/www.mbh.fr\/fr\/#organization\"},\"potentialAction\":[{\"@type\":\"SearchAction\",\"target\":{\"@type\":\"EntryPoint\",\"urlTemplate\":\"https:\/\/www.mbh.fr\/fr\/?s={search_term_string}\"},\"query-input\":{\"@type\":\"PropertyValueSpecification\",\"valueRequired\":true,\"valueName\":\"search_term_string\"}}],\"inLanguage\":\"fr-FR\"},{\"@type\":\"Organization\",\"@id\":\"https:\/\/www.mbh.fr\/fr\/#organization\",\"name\":\"mont blanc h\u00e9licopt\u00e8res\",\"url\":\"https:\/\/www.mbh.fr\/fr\/\",\"logo\":{\"@type\":\"ImageObject\",\"inLanguage\":\"fr-FR\",\"@id\":\"https:\/\/www.mbh.fr\/fr\/#\/schema\/logo\/image\/\",\"url\":\"\",\"contentUrl\":\"\",\"caption\":\"mont blanc h\u00e9licopt\u00e8res\"},\"image\":{\"@id\":\"https:\/\/www.mbh.fr\/fr\/#\/schema\/logo\/image\/\"},\"sameAs\":[\"https:\/\/www.facebook.com\/MontBlancHelicopteres\/\",\"https:\/\/x.com\/MBHelicopteres\",\"https:\/\/www.instagram.com\/montblanchelicopteres\/\",\"https:\/\/www.linkedin.com\/company\/715290\/\"]}]}<\/script>\n<!-- \/ Yoast SEO plugin. -->","yoast_head_json":{"title":"Saint Michel de Maurienne Galibier - Mont-Blanc H\u00e9licopt\u00e8res","robots":{"index":"index","follow":"follow","max-snippet":"max-snippet:-1","max-image-preview":"max-image-preview:large","max-video-preview":"max-video-preview:-1"},"canonical":"https:\/\/www.mbh.fr\/fr\/nos-bases\/saint-michel-de-maurienne-galibier\/","og_locale":"fr_FR","og_type":"article","og_title":"Saint Michel de Maurienne Galibier - Mont-Blanc H\u00e9licopt\u00e8res","og_description":"[vc_row type=\u00a0\u00bbfull_width_section\u00a0\u00bb bg_image=\u00a0\u00bb8932&Prime; top_padding=\u00a0\u00bb200&Prime; bottom_padding=\u00a0\u00bb200&Prime;][vc_column width=\u00a0\u00bb1\/1&Prime;][\/vc_column][\/vc_row][vc_row top_padding=\u00a0\u00bb50&Prime; bottom_padding=\u00a0\u00bb50&Prime; class=\u00a0\u00bbbase-content\u00a0\u00bb][vc_column width=\u00a0\u00bb2\/3&Prime;][vc_column_text] Vols H\u00e9licopt\u00e8re au d\u00e9part de Saint Michel de Maurienne Galibier [\/vc_column_text][vc_column_text] Tous nos services depuis Saint-Michel-de-Maurienne Galibier [\/vc_column_text][vc_row_inner][vc_column_inner width=\u00a0\u00bb2\/3&Prime;][vc_column_text]Au d\u00e9part de notre base de St Jean de Maurienne Galibier, prenez place \u00e0 bord d\u2019un h\u00e9licopt\u00e8re pour un vol panoramique. Partez \u00e0 la d\u00e9couverte des Pyr\u00e9n\u00e9es et survolez les sites catharesLa vall\u00e9e de la Maurienne en Savoie, plus longue vall\u00e9e alpine, s\u2019\u00e9tend sur 120 km entre l\u2019Italie et les Hautes-Alpes. Elle abrite, entre cols mythiques et Parc National de La Vanoise, de fabuleux espaces qui permettent de parcourir la montagne \u00e0 son rythme tout au long de l\u2019ann\u00e9e.\u00a0\u00bb[\/vc_column_text][\/vc_column_inner][vc_column_inner width=\u00a0\u00bb1\/3&Prime;][vc_single_image image=\u00a0\u00bb1398&Prime; alignment=\u00a0\u00bbcenter\u00a0\u00bb el_id=\u00a0\u00bbbase-logo\u00a0\u00bb][\/vc_column_inner][\/vc_row_inner][\/vc_column][vc_column width=\u00a0\u00bb1\/3&Prime;][\/vc_column][\/vc_row][vc_row][vc_column width=\u00a0\u00bb1\/2&Prime;][\/vc_column][vc_column width=\u00a0\u00bb1\/2&Prime;][\/vc_column][\/vc_row][vc_row][vc_column width=\u00a0\u00bb1\/1&Prime;][vc_empty_space height=\u00a0\u00bb50px\u00a0\u00bb][vc_column_text] R\u00e9servez votre vol au d\u00e9part de Saint Michel de Maurienne Galibier [\/vc_column_text][vc_empty_space height=\u00a0\u00bb25px\u00a0\u00bb][vc_btn title=\u00a0\u00bbNous contacter\u00a0\u00bb shape=\u00a0\u00bbsquare\u00a0\u00bb color=\u00a0\u00bbblack\u00a0\u00bb align=\u00a0\u00bbcenter\u00a0\u00bb i_align=\u00a0\u00bbright\u00a0\u00bb i_icon_fontawesome=\u00a0\u00bbfas fa-sign-out-alt\u00a0\u00bb add_icon=\u00a0\u00bbtrue\u00a0\u00bb link=\u00a0\u00bburl:https%3A%2F%2Fwww.mbh.fr%2Ffr%2Fcontact%2F%3Frecipient%3DLes%2BArcs\u00a0\u00bb][\/vc_column][\/vc_row][vc_row top_padding=\u00a0\u00bb50&Prime; bottom_padding=\u00a0\u00bb50&Prime;][vc_column width=\u00a0\u00bb2\/3&Prime;][vc_gmaps link=\u00a0\u00bb#E-8_JTNDaWZyYW1lJTIwc3JjJTNEJTIyaHR0cHMlM0ElMkYlMkZ3d3cuZ29vZ2xlLmNvbSUyRm1hcHMlMkZlbWJlZCUzRnBiJTNEJTIxMW0xOCUyMTFtMTIlMjExbTMlMjExZDg5ODk5LjI5OTk5NDgxMTM0JTIxMmQ2LjQyNTAxMjcyNzQ0MTc5NDUlMjEzZDQ1LjI0MDY1MTU5NjE2NDAyJTIxMm0zJTIxMWYwJTIxMmYwJTIxM2YwJTIxM20yJTIxMWkxMDI0JTIxMmk3NjglMjE0ZjEzLjElMjEzbTMlMjExbTIlMjExczB4NDc4YTI3MTI2YzY4ZWY2ZCUyNTNBMHhkYTIwOTU4YWM3ZjIxMGQlMjEyczczMTQwJTJCU2FpbnQtTWljaGVsLWRlLU1hdXJpZW5uZSUyMTVlMCUyMTNtMiUyMTFzZnIlMjEyc2ZyJTIxNHYxNTYyNTg5NjQ2OTY3JTIxNW0yJTIxMXNmciUyMTJzZnIlMjIlMjB3aWR0aCUzRCUyMjYwMCUyMiUyMGhlaWdodCUzRCUyMjQ1MCUyMiUyMGZyYW1lYm9yZGVyJTNEJTIyMCUyMiUyMHN0eWxlJTNEJTIyYm9yZGVyJTNBMCUyMiUyMGFsbG93ZnVsbHNjcmVlbiUzRSUzQyUyRmlmcmFtZSUzRQ==\u00a0\u00bb][\/vc_column][vc_column width=\u00a0\u00bb1\/3&Prime;][vc_btn title=\u00a0\u00bbMeteo\u00a0\u00bb style=\u00a0\u00bbclassic\u00a0\u00bb shape=\u00a0\u00bbsquare\u00a0\u00bb color=\u00a0\u00bbwhite\u00a0\u00bb size=\u00a0\u00bbsm\u00a0\u00bb align=\u00a0\u00bbleft\u00a0\u00bb i_icon_fontawesome=\u00a0\u00bbfa fa-sun-o\u00a0\u00bb button_block=\u00a0\u00bbtrue\u00a0\u00bb add_icon=\u00a0\u00bbtrue\u00a0\u00bb link=\u00a0\u00bburl:http%3A%2F%2Fwww.meteofrance.com%2Fprevisions-meteo-france%2Fsaint-michel-de-maurienne%2F73140||target:%20_blank|\u00a0\u00bb css=\u00a0\u00bb.vc_custom_1518799774964{margin-bottom: 10px !important;}\u00a0\u00bb][vc_btn title=\u00a0\u00bbWebsite\u00a0\u00bb style=\u00a0\u00bbclassic\u00a0\u00bb shape=\u00a0\u00bbsquare\u00a0\u00bb color=\u00a0\u00bbwhite\u00a0\u00bb size=\u00a0\u00bbsm\u00a0\u00bb align=\u00a0\u00bbleft\u00a0\u00bb i_icon_fontawesome=\u00a0\u00bbfa fa-mouse-pointer\u00a0\u00bb button_block=\u00a0\u00bbtrue\u00a0\u00bb add_icon=\u00a0\u00bbtrue\u00a0\u00bb link=\u00a0\u00bburl:https%3A%2F%2Fwww.facebook.com%2FH%C3%A9licopt%C3%A8re-de-France-Base-Maurienne-Galibier-1090231864454227%2F||target:%20_blank|\u00a0\u00bb css=\u00a0\u00bb.vc_custom_1511944680371{margin-bottom: 10px !important;}\u00a0\u00bb][\/vc_column][\/vc_row]","og_url":"https:\/\/www.mbh.fr\/fr\/nos-bases\/saint-michel-de-maurienne-galibier\/","og_site_name":"Mont-Blanc H\u00e9licopt\u00e8res","article_publisher":"https:\/\/www.facebook.com\/MontBlancHelicopteres\/","article_modified_time":"2022-02-25T08:57:48+00:00","twitter_card":"summary_large_image","twitter_site":"@MBHelicopteres","twitter_misc":{"Dur\u00e9e de lecture estim\u00e9e":"4 minutes"},"schema":{"@context":"https:\/\/schema.org","@graph":[{"@type":"WebPage","@id":"https:\/\/www.mbh.fr\/fr\/nos-bases\/saint-michel-de-maurienne-galibier\/","url":"https:\/\/www.mbh.fr\/fr\/nos-bases\/saint-michel-de-maurienne-galibier\/","name":"Saint Michel de Maurienne Galibier - Mont-Blanc H\u00e9licopt\u00e8res","isPartOf":{"@id":"https:\/\/www.mbh.fr\/fr\/#website"},"datePublished":"2022-02-25T08:57:23+00:00","dateModified":"2022-02-25T08:57:48+00:00","breadcrumb":{"@id":"https:\/\/www.mbh.fr\/fr\/nos-bases\/saint-michel-de-maurienne-galibier\/#breadcrumb"},"inLanguage":"fr-FR","potentialAction":[{"@type":"ReadAction","target":["https:\/\/www.mbh.fr\/fr\/nos-bases\/saint-michel-de-maurienne-galibier\/"]}]},{"@type":"BreadcrumbList","@id":"https:\/\/www.mbh.fr\/fr\/nos-bases\/saint-michel-de-maurienne-galibier\/#breadcrumb","itemListElement":[{"@type":"ListItem","position":1,"name":"Accueil","item":"https:\/\/www.mbh.fr\/fr\/"},{"@type":"ListItem","position":2,"name":"NOS BASES","item":"https:\/\/www.mbh.fr\/fr\/nos-bases\/"},{"@type":"ListItem","position":3,"name":"Saint Michel de Maurienne Galibier"}]},{"@type":"WebSite","@id":"https:\/\/www.mbh.fr\/fr\/#website","url":"https:\/\/www.mbh.fr\/fr\/","name":"Mont-Blanc H\u00e9licopt\u00e8res","description":"","publisher":{"@id":"https:\/\/www.mbh.fr\/fr\/#organization"},"potentialAction":[{"@type":"SearchAction","target":{"@type":"EntryPoint","urlTemplate":"https:\/\/www.mbh.fr\/fr\/?s={search_term_string}"},"query-input":{"@type":"PropertyValueSpecification","valueRequired":true,"valueName":"search_term_string"}}],"inLanguage":"fr-FR"},{"@type":"Organization","@id":"https:\/\/www.mbh.fr\/fr\/#organization","name":"mont blanc h\u00e9licopt\u00e8res","url":"https:\/\/www.mbh.fr\/fr\/","logo":{"@type":"ImageObject","inLanguage":"fr-FR","@id":"https:\/\/www.mbh.fr\/fr\/#\/schema\/logo\/image\/","url":"","contentUrl":"","caption":"mont blanc h\u00e9licopt\u00e8res"},"image":{"@id":"https:\/\/www.mbh.fr\/fr\/#\/schema\/logo\/image\/"},"sameAs":["https:\/\/www.facebook.com\/MontBlancHelicopteres\/","https:\/\/x.com\/MBHelicopteres","https:\/\/www.instagram.com\/montblanchelicopteres\/","https:\/\/www.linkedin.com\/company\/715290\/"]}]}},"_links":{"self":[{"href":"https:\/\/www.mbh.fr\/fr\/wp-json\/wp\/v2\/pages\/11227","targetHints":{"allow":["GET"]}}],"collection":[{"href":"https:\/\/www.mbh.fr\/fr\/wp-json\/wp\/v2\/pages"}],"about":[{"href":"https:\/\/www.mbh.fr\/fr\/wp-json\/wp\/v2\/types\/page"}],"author":[{"embeddable":true,"href":"https:\/\/www.mbh.fr\/fr\/wp-json\/wp\/v2\/users\/7"}],"replies":[{"embeddable":true,"href":"https:\/\/www.mbh.fr\/fr\/wp-json\/wp\/v2\/comments?post=11227"}],"version-history":[{"count":1,"href":"https:\/\/www.mbh.fr\/fr\/wp-json\/wp\/v2\/pages\/11227\/revisions"}],"predecessor-version":[{"id":11228,"href":"https:\/\/www.mbh.fr\/fr\/wp-json\/wp\/v2\/pages\/11227\/revisions\/11228"}],"up":[{"embeddable":true,"href":"https:\/\/www.mbh.fr\/fr\/wp-json\/wp\/v2\/pages\/2896"}],"wp:attachment":[{"href":"https:\/\/www.mbh.fr\/fr\/wp-json\/wp\/v2\/media?parent=11227"}],"curies":[{"name":"wp","href":"https:\/\/api.w.org\/{rel}","templated":true}]}}