{"id":11434,"date":"2022-04-08T17:02:31","date_gmt":"2022-04-08T15:02:31","guid":{"rendered":"https:\/\/www.mbh.fr\/?page_id=11434"},"modified":"2024-01-22T16:07:32","modified_gmt":"2024-01-22T15:07:32","slug":"vols-touristiques-st-jean-de-maurienne","status":"publish","type":"page","link":"https:\/\/www.mbh.fr\/fr\/nos-bases\/st-jean-de-maurienne\/vols-touristiques-st-jean-de-maurienne\/","title":{"rendered":"Vols touristiques St Jean de Maurienne"},"content":{"rendered":"<div class=\"wpb-content-wrapper\"><p>[vc_row bg_image=\u00a0\u00bb9409&Prime; bg_repeat=\u00a0\u00bbno-repeat\u00a0\u00bb top_padding=\u00a0\u00bb100&Prime; bottom_padding=\u00a0\u00bb100&Prime;][vc_column width=\u00a0\u00bb1\/2&Prime;][\/vc_column][vc_column bg_color=\u00a0\u00bbrgba(0,0,0,0.5)\u00a0\u00bb column_padding=\u00a0\u00bbpadding-5&Prime; column_center=\u00a0\u00bbtrue\u00a0\u00bb text_color=\u00a0\u00bblight\u00a0\u00bb width=\u00a0\u00bb1\/2&Prime;][vc_column_text]<\/p>\n<div class=\"wpb_text_column wpb_content_element \">\n<div class=\"wpb_wrapper\">\n<h1 class=\"p1\">Vols panoramiques <strong>St Jean de Maurienne<\/strong><\/h1>\n<\/div>\n<\/div>\n<p>[\/vc_column_text][\/vc_column][\/vc_row][vc_row top_padding=\u00a0\u00bb50&Prime; bottom_padding=\u00a0\u00bb50&Prime;][vc_column width=\u00a0\u00bb1\/6&Prime;][\/vc_column][vc_column width=\u00a0\u00bb2\/3&Prime;][vc_btn title=\u00a0\u00bbRetour \u00e0 la base St Jean de Maurienne\u00a0\u00bb style=\u00a0\u00bbclassic\u00a0\u00bb shape=\u00a0\u00bbsquare\u00a0\u00bb color=\u00a0\u00bbblack\u00a0\u00bb align=\u00a0\u00bbcenter\u00a0\u00bb i_icon_fontawesome=\u00a0\u00bbfas fa-undo\u00a0\u00bb add_icon=\u00a0\u00bbtrue\u00a0\u00bb link=\u00a0\u00bburl:https%3A%2F%2Fwww.mbh.fr%2Ffr%2Fnos-bases%2Fst-jean-de-maurienne%2F|title:St%20Jean%20de%20Maurienne\u00a0\u00bb][vc_column_text]<\/p>\n<p class=\"p1\" style=\"text-align: center;\"><span class=\"s1\">Mont Blanc H\u00e9licopt\u00e8res St Jean de Maurienne vous propose de d\u00e9couvrir la terre vue du ciel \u00e0 travers diff\u00e9rents circuits en h\u00e9licopt\u00e8re. Chaque vol peut \u00eatre adapt\u00e9 en fonction de vos envies. Pr\u00eat au d\u00e9collage ?<\/span><\/p>\n<p>[\/vc_column_text][\/vc_column][vc_column width=\u00a0\u00bb1\/6&Prime;][\/vc_column][\/vc_row][vc_row][vc_column width=\u00a0\u00bb1\/1&Prime;][vc_column_text]<\/p>\n<h2 class=\"p1\" style=\"text-align: center;\"><span class=\"s1\">Les incontournables Aiguilles d\u2019Arves et le Galibier <b>20min.<\/b><\/span><\/h2>\n<p>[\/vc_column_text]<div class=\"newdivider align-center\" style=\"border-bottom-style: solid; border-color: #eeeeee; border-bottom-width: 4px; margin-top: 25px; margin-bottom: 25px; width: 10%; \"><\/div><div class=\"clear\"><\/div>[vc_row_inner][vc_column_inner width=\u00a0\u00bb1\/2&Prime;][vc_column_text]Une fois les patins d\u00e9coll\u00e9s du sol, vous survolerez Les Aiguilles d&rsquo;Arves, le col du Galibier qui marque la fronti\u00e8re naturelle entre les alpes du nord et les alpes du sud, d\u00e9couvrez une vue panoramique sur la chaine des \u00e9crins, les stations de Valloire et Valmeinier, du Mont Thabor et sur le Mont Blanc par temps bien d\u00e9gag\u00e9.<\/p>\n<p>Itin\u00e9raire : Karellis &gt; Aiguille d&rsquo;Arves &gt; col du Galibier &gt; Vall\u00e9e de Valloire et de Valmeinier &gt; Mont Thabor<\/p>\n<ul>\n<li><b>Dur\u00e9e de l&rsquo;exp\u00e9rience : <\/b>20 minutes<\/li>\n<li><b>Tarif :\u00a0<\/b>750\u20ac\/rotation (de 1 \u00e0 5 passagers)<\/li>\n<\/ul>\n<p><img loading=\"lazy\" decoding=\"async\" class=\"alignnone wp-image-13640\" src=\"https:\/\/www.mbh.fr\/wp-content\/uploads\/2023\/11\/HELIGO_LOGO_GRIS_CMJN-1000x198.png\" alt=\"\" width=\"267\" height=\"53\" srcset=\"https:\/\/www.mbh.fr\/wp-content\/uploads\/2023\/11\/HELIGO_LOGO_GRIS_CMJN-1000x198.png 1000w, https:\/\/www.mbh.fr\/wp-content\/uploads\/2023\/11\/HELIGO_LOGO_GRIS_CMJN-1500x297.png 1500w, https:\/\/www.mbh.fr\/wp-content\/uploads\/2023\/11\/HELIGO_LOGO_GRIS_CMJN-768x152.png 768w, https:\/\/www.mbh.fr\/wp-content\/uploads\/2023\/11\/HELIGO_LOGO_GRIS_CMJN-1536x304.png 1536w, https:\/\/www.mbh.fr\/wp-content\/uploads\/2023\/11\/HELIGO_LOGO_GRIS_CMJN-2048x406.png 2048w\" sizes=\"auto, (max-width: 267px) 100vw, 267px\" \/>[\/vc_column_text][vc_btn title=\u00a0\u00bbR\u00e9server sur notre boutique\u00a0\u00bb style=\u00a0\u00bbclassic\u00a0\u00bb shape=\u00a0\u00bbsquare\u00a0\u00bb color=\u00a0\u00bbblack\u00a0\u00bb align=\u00a0\u00bbleft\u00a0\u00bb css_animation=\u00a0\u00bbbounceIn\u00a0\u00bb el_class=\u00a0\u00bbbtn-booking\u00a0\u00bb link=\u00a0\u00bburl:https%3A%2F%2Fheligo.aero%2Ffr%2Fst-jean-de-maurienne%2F139-135-aiguilles-d-arves-et-galibier-privatif-20min.html%23%2F44-contact_base-st_jean_de_maurienne_route_des_oeillettes_parc_a_bois_06_16_65_57_76_mauriennehdffr\u00a0\u00bb][vc_btn title=\u00a0\u00bbContactez-nous\u00a0\u00bb style=\u00a0\u00bbclassic\u00a0\u00bb shape=\u00a0\u00bbsquare\u00a0\u00bb color=\u00a0\u00bbblack\u00a0\u00bb align=\u00a0\u00bbleft\u00a0\u00bb link=\u00a0\u00bburl:https%3A%2F%2Fwww.mbh.fr%2Ffr%2Fcontact%2F|title:CONTACT\u00a0\u00bb el_class=\u00a0\u00bbbtn-contact\u00a0\u00bb][\/vc_column_inner][vc_column_inner width=\u00a0\u00bb1\/2&Prime;][vc_single_image image=\u00a0\u00bb11425&Prime; img_size=\u00a0\u00bbmedium\u00a0\u00bb onclick=\u00a0\u00bblink_image\u00a0\u00bb][\/vc_column_inner][\/vc_row_inner][vc_empty_space height=\u00a0\u00bb50px\u00a0\u00bb][\/vc_column][\/vc_row]<\/p>\n<\/div>","protected":false},"excerpt":{"rendered":"<p>[vc_row bg_image=\u00a0\u00bb9409&Prime; bg_repeat=\u00a0\u00bbno-repeat\u00a0\u00bb top_padding=\u00a0\u00bb100&Prime; bottom_padding=\u00a0\u00bb100&Prime;][vc_column width=\u00a0\u00bb1\/2&Prime;][\/vc_column][vc_column bg_color=\u00a0\u00bbrgba(0,0,0,0.5)\u00a0\u00bb column_padding=\u00a0\u00bbpadding-5&Prime; column_center=\u00a0\u00bbtrue\u00a0\u00bb text_color=\u00a0\u00bblight\u00a0\u00bb width=\u00a0\u00bb1\/2&Prime;][vc_column_text] Vols panoramiques St Jean de Maurienne [\/vc_column_text][\/vc_column][\/vc_row][vc_row top_padding=\u00a0\u00bb50&Prime; bottom_padding=\u00a0\u00bb50&Prime;][vc_column width=\u00a0\u00bb1\/6&Prime;][\/vc_column][vc_column width=\u00a0\u00bb2\/3&Prime;][vc_btn title=\u00a0\u00bbRetour \u00e0 la base St Jean de Maurienne\u00a0\u00bb style=\u00a0\u00bbclassic\u00a0\u00bb shape=\u00a0\u00bbsquare\u00a0\u00bb color=\u00a0\u00bbblack\u00a0\u00bb align=\u00a0\u00bbcenter\u00a0\u00bb i_icon_fontawesome=\u00a0\u00bbfas fa-undo\u00a0\u00bb add_icon=\u00a0\u00bbtrue\u00a0\u00bb link=\u00a0\u00bburl:https%3A%2F%2Fwww.mbh.fr%2Ffr%2Fnos-bases%2Fst-jean-de-maurienne%2F|title:St%20Jean%20de%20Maurienne\u00a0\u00bb][vc_column_text] Mont Blanc H\u00e9licopt\u00e8res St Jean de Maurienne vous propose de d\u00e9couvrir la terre vue du ciel \u00e0 travers diff\u00e9rents circuits en h\u00e9licopt\u00e8re. Chaque vol peut \u00eatre adapt\u00e9 en fonction de vos envies. Pr\u00eat au d\u00e9collage ? [\/vc_column_text][\/vc_column][vc_column width=\u00a0\u00bb1\/6&Prime;][\/vc_column][\/vc_row][vc_row][vc_column width=\u00a0\u00bb1\/1&Prime;][vc_column_text] Les incontournables Aiguilles d\u2019Arves et le Galibier 20min. [\/vc_column_text][vc_row_inner][vc_column_inner width=\u00a0\u00bb1\/2&Prime;][vc_column_text]Une fois les patins d\u00e9coll\u00e9s du sol, vous survolerez Les Aiguilles d&rsquo;Arves, le col du Galibier qui marque la fronti\u00e8re naturelle entre les alpes du nord et les alpes du sud, d\u00e9couvrez une vue panoramique sur la chaine des \u00e9crins, les stations de Valloire et Valmeinier, du Mont Thabor et sur le Mont Blanc par temps bien d\u00e9gag\u00e9. Itin\u00e9raire : Karellis &gt; Aiguille d&rsquo;Arves &gt; col du Galibier &gt; Vall\u00e9e de Valloire et de Valmeinier &gt; Mont Thabor Dur\u00e9e de l&rsquo;exp\u00e9rience : 20 minutes Tarif :\u00a0750\u20ac\/rotation (de 1 \u00e0 5 passagers) [\/vc_column_text][vc_btn title=\u00a0\u00bbR\u00e9server sur notre boutique\u00a0\u00bb style=\u00a0\u00bbclassic\u00a0\u00bb shape=\u00a0\u00bbsquare\u00a0\u00bb color=\u00a0\u00bbblack\u00a0\u00bb align=\u00a0\u00bbleft\u00a0\u00bb css_animation=\u00a0\u00bbbounceIn\u00a0\u00bb el_class=\u00a0\u00bbbtn-booking\u00a0\u00bb link=\u00a0\u00bburl:https%3A%2F%2Fheligo.aero%2Ffr%2Fst-jean-de-maurienne%2F139-135-aiguilles-d-arves-et-galibier-privatif-20min.html%23%2F44-contact_base-st_jean_de_maurienne_route_des_oeillettes_parc_a_bois_06_16_65_57_76_mauriennehdffr\u00a0\u00bb][vc_btn title=\u00a0\u00bbContactez-nous\u00a0\u00bb style=\u00a0\u00bbclassic\u00a0\u00bb shape=\u00a0\u00bbsquare\u00a0\u00bb color=\u00a0\u00bbblack\u00a0\u00bb align=\u00a0\u00bbleft\u00a0\u00bb link=\u00a0\u00bburl:https%3A%2F%2Fwww.mbh.fr%2Ffr%2Fcontact%2F|title:CONTACT\u00a0\u00bb el_class=\u00a0\u00bbbtn-contact\u00a0\u00bb][\/vc_column_inner][vc_column_inner width=\u00a0\u00bb1\/2&Prime;][vc_single_image image=\u00a0\u00bb11425&Prime; img_size=\u00a0\u00bbmedium\u00a0\u00bb onclick=\u00a0\u00bblink_image\u00a0\u00bb][\/vc_column_inner][\/vc_row_inner][vc_empty_space [&hellip;]<\/p>\n","protected":false},"author":7,"featured_media":0,"parent":11411,"menu_order":10,"comment_status":"closed","ping_status":"closed","template":"page-base.php","meta":{"_acf_changed":false,"footnotes":""},"class_list":["post-11434","page","type-page","status-publish","hentry"],"acf":[],"yoast_head":"<!-- This site is optimized with the Yoast SEO plugin v26.9 - https:\/\/yoast.com\/product\/yoast-seo-wordpress\/ -->\n<title>Vols touristiques St Jean de Maurienne - Mont-Blanc H\u00e9licopt\u00e8res<\/title>\n<meta name=\"robots\" content=\"index, follow, max-snippet:-1, max-image-preview:large, max-video-preview:-1\" \/>\n<link rel=\"canonical\" href=\"https:\/\/www.mbh.fr\/fr\/nos-bases\/st-jean-de-maurienne\/vols-touristiques-st-jean-de-maurienne\/\" \/>\n<meta property=\"og:locale\" content=\"fr_FR\" \/>\n<meta property=\"og:type\" content=\"article\" \/>\n<meta property=\"og:title\" content=\"Vols touristiques St Jean de Maurienne - Mont-Blanc H\u00e9licopt\u00e8res\" \/>\n<meta property=\"og:description\" content=\"[vc_row bg_image=\u00a0\u00bb9409&Prime; bg_repeat=\u00a0\u00bbno-repeat\u00a0\u00bb top_padding=\u00a0\u00bb100&Prime; bottom_padding=\u00a0\u00bb100&Prime;][vc_column width=\u00a0\u00bb1\/2&Prime;][\/vc_column][vc_column bg_color=\u00a0\u00bbrgba(0,0,0,0.5)\u00a0\u00bb column_padding=\u00a0\u00bbpadding-5&Prime; column_center=\u00a0\u00bbtrue\u00a0\u00bb text_color=\u00a0\u00bblight\u00a0\u00bb width=\u00a0\u00bb1\/2&Prime;][vc_column_text] Vols panoramiques St Jean de Maurienne [\/vc_column_text][\/vc_column][\/vc_row][vc_row top_padding=\u00a0\u00bb50&Prime; bottom_padding=\u00a0\u00bb50&Prime;][vc_column width=\u00a0\u00bb1\/6&Prime;][\/vc_column][vc_column width=\u00a0\u00bb2\/3&Prime;][vc_btn title=\u00a0\u00bbRetour \u00e0 la base St Jean de Maurienne\u00a0\u00bb style=\u00a0\u00bbclassic\u00a0\u00bb shape=\u00a0\u00bbsquare\u00a0\u00bb color=\u00a0\u00bbblack\u00a0\u00bb align=\u00a0\u00bbcenter\u00a0\u00bb i_icon_fontawesome=\u00a0\u00bbfas fa-undo\u00a0\u00bb add_icon=\u00a0\u00bbtrue\u00a0\u00bb link=\u00a0\u00bburl:https%3A%2F%2Fwww.mbh.fr%2Ffr%2Fnos-bases%2Fst-jean-de-maurienne%2F|title:St%20Jean%20de%20Maurienne\u00a0\u00bb][vc_column_text] Mont Blanc H\u00e9licopt\u00e8res St Jean de Maurienne vous propose de d\u00e9couvrir la terre vue du ciel \u00e0 travers diff\u00e9rents circuits en h\u00e9licopt\u00e8re. Chaque vol peut \u00eatre adapt\u00e9 en fonction de vos envies. Pr\u00eat au d\u00e9collage ? [\/vc_column_text][\/vc_column][vc_column width=\u00a0\u00bb1\/6&Prime;][\/vc_column][\/vc_row][vc_row][vc_column width=\u00a0\u00bb1\/1&Prime;][vc_column_text] Les incontournables Aiguilles d\u2019Arves et le Galibier 20min. [\/vc_column_text][vc_row_inner][vc_column_inner width=\u00a0\u00bb1\/2&Prime;][vc_column_text]Une fois les patins d\u00e9coll\u00e9s du sol, vous survolerez Les Aiguilles d&rsquo;Arves, le col du Galibier qui marque la fronti\u00e8re naturelle entre les alpes du nord et les alpes du sud, d\u00e9couvrez une vue panoramique sur la chaine des \u00e9crins, les stations de Valloire et Valmeinier, du Mont Thabor et sur le Mont Blanc par temps bien d\u00e9gag\u00e9. Itin\u00e9raire : Karellis &gt; Aiguille d&rsquo;Arves &gt; col du Galibier &gt; Vall\u00e9e de Valloire et de Valmeinier &gt; Mont Thabor Dur\u00e9e de l&rsquo;exp\u00e9rience : 20 minutes Tarif :\u00a0750\u20ac\/rotation (de 1 \u00e0 5 passagers) [\/vc_column_text][vc_btn title=\u00a0\u00bbR\u00e9server sur notre boutique\u00a0\u00bb style=\u00a0\u00bbclassic\u00a0\u00bb shape=\u00a0\u00bbsquare\u00a0\u00bb color=\u00a0\u00bbblack\u00a0\u00bb align=\u00a0\u00bbleft\u00a0\u00bb css_animation=\u00a0\u00bbbounceIn\u00a0\u00bb el_class=\u00a0\u00bbbtn-booking\u00a0\u00bb link=\u00a0\u00bburl:https%3A%2F%2Fheligo.aero%2Ffr%2Fst-jean-de-maurienne%2F139-135-aiguilles-d-arves-et-galibier-privatif-20min.html%23%2F44-contact_base-st_jean_de_maurienne_route_des_oeillettes_parc_a_bois_06_16_65_57_76_mauriennehdffr\u00a0\u00bb][vc_btn title=\u00a0\u00bbContactez-nous\u00a0\u00bb style=\u00a0\u00bbclassic\u00a0\u00bb shape=\u00a0\u00bbsquare\u00a0\u00bb color=\u00a0\u00bbblack\u00a0\u00bb align=\u00a0\u00bbleft\u00a0\u00bb link=\u00a0\u00bburl:https%3A%2F%2Fwww.mbh.fr%2Ffr%2Fcontact%2F|title:CONTACT\u00a0\u00bb el_class=\u00a0\u00bbbtn-contact\u00a0\u00bb][\/vc_column_inner][vc_column_inner width=\u00a0\u00bb1\/2&Prime;][vc_single_image image=\u00a0\u00bb11425&Prime; img_size=\u00a0\u00bbmedium\u00a0\u00bb onclick=\u00a0\u00bblink_image\u00a0\u00bb][\/vc_column_inner][\/vc_row_inner][vc_empty_space [&hellip;]\" \/>\n<meta property=\"og:url\" content=\"https:\/\/www.mbh.fr\/fr\/nos-bases\/st-jean-de-maurienne\/vols-touristiques-st-jean-de-maurienne\/\" \/>\n<meta property=\"og:site_name\" content=\"Mont-Blanc H\u00e9licopt\u00e8res\" \/>\n<meta property=\"article:publisher\" content=\"https:\/\/www.facebook.com\/MontBlancHelicopteres\/\" \/>\n<meta property=\"article:modified_time\" content=\"2024-01-22T15:07:32+00:00\" \/>\n<meta property=\"og:image\" content=\"https:\/\/www.mbh.fr\/wp-content\/uploads\/2023\/11\/HELIGO_LOGO_GRIS_CMJN-1000x198.png\" \/>\n<meta name=\"twitter:card\" content=\"summary_large_image\" \/>\n<meta name=\"twitter:site\" content=\"@MBHelicopteres\" \/>\n<meta name=\"twitter:label1\" content=\"Dur\u00e9e de lecture estim\u00e9e\" \/>\n\t<meta name=\"twitter:data1\" content=\"2 minutes\" \/>\n<script type=\"application\/ld+json\" class=\"yoast-schema-graph\">{\"@context\":\"https:\/\/schema.org\",\"@graph\":[{\"@type\":\"WebPage\",\"@id\":\"https:\/\/www.mbh.fr\/fr\/nos-bases\/st-jean-de-maurienne\/vols-touristiques-st-jean-de-maurienne\/\",\"url\":\"https:\/\/www.mbh.fr\/fr\/nos-bases\/st-jean-de-maurienne\/vols-touristiques-st-jean-de-maurienne\/\",\"name\":\"Vols touristiques St Jean de Maurienne - Mont-Blanc H\u00e9licopt\u00e8res\",\"isPartOf\":{\"@id\":\"https:\/\/www.mbh.fr\/fr\/#website\"},\"primaryImageOfPage\":{\"@id\":\"https:\/\/www.mbh.fr\/fr\/nos-bases\/st-jean-de-maurienne\/vols-touristiques-st-jean-de-maurienne\/#primaryimage\"},\"image\":{\"@id\":\"https:\/\/www.mbh.fr\/fr\/nos-bases\/st-jean-de-maurienne\/vols-touristiques-st-jean-de-maurienne\/#primaryimage\"},\"thumbnailUrl\":\"https:\/\/www.mbh.fr\/wp-content\/uploads\/2023\/11\/HELIGO_LOGO_GRIS_CMJN-1000x198.png\",\"datePublished\":\"2022-04-08T15:02:31+00:00\",\"dateModified\":\"2024-01-22T15:07:32+00:00\",\"breadcrumb\":{\"@id\":\"https:\/\/www.mbh.fr\/fr\/nos-bases\/st-jean-de-maurienne\/vols-touristiques-st-jean-de-maurienne\/#breadcrumb\"},\"inLanguage\":\"fr-FR\",\"potentialAction\":[{\"@type\":\"ReadAction\",\"target\":[\"https:\/\/www.mbh.fr\/fr\/nos-bases\/st-jean-de-maurienne\/vols-touristiques-st-jean-de-maurienne\/\"]}]},{\"@type\":\"ImageObject\",\"inLanguage\":\"fr-FR\",\"@id\":\"https:\/\/www.mbh.fr\/fr\/nos-bases\/st-jean-de-maurienne\/vols-touristiques-st-jean-de-maurienne\/#primaryimage\",\"url\":\"https:\/\/www.mbh.fr\/wp-content\/uploads\/2023\/11\/HELIGO_LOGO_GRIS_CMJN-1000x198.png\",\"contentUrl\":\"https:\/\/www.mbh.fr\/wp-content\/uploads\/2023\/11\/HELIGO_LOGO_GRIS_CMJN-1000x198.png\"},{\"@type\":\"BreadcrumbList\",\"@id\":\"https:\/\/www.mbh.fr\/fr\/nos-bases\/st-jean-de-maurienne\/vols-touristiques-st-jean-de-maurienne\/#breadcrumb\",\"itemListElement\":[{\"@type\":\"ListItem\",\"position\":1,\"name\":\"Accueil\",\"item\":\"https:\/\/www.mbh.fr\/fr\/\"},{\"@type\":\"ListItem\",\"position\":2,\"name\":\"NOS BASES\",\"item\":\"https:\/\/www.mbh.fr\/fr\/nos-bases\/\"},{\"@type\":\"ListItem\",\"position\":3,\"name\":\"St Jean de Maurienne\",\"item\":\"https:\/\/www.mbh.fr\/fr\/nos-bases\/st-jean-de-maurienne\/\"},{\"@type\":\"ListItem\",\"position\":4,\"name\":\"Vols touristiques St Jean de Maurienne\"}]},{\"@type\":\"WebSite\",\"@id\":\"https:\/\/www.mbh.fr\/fr\/#website\",\"url\":\"https:\/\/www.mbh.fr\/fr\/\",\"name\":\"Mont-Blanc H\u00e9licopt\u00e8res\",\"description\":\"\",\"publisher\":{\"@id\":\"https:\/\/www.mbh.fr\/fr\/#organization\"},\"potentialAction\":[{\"@type\":\"SearchAction\",\"target\":{\"@type\":\"EntryPoint\",\"urlTemplate\":\"https:\/\/www.mbh.fr\/fr\/?s={search_term_string}\"},\"query-input\":{\"@type\":\"PropertyValueSpecification\",\"valueRequired\":true,\"valueName\":\"search_term_string\"}}],\"inLanguage\":\"fr-FR\"},{\"@type\":\"Organization\",\"@id\":\"https:\/\/www.mbh.fr\/fr\/#organization\",\"name\":\"mont blanc h\u00e9licopt\u00e8res\",\"url\":\"https:\/\/www.mbh.fr\/fr\/\",\"logo\":{\"@type\":\"ImageObject\",\"inLanguage\":\"fr-FR\",\"@id\":\"https:\/\/www.mbh.fr\/fr\/#\/schema\/logo\/image\/\",\"url\":\"\",\"contentUrl\":\"\",\"caption\":\"mont blanc h\u00e9licopt\u00e8res\"},\"image\":{\"@id\":\"https:\/\/www.mbh.fr\/fr\/#\/schema\/logo\/image\/\"},\"sameAs\":[\"https:\/\/www.facebook.com\/MontBlancHelicopteres\/\",\"https:\/\/x.com\/MBHelicopteres\",\"https:\/\/www.instagram.com\/montblanchelicopteres\/\",\"https:\/\/www.linkedin.com\/company\/715290\/\"]}]}<\/script>\n<!-- \/ Yoast SEO plugin. -->","yoast_head_json":{"title":"Vols touristiques St Jean de Maurienne - Mont-Blanc H\u00e9licopt\u00e8res","robots":{"index":"index","follow":"follow","max-snippet":"max-snippet:-1","max-image-preview":"max-image-preview:large","max-video-preview":"max-video-preview:-1"},"canonical":"https:\/\/www.mbh.fr\/fr\/nos-bases\/st-jean-de-maurienne\/vols-touristiques-st-jean-de-maurienne\/","og_locale":"fr_FR","og_type":"article","og_title":"Vols touristiques St Jean de Maurienne - Mont-Blanc H\u00e9licopt\u00e8res","og_description":"[vc_row bg_image=\u00a0\u00bb9409&Prime; bg_repeat=\u00a0\u00bbno-repeat\u00a0\u00bb top_padding=\u00a0\u00bb100&Prime; bottom_padding=\u00a0\u00bb100&Prime;][vc_column width=\u00a0\u00bb1\/2&Prime;][\/vc_column][vc_column bg_color=\u00a0\u00bbrgba(0,0,0,0.5)\u00a0\u00bb column_padding=\u00a0\u00bbpadding-5&Prime; column_center=\u00a0\u00bbtrue\u00a0\u00bb text_color=\u00a0\u00bblight\u00a0\u00bb width=\u00a0\u00bb1\/2&Prime;][vc_column_text] Vols panoramiques St Jean de Maurienne [\/vc_column_text][\/vc_column][\/vc_row][vc_row top_padding=\u00a0\u00bb50&Prime; bottom_padding=\u00a0\u00bb50&Prime;][vc_column width=\u00a0\u00bb1\/6&Prime;][\/vc_column][vc_column width=\u00a0\u00bb2\/3&Prime;][vc_btn title=\u00a0\u00bbRetour \u00e0 la base St Jean de Maurienne\u00a0\u00bb style=\u00a0\u00bbclassic\u00a0\u00bb shape=\u00a0\u00bbsquare\u00a0\u00bb color=\u00a0\u00bbblack\u00a0\u00bb align=\u00a0\u00bbcenter\u00a0\u00bb i_icon_fontawesome=\u00a0\u00bbfas fa-undo\u00a0\u00bb add_icon=\u00a0\u00bbtrue\u00a0\u00bb link=\u00a0\u00bburl:https%3A%2F%2Fwww.mbh.fr%2Ffr%2Fnos-bases%2Fst-jean-de-maurienne%2F|title:St%20Jean%20de%20Maurienne\u00a0\u00bb][vc_column_text] Mont Blanc H\u00e9licopt\u00e8res St Jean de Maurienne vous propose de d\u00e9couvrir la terre vue du ciel \u00e0 travers diff\u00e9rents circuits en h\u00e9licopt\u00e8re. Chaque vol peut \u00eatre adapt\u00e9 en fonction de vos envies. Pr\u00eat au d\u00e9collage ? [\/vc_column_text][\/vc_column][vc_column width=\u00a0\u00bb1\/6&Prime;][\/vc_column][\/vc_row][vc_row][vc_column width=\u00a0\u00bb1\/1&Prime;][vc_column_text] Les incontournables Aiguilles d\u2019Arves et le Galibier 20min. [\/vc_column_text][vc_row_inner][vc_column_inner width=\u00a0\u00bb1\/2&Prime;][vc_column_text]Une fois les patins d\u00e9coll\u00e9s du sol, vous survolerez Les Aiguilles d&rsquo;Arves, le col du Galibier qui marque la fronti\u00e8re naturelle entre les alpes du nord et les alpes du sud, d\u00e9couvrez une vue panoramique sur la chaine des \u00e9crins, les stations de Valloire et Valmeinier, du Mont Thabor et sur le Mont Blanc par temps bien d\u00e9gag\u00e9. Itin\u00e9raire : Karellis &gt; Aiguille d&rsquo;Arves &gt; col du Galibier &gt; Vall\u00e9e de Valloire et de Valmeinier &gt; Mont Thabor Dur\u00e9e de l&rsquo;exp\u00e9rience : 20 minutes Tarif :\u00a0750\u20ac\/rotation (de 1 \u00e0 5 passagers) [\/vc_column_text][vc_btn title=\u00a0\u00bbR\u00e9server sur notre boutique\u00a0\u00bb style=\u00a0\u00bbclassic\u00a0\u00bb shape=\u00a0\u00bbsquare\u00a0\u00bb color=\u00a0\u00bbblack\u00a0\u00bb align=\u00a0\u00bbleft\u00a0\u00bb css_animation=\u00a0\u00bbbounceIn\u00a0\u00bb el_class=\u00a0\u00bbbtn-booking\u00a0\u00bb link=\u00a0\u00bburl:https%3A%2F%2Fheligo.aero%2Ffr%2Fst-jean-de-maurienne%2F139-135-aiguilles-d-arves-et-galibier-privatif-20min.html%23%2F44-contact_base-st_jean_de_maurienne_route_des_oeillettes_parc_a_bois_06_16_65_57_76_mauriennehdffr\u00a0\u00bb][vc_btn title=\u00a0\u00bbContactez-nous\u00a0\u00bb style=\u00a0\u00bbclassic\u00a0\u00bb shape=\u00a0\u00bbsquare\u00a0\u00bb color=\u00a0\u00bbblack\u00a0\u00bb align=\u00a0\u00bbleft\u00a0\u00bb link=\u00a0\u00bburl:https%3A%2F%2Fwww.mbh.fr%2Ffr%2Fcontact%2F|title:CONTACT\u00a0\u00bb el_class=\u00a0\u00bbbtn-contact\u00a0\u00bb][\/vc_column_inner][vc_column_inner width=\u00a0\u00bb1\/2&Prime;][vc_single_image image=\u00a0\u00bb11425&Prime; img_size=\u00a0\u00bbmedium\u00a0\u00bb onclick=\u00a0\u00bblink_image\u00a0\u00bb][\/vc_column_inner][\/vc_row_inner][vc_empty_space [&hellip;]","og_url":"https:\/\/www.mbh.fr\/fr\/nos-bases\/st-jean-de-maurienne\/vols-touristiques-st-jean-de-maurienne\/","og_site_name":"Mont-Blanc H\u00e9licopt\u00e8res","article_publisher":"https:\/\/www.facebook.com\/MontBlancHelicopteres\/","article_modified_time":"2024-01-22T15:07:32+00:00","og_image":[{"url":"https:\/\/www.mbh.fr\/wp-content\/uploads\/2023\/11\/HELIGO_LOGO_GRIS_CMJN-1000x198.png","type":"","width":"","height":""}],"twitter_card":"summary_large_image","twitter_site":"@MBHelicopteres","twitter_misc":{"Dur\u00e9e de lecture estim\u00e9e":"2 minutes"},"schema":{"@context":"https:\/\/schema.org","@graph":[{"@type":"WebPage","@id":"https:\/\/www.mbh.fr\/fr\/nos-bases\/st-jean-de-maurienne\/vols-touristiques-st-jean-de-maurienne\/","url":"https:\/\/www.mbh.fr\/fr\/nos-bases\/st-jean-de-maurienne\/vols-touristiques-st-jean-de-maurienne\/","name":"Vols touristiques St Jean de Maurienne - Mont-Blanc H\u00e9licopt\u00e8res","isPartOf":{"@id":"https:\/\/www.mbh.fr\/fr\/#website"},"primaryImageOfPage":{"@id":"https:\/\/www.mbh.fr\/fr\/nos-bases\/st-jean-de-maurienne\/vols-touristiques-st-jean-de-maurienne\/#primaryimage"},"image":{"@id":"https:\/\/www.mbh.fr\/fr\/nos-bases\/st-jean-de-maurienne\/vols-touristiques-st-jean-de-maurienne\/#primaryimage"},"thumbnailUrl":"https:\/\/www.mbh.fr\/wp-content\/uploads\/2023\/11\/HELIGO_LOGO_GRIS_CMJN-1000x198.png","datePublished":"2022-04-08T15:02:31+00:00","dateModified":"2024-01-22T15:07:32+00:00","breadcrumb":{"@id":"https:\/\/www.mbh.fr\/fr\/nos-bases\/st-jean-de-maurienne\/vols-touristiques-st-jean-de-maurienne\/#breadcrumb"},"inLanguage":"fr-FR","potentialAction":[{"@type":"ReadAction","target":["https:\/\/www.mbh.fr\/fr\/nos-bases\/st-jean-de-maurienne\/vols-touristiques-st-jean-de-maurienne\/"]}]},{"@type":"ImageObject","inLanguage":"fr-FR","@id":"https:\/\/www.mbh.fr\/fr\/nos-bases\/st-jean-de-maurienne\/vols-touristiques-st-jean-de-maurienne\/#primaryimage","url":"https:\/\/www.mbh.fr\/wp-content\/uploads\/2023\/11\/HELIGO_LOGO_GRIS_CMJN-1000x198.png","contentUrl":"https:\/\/www.mbh.fr\/wp-content\/uploads\/2023\/11\/HELIGO_LOGO_GRIS_CMJN-1000x198.png"},{"@type":"BreadcrumbList","@id":"https:\/\/www.mbh.fr\/fr\/nos-bases\/st-jean-de-maurienne\/vols-touristiques-st-jean-de-maurienne\/#breadcrumb","itemListElement":[{"@type":"ListItem","position":1,"name":"Accueil","item":"https:\/\/www.mbh.fr\/fr\/"},{"@type":"ListItem","position":2,"name":"NOS BASES","item":"https:\/\/www.mbh.fr\/fr\/nos-bases\/"},{"@type":"ListItem","position":3,"name":"St Jean de Maurienne","item":"https:\/\/www.mbh.fr\/fr\/nos-bases\/st-jean-de-maurienne\/"},{"@type":"ListItem","position":4,"name":"Vols touristiques St Jean de Maurienne"}]},{"@type":"WebSite","@id":"https:\/\/www.mbh.fr\/fr\/#website","url":"https:\/\/www.mbh.fr\/fr\/","name":"Mont-Blanc H\u00e9licopt\u00e8res","description":"","publisher":{"@id":"https:\/\/www.mbh.fr\/fr\/#organization"},"potentialAction":[{"@type":"SearchAction","target":{"@type":"EntryPoint","urlTemplate":"https:\/\/www.mbh.fr\/fr\/?s={search_term_string}"},"query-input":{"@type":"PropertyValueSpecification","valueRequired":true,"valueName":"search_term_string"}}],"inLanguage":"fr-FR"},{"@type":"Organization","@id":"https:\/\/www.mbh.fr\/fr\/#organization","name":"mont blanc h\u00e9licopt\u00e8res","url":"https:\/\/www.mbh.fr\/fr\/","logo":{"@type":"ImageObject","inLanguage":"fr-FR","@id":"https:\/\/www.mbh.fr\/fr\/#\/schema\/logo\/image\/","url":"","contentUrl":"","caption":"mont blanc h\u00e9licopt\u00e8res"},"image":{"@id":"https:\/\/www.mbh.fr\/fr\/#\/schema\/logo\/image\/"},"sameAs":["https:\/\/www.facebook.com\/MontBlancHelicopteres\/","https:\/\/x.com\/MBHelicopteres","https:\/\/www.instagram.com\/montblanchelicopteres\/","https:\/\/www.linkedin.com\/company\/715290\/"]}]}},"_links":{"self":[{"href":"https:\/\/www.mbh.fr\/fr\/wp-json\/wp\/v2\/pages\/11434","targetHints":{"allow":["GET"]}}],"collection":[{"href":"https:\/\/www.mbh.fr\/fr\/wp-json\/wp\/v2\/pages"}],"about":[{"href":"https:\/\/www.mbh.fr\/fr\/wp-json\/wp\/v2\/types\/page"}],"author":[{"embeddable":true,"href":"https:\/\/www.mbh.fr\/fr\/wp-json\/wp\/v2\/users\/7"}],"replies":[{"embeddable":true,"href":"https:\/\/www.mbh.fr\/fr\/wp-json\/wp\/v2\/comments?post=11434"}],"version-history":[{"count":6,"href":"https:\/\/www.mbh.fr\/fr\/wp-json\/wp\/v2\/pages\/11434\/revisions"}],"predecessor-version":[{"id":13887,"href":"https:\/\/www.mbh.fr\/fr\/wp-json\/wp\/v2\/pages\/11434\/revisions\/13887"}],"up":[{"embeddable":true,"href":"https:\/\/www.mbh.fr\/fr\/wp-json\/wp\/v2\/pages\/11411"}],"wp:attachment":[{"href":"https:\/\/www.mbh.fr\/fr\/wp-json\/wp\/v2\/media?parent=11434"}],"curies":[{"name":"wp","href":"https:\/\/api.w.org\/{rel}","templated":true}]}}