{"id":2825,"date":"2018-01-25T10:23:35","date_gmt":"2018-01-25T09:23:35","guid":{"rendered":"http:\/\/www.mbh.fr\/?page_id=2825"},"modified":"2018-02-20T09:16:33","modified_gmt":"2018-02-20T08:16:33","slug":"ryder-cup","status":"publish","type":"page","link":"https:\/\/www.mbh.fr\/fr\/services\/vol-passagers\/evenements\/ryder-cup\/","title":{"rendered":"RYDER CUP"},"content":{"rendered":"<div class=\"wpb-content-wrapper\"><p>[vc_row][vc_column width=\u00a0\u00bb1\/2&Prime;][vc_column_text]<\/p>\n<h3><strong>25 &#8211; 30 Septembre 2018<\/strong><\/h3>\n<p>L&rsquo;\u00e9v\u00e9nement sportif majeur de la rentr\u00e9e 2018<\/p>\n<p>R\u00e9servez votre transfert par h\u00e9licopt\u00e8re au d\u00e9part de Paris, Lyon ou Deauville<\/p>\n<p>Pour plus d&rsquo;informations, voir le site officiel\u00a0<a href=\"http:\/\/www.rydercup.com\">Ryder Cup<\/a><\/p>\n<p>Nous contacter pour toute reservation <strong>\u00a0<\/strong><a href=\"mailto:paris@mbh.fr\">paris@mbh.fr<\/a>[\/vc_column_text]<div class=\"single_image wpb_content_element align-left    \" data-animation=\"none\" data-delay=\"0\"><\/div><div class=\"single_image wpb_content_element align-left    \" data-animation=\"none\" data-delay=\"0\"><\/div>[\/vc_column][vc_column width=\u00a0\u00bb1\/2&Prime;]<div class=\"single_image wpb_content_element align-left    \" data-animation=\"none\" data-delay=\"0\"><img loading=\"lazy\" decoding=\"async\" width=\"1000\" height=\"500\" src=\"https:\/\/www.mbh.fr\/wp-content\/uploads\/2017\/11\/logo-ryder-cup.jpg\" class=\"attachment-full\" alt=\"\" title=\"logo-ryder-cup\" srcset=\"https:\/\/www.mbh.fr\/wp-content\/uploads\/2017\/11\/logo-ryder-cup.jpg 1000w, https:\/\/www.mbh.fr\/wp-content\/uploads\/2017\/11\/logo-ryder-cup-768x384.jpg 768w\" sizes=\"auto, (max-width: 1000px) 100vw, 1000px\" \/><\/div><div class=\"single_image wpb_content_element align-left    \" data-animation=\"none\" data-delay=\"0\"><\/div><div class=\"single_image wpb_content_element align-left    \" data-animation=\"none\" data-delay=\"0\"><\/div>[\/vc_column][\/vc_row]<\/p>\n<\/div>","protected":false},"excerpt":{"rendered":"<p>[vc_row][vc_column width=\u00a0\u00bb1\/2&Prime;][vc_column_text] 25 &#8211; 30 Septembre 2018 L&rsquo;\u00e9v\u00e9nement sportif majeur de la rentr\u00e9e 2018 R\u00e9servez votre transfert par h\u00e9licopt\u00e8re au d\u00e9part de Paris, Lyon ou Deauville Pour plus d&rsquo;informations, voir le site officiel\u00a0Ryder Cup Nous contacter pour toute reservation \u00a0paris@mbh.fr[\/vc_column_text][\/vc_column][vc_column width=\u00a0\u00bb1\/2&Prime;][\/vc_column][\/vc_row]<\/p>\n","protected":false},"author":7,"featured_media":0,"parent":2814,"menu_order":0,"comment_status":"closed","ping_status":"closed","template":"","meta":{"_acf_changed":false,"footnotes":""},"class_list":["post-2825","page","type-page","status-publish","hentry"],"acf":[],"yoast_head":"<!-- This site is optimized with the Yoast SEO plugin v26.9 - https:\/\/yoast.com\/product\/yoast-seo-wordpress\/ -->\n<title>RYDER CUP - Mont-Blanc H\u00e9licopt\u00e8res<\/title>\n<meta name=\"robots\" content=\"index, follow, max-snippet:-1, max-image-preview:large, max-video-preview:-1\" \/>\n<link rel=\"canonical\" href=\"https:\/\/www.mbh.fr\/fr\/services\/vol-passagers\/evenements\/ryder-cup\/\" \/>\n<meta property=\"og:locale\" content=\"fr_FR\" \/>\n<meta property=\"og:type\" content=\"article\" \/>\n<meta property=\"og:title\" content=\"RYDER CUP - Mont-Blanc H\u00e9licopt\u00e8res\" \/>\n<meta property=\"og:description\" content=\"[vc_row][vc_column width=\u00a0\u00bb1\/2&Prime;][vc_column_text] 25 &#8211; 30 Septembre 2018 L&rsquo;\u00e9v\u00e9nement sportif majeur de la rentr\u00e9e 2018 R\u00e9servez votre transfert par h\u00e9licopt\u00e8re au d\u00e9part de Paris, Lyon ou Deauville Pour plus d&rsquo;informations, voir le site officiel\u00a0Ryder Cup Nous contacter pour toute reservation \u00a0paris@mbh.fr[\/vc_column_text][\/vc_column][vc_column width=\u00a0\u00bb1\/2&Prime;][\/vc_column][\/vc_row]\" \/>\n<meta property=\"og:url\" content=\"https:\/\/www.mbh.fr\/fr\/services\/vol-passagers\/evenements\/ryder-cup\/\" \/>\n<meta property=\"og:site_name\" content=\"Mont-Blanc H\u00e9licopt\u00e8res\" \/>\n<meta property=\"article:publisher\" content=\"https:\/\/www.facebook.com\/MontBlancHelicopteres\/\" \/>\n<meta property=\"article:modified_time\" content=\"2018-02-20T08:16:33+00:00\" \/>\n<meta name=\"twitter:card\" content=\"summary_large_image\" \/>\n<meta name=\"twitter:site\" content=\"@MBHelicopteres\" \/>\n<meta name=\"twitter:label1\" content=\"Dur\u00e9e de lecture estim\u00e9e\" \/>\n\t<meta name=\"twitter:data1\" content=\"1 minute\" \/>\n<script type=\"application\/ld+json\" class=\"yoast-schema-graph\">{\"@context\":\"https:\/\/schema.org\",\"@graph\":[{\"@type\":\"WebPage\",\"@id\":\"https:\/\/www.mbh.fr\/fr\/services\/vol-passagers\/evenements\/ryder-cup\/\",\"url\":\"https:\/\/www.mbh.fr\/fr\/services\/vol-passagers\/evenements\/ryder-cup\/\",\"name\":\"RYDER CUP - Mont-Blanc H\u00e9licopt\u00e8res\",\"isPartOf\":{\"@id\":\"https:\/\/www.mbh.fr\/fr\/#website\"},\"datePublished\":\"2018-01-25T09:23:35+00:00\",\"dateModified\":\"2018-02-20T08:16:33+00:00\",\"breadcrumb\":{\"@id\":\"https:\/\/www.mbh.fr\/fr\/services\/vol-passagers\/evenements\/ryder-cup\/#breadcrumb\"},\"inLanguage\":\"fr-FR\",\"potentialAction\":[{\"@type\":\"ReadAction\",\"target\":[\"https:\/\/www.mbh.fr\/fr\/services\/vol-passagers\/evenements\/ryder-cup\/\"]}]},{\"@type\":\"BreadcrumbList\",\"@id\":\"https:\/\/www.mbh.fr\/fr\/services\/vol-passagers\/evenements\/ryder-cup\/#breadcrumb\",\"itemListElement\":[{\"@type\":\"ListItem\",\"position\":1,\"name\":\"Accueil\",\"item\":\"https:\/\/www.mbh.fr\/fr\/\"},{\"@type\":\"ListItem\",\"position\":2,\"name\":\"PRESTATIONS\",\"item\":\"https:\/\/www.mbh.fr\/fr\/services\/\"},{\"@type\":\"ListItem\",\"position\":3,\"name\":\"VOL PASSAGERS\",\"item\":\"https:\/\/www.mbh.fr\/fr\/services\/vol-passagers\/\"},{\"@type\":\"ListItem\",\"position\":4,\"name\":\"\u00c9v\u00e8nements\",\"item\":\"https:\/\/www.mbh.fr\/fr\/services\/vol-passagers\/evenements\/\"},{\"@type\":\"ListItem\",\"position\":5,\"name\":\"RYDER CUP\"}]},{\"@type\":\"WebSite\",\"@id\":\"https:\/\/www.mbh.fr\/fr\/#website\",\"url\":\"https:\/\/www.mbh.fr\/fr\/\",\"name\":\"Mont-Blanc H\u00e9licopt\u00e8res\",\"description\":\"\",\"publisher\":{\"@id\":\"https:\/\/www.mbh.fr\/fr\/#organization\"},\"potentialAction\":[{\"@type\":\"SearchAction\",\"target\":{\"@type\":\"EntryPoint\",\"urlTemplate\":\"https:\/\/www.mbh.fr\/fr\/?s={search_term_string}\"},\"query-input\":{\"@type\":\"PropertyValueSpecification\",\"valueRequired\":true,\"valueName\":\"search_term_string\"}}],\"inLanguage\":\"fr-FR\"},{\"@type\":\"Organization\",\"@id\":\"https:\/\/www.mbh.fr\/fr\/#organization\",\"name\":\"mont blanc h\u00e9licopt\u00e8res\",\"url\":\"https:\/\/www.mbh.fr\/fr\/\",\"logo\":{\"@type\":\"ImageObject\",\"inLanguage\":\"fr-FR\",\"@id\":\"https:\/\/www.mbh.fr\/fr\/#\/schema\/logo\/image\/\",\"url\":\"\",\"contentUrl\":\"\",\"caption\":\"mont blanc h\u00e9licopt\u00e8res\"},\"image\":{\"@id\":\"https:\/\/www.mbh.fr\/fr\/#\/schema\/logo\/image\/\"},\"sameAs\":[\"https:\/\/www.facebook.com\/MontBlancHelicopteres\/\",\"https:\/\/x.com\/MBHelicopteres\",\"https:\/\/www.instagram.com\/montblanchelicopteres\/\",\"https:\/\/www.linkedin.com\/company\/715290\/\"]}]}<\/script>\n<!-- \/ Yoast SEO plugin. -->","yoast_head_json":{"title":"RYDER CUP - Mont-Blanc H\u00e9licopt\u00e8res","robots":{"index":"index","follow":"follow","max-snippet":"max-snippet:-1","max-image-preview":"max-image-preview:large","max-video-preview":"max-video-preview:-1"},"canonical":"https:\/\/www.mbh.fr\/fr\/services\/vol-passagers\/evenements\/ryder-cup\/","og_locale":"fr_FR","og_type":"article","og_title":"RYDER CUP - Mont-Blanc H\u00e9licopt\u00e8res","og_description":"[vc_row][vc_column width=\u00a0\u00bb1\/2&Prime;][vc_column_text] 25 &#8211; 30 Septembre 2018 L&rsquo;\u00e9v\u00e9nement sportif majeur de la rentr\u00e9e 2018 R\u00e9servez votre transfert par h\u00e9licopt\u00e8re au d\u00e9part de Paris, Lyon ou Deauville Pour plus d&rsquo;informations, voir le site officiel\u00a0Ryder Cup Nous contacter pour toute reservation \u00a0paris@mbh.fr[\/vc_column_text][\/vc_column][vc_column width=\u00a0\u00bb1\/2&Prime;][\/vc_column][\/vc_row]","og_url":"https:\/\/www.mbh.fr\/fr\/services\/vol-passagers\/evenements\/ryder-cup\/","og_site_name":"Mont-Blanc H\u00e9licopt\u00e8res","article_publisher":"https:\/\/www.facebook.com\/MontBlancHelicopteres\/","article_modified_time":"2018-02-20T08:16:33+00:00","twitter_card":"summary_large_image","twitter_site":"@MBHelicopteres","twitter_misc":{"Dur\u00e9e de lecture estim\u00e9e":"1 minute"},"schema":{"@context":"https:\/\/schema.org","@graph":[{"@type":"WebPage","@id":"https:\/\/www.mbh.fr\/fr\/services\/vol-passagers\/evenements\/ryder-cup\/","url":"https:\/\/www.mbh.fr\/fr\/services\/vol-passagers\/evenements\/ryder-cup\/","name":"RYDER CUP - Mont-Blanc H\u00e9licopt\u00e8res","isPartOf":{"@id":"https:\/\/www.mbh.fr\/fr\/#website"},"datePublished":"2018-01-25T09:23:35+00:00","dateModified":"2018-02-20T08:16:33+00:00","breadcrumb":{"@id":"https:\/\/www.mbh.fr\/fr\/services\/vol-passagers\/evenements\/ryder-cup\/#breadcrumb"},"inLanguage":"fr-FR","potentialAction":[{"@type":"ReadAction","target":["https:\/\/www.mbh.fr\/fr\/services\/vol-passagers\/evenements\/ryder-cup\/"]}]},{"@type":"BreadcrumbList","@id":"https:\/\/www.mbh.fr\/fr\/services\/vol-passagers\/evenements\/ryder-cup\/#breadcrumb","itemListElement":[{"@type":"ListItem","position":1,"name":"Accueil","item":"https:\/\/www.mbh.fr\/fr\/"},{"@type":"ListItem","position":2,"name":"PRESTATIONS","item":"https:\/\/www.mbh.fr\/fr\/services\/"},{"@type":"ListItem","position":3,"name":"VOL PASSAGERS","item":"https:\/\/www.mbh.fr\/fr\/services\/vol-passagers\/"},{"@type":"ListItem","position":4,"name":"\u00c9v\u00e8nements","item":"https:\/\/www.mbh.fr\/fr\/services\/vol-passagers\/evenements\/"},{"@type":"ListItem","position":5,"name":"RYDER CUP"}]},{"@type":"WebSite","@id":"https:\/\/www.mbh.fr\/fr\/#website","url":"https:\/\/www.mbh.fr\/fr\/","name":"Mont-Blanc H\u00e9licopt\u00e8res","description":"","publisher":{"@id":"https:\/\/www.mbh.fr\/fr\/#organization"},"potentialAction":[{"@type":"SearchAction","target":{"@type":"EntryPoint","urlTemplate":"https:\/\/www.mbh.fr\/fr\/?s={search_term_string}"},"query-input":{"@type":"PropertyValueSpecification","valueRequired":true,"valueName":"search_term_string"}}],"inLanguage":"fr-FR"},{"@type":"Organization","@id":"https:\/\/www.mbh.fr\/fr\/#organization","name":"mont blanc h\u00e9licopt\u00e8res","url":"https:\/\/www.mbh.fr\/fr\/","logo":{"@type":"ImageObject","inLanguage":"fr-FR","@id":"https:\/\/www.mbh.fr\/fr\/#\/schema\/logo\/image\/","url":"","contentUrl":"","caption":"mont blanc h\u00e9licopt\u00e8res"},"image":{"@id":"https:\/\/www.mbh.fr\/fr\/#\/schema\/logo\/image\/"},"sameAs":["https:\/\/www.facebook.com\/MontBlancHelicopteres\/","https:\/\/x.com\/MBHelicopteres","https:\/\/www.instagram.com\/montblanchelicopteres\/","https:\/\/www.linkedin.com\/company\/715290\/"]}]}},"_links":{"self":[{"href":"https:\/\/www.mbh.fr\/fr\/wp-json\/wp\/v2\/pages\/2825","targetHints":{"allow":["GET"]}}],"collection":[{"href":"https:\/\/www.mbh.fr\/fr\/wp-json\/wp\/v2\/pages"}],"about":[{"href":"https:\/\/www.mbh.fr\/fr\/wp-json\/wp\/v2\/types\/page"}],"author":[{"embeddable":true,"href":"https:\/\/www.mbh.fr\/fr\/wp-json\/wp\/v2\/users\/7"}],"replies":[{"embeddable":true,"href":"https:\/\/www.mbh.fr\/fr\/wp-json\/wp\/v2\/comments?post=2825"}],"version-history":[{"count":2,"href":"https:\/\/www.mbh.fr\/fr\/wp-json\/wp\/v2\/pages\/2825\/revisions"}],"predecessor-version":[{"id":14395,"href":"https:\/\/www.mbh.fr\/fr\/wp-json\/wp\/v2\/pages\/2825\/revisions\/14395"}],"up":[{"embeddable":true,"href":"https:\/\/www.mbh.fr\/fr\/wp-json\/wp\/v2\/pages\/2814"}],"wp:attachment":[{"href":"https:\/\/www.mbh.fr\/fr\/wp-json\/wp\/v2\/media?parent=2825"}],"curies":[{"name":"wp","href":"https:\/\/api.w.org\/{rel}","templated":true}]}}