{"id":7599,"date":"2020-05-22T15:14:37","date_gmt":"2020-05-22T13:14:37","guid":{"rendered":"https:\/\/www.mbh.fr\/?page_id=7599"},"modified":"2021-07-27T16:33:45","modified_gmt":"2021-07-27T14:33:45","slug":"covid-19-mesures-vol-securite","status":"publish","type":"page","link":"https:\/\/www.mbh.fr\/fr\/covid-19-mesures-vol-securite\/","title":{"rendered":"Covid-19"},"content":{"rendered":"<div class=\"wpb-content-wrapper\"><p>[vc_row type=\u00a0\u00bbfull_width_section\u00a0\u00bb bg_image=\u00a0\u00bb5215&Prime; top_padding=\u00a0\u00bb150&Prime; bottom_padding=\u00a0\u00bb150&Prime;][vc_column width=\u00a0\u00bb1\/1&Prime;][\/vc_column][\/vc_row][vc_row][vc_column width=\u00a0\u00bb1\/1&Prime;]<div class=\"spacer\" style=\"height: 40px;\"><\/div>[vc_column_text]<\/p>\n<h3 style=\"text-align: center;\">NOUVELLES MESURES EN VIGUEUR : VOS CONDITIONS DE VOL<\/h3>\n<p>[\/vc_column_text][vc_custom_heading text=\u00a0\u00bbDans le contexte de l&rsquo;\u00e9pid\u00e9mie de Covid-19 et conform\u00e9ment aux directives de l&rsquo;Etat, nous mettons en place une proc\u00e9dure et des mesures sanitaires dans nos bases mais \u00e9galement \u00e0 bord pour vous permettre de voler sereinement et en toute s\u00e9curit\u00e9.\u00a0\u00bb font_container=\u00a0\u00bbtag:p|font_size:18px|text_align:center|line_height:1.25&Prime; use_theme_fonts=\u00a0\u00bbyes\u00a0\u00bb][vc_custom_heading text=\u00a0\u00bbVote sant\u00e9 et votre confort sont au c\u0153ur de nos pr\u00e9occupation, c&rsquo;est pourquoi toutes nos \u00e9quipes sont \u00e0 votre disposition et \u00e0 votre \u00e9coute pour vous accueillir dans les meilleures conditions.\u00a0\u00bb font_container=\u00a0\u00bbtag:p|font_size:18px|text_align:center|line_height:1.25&Prime; use_theme_fonts=\u00a0\u00bbyes\u00a0\u00bb]<div class=\"spacer\" style=\"height: 40px;\"><\/div>[\/vc_column][\/vc_row][vc_row][vc_column width=\u00a0\u00bb1\/1&Prime;][vc_row_inner el_class=\u00a0\u00bbkx-flex\u00a0\u00bb][vc_column_inner css=\u00a0\u00bb.vc_custom_1626791381416{padding-top: 20px !important;padding-right: 30px !important;padding-bottom: 20px !important;padding-left: 30px !important;background-color: #baa981 !important;border-radius: 10px !important;}\u00a0\u00bb offset=\u00a0\u00bbvc_col-lg-6 vc_col-md-6 vc_col-xs-12&Prime;][vc_column_text el_class=\u00a0\u00bbfz18&Prime;]<\/p>\n<p style=\"text-align: center;\"><b>QUID DU PASS SANITAIRE ?<\/b><\/p>\n<p style=\"text-align: center;\"><b>C&rsquo;est quoi le pass sanitaire ?<br \/>\n<\/b>Il consiste \u00e0 pr\u00e9senter l&rsquo;une de ces trois pi\u00e8ces ou plusieurs combin\u00e9es en fonction des situations :<\/p>\n<p style=\"text-align: center;\">&gt; vaccination:\u00a0 sch\u00e9ma complet soit 2 doses + 7 jours de d\u00e9lai,<br \/>\n&gt; test PCR ou antig\u00e9nique : n\u00e9gatif de moins de 48h ou\u00a0positif attestant du r\u00e9tablissement de la Covid-19.<\/p>\n<p style=\"text-align: center;\"><b>Sommes-nous concern\u00e9s ?<br \/>\n<\/b>Aucun de nos vols de transport de passagers (vols touristiques, vols gastronomiques, transferts priv\u00e9s, vols d&rsquo;initiation, \u00e9colage &#8230;) ne sont concern\u00e9s par le pass sanitaire<\/p>\n<p>[\/vc_column_text][\/vc_column_inner][vc_column_inner el_class=\u00a0\u00bbkx-bgcover\u00a0\u00bb css=\u00a0\u00bb.vc_custom_1626789947543{background-image: url(https:\/\/www.mbh.fr\/wp-content\/uploads\/2021\/07\/HBG-Arcachon_\u252c\u00aePVerticale_T.Nalet-1080-scaled.jpg?id=9110) !important;}\u00a0\u00bb offset=\u00a0\u00bbvc_col-lg-6 vc_col-md-6 vc_col-xs-12&Prime;][\/vc_column_inner][\/vc_row_inner][\/vc_column][\/vc_row][vc_row][vc_column width=\u00a0\u00bb1\/1&Prime;]<div class=\"spacer\" style=\"height: 80px;\"><\/div>[vc_column_text]<\/p>\n<h3 style=\"text-align: center;\">PROC\u00c9DURE LE JOUR J POUR VOTRE VOL<\/h3>\n<p>[\/vc_column_text][vc_row_inner][vc_column_inner width=\u00a0\u00bb1\/3&Prime; css=\u00a0\u00bb.vc_custom_1626789078667{margin-right: 20px !important;margin-left: 20px !important;}\u00a0\u00bb]<div class=\"iconbox kx-iconcovid wpb_content_element iconbox-style-3 icon-color-greyscale color-dark\"><img src='https:\/\/www.mbh.fr\/wp-content\/uploads\/2021\/07\/noun_Vaccination_3625023.png' class='iconimg' alt='' \/><h3><\/h3><p>\n<p style=\"text-align: center;\">Pass sanitaire<br \/>\n<strong>non obligatoire<\/strong><\/p>\n<\/p><\/div>[\/vc_column_inner][vc_column_inner width=\u00a0\u00bb1\/3&Prime; css=\u00a0\u00bb.vc_custom_1626789073334{margin-right: 20px !important;margin-left: 20px !important;}\u00a0\u00bb]<div class=\"iconbox kx-iconcovid wpb_content_element iconbox-style-3 icon-color-greyscale color-dark\"><img src='https:\/\/www.mbh.fr\/wp-content\/uploads\/2021\/07\/noun_mask_3906607.png' class='iconimg' alt='' \/><h3><\/h3><p>\n<p style=\"text-align: center;\">Conserver les <strong>gestes barri\u00e8res<\/strong><br \/>\nmasque tout le long du vol<\/p>\n<\/p><\/div>[\/vc_column_inner][vc_column_inner width=\u00a0\u00bb1\/3&Prime; css=\u00a0\u00bb.vc_custom_1626789065139{margin-right: 20px !important;margin-left: 20px !important;}\u00a0\u00bb]<div class=\"iconbox kx-iconcovid wpb_content_element iconbox-style-3 icon-color-greyscale color-dark\"><img src='https:\/\/www.mbh.fr\/wp-content\/uploads\/2021\/07\/noun_QR-Code_367831.png' class='iconimg' alt='' \/><h3><\/h3><p>\n<p style=\"text-align: center;\">Scanner le <strong>QR Code<\/strong> \u00e0 l&rsquo;accueil de notre base pour enregistrer votre venue<\/p>\n<\/p><\/div>[\/vc_column_inner][\/vc_row_inner][\/vc_column][\/vc_row]<\/p>\n<\/div>","protected":false},"excerpt":{"rendered":"<p>[vc_row type=\u00a0\u00bbfull_width_section\u00a0\u00bb bg_image=\u00a0\u00bb5215&Prime; top_padding=\u00a0\u00bb150&Prime; bottom_padding=\u00a0\u00bb150&Prime;][vc_column width=\u00a0\u00bb1\/1&Prime;][\/vc_column][\/vc_row][vc_row][vc_column width=\u00a0\u00bb1\/1&Prime;][vc_column_text] NOUVELLES MESURES EN VIGUEUR : VOS CONDITIONS DE VOL [\/vc_column_text][vc_custom_heading text=\u00a0\u00bbDans le contexte de l&rsquo;\u00e9pid\u00e9mie de Covid-19 et conform\u00e9ment aux directives de l&rsquo;Etat, nous mettons en place une proc\u00e9dure et des mesures sanitaires dans nos bases mais \u00e9galement \u00e0 bord pour vous permettre de voler sereinement et en toute s\u00e9curit\u00e9.\u00a0\u00bb font_container=\u00a0\u00bbtag:p|font_size:18px|text_align:center|line_height:1.25&Prime; use_theme_fonts=\u00a0\u00bbyes\u00a0\u00bb][vc_custom_heading text=\u00a0\u00bbVote sant\u00e9 et votre confort sont au c\u0153ur de nos pr\u00e9occupation, c&rsquo;est pourquoi toutes nos \u00e9quipes sont \u00e0 votre disposition et \u00e0 votre \u00e9coute pour vous accueillir dans les meilleures conditions.\u00a0\u00bb font_container=\u00a0\u00bbtag:p|font_size:18px|text_align:center|line_height:1.25&Prime; use_theme_fonts=\u00a0\u00bbyes\u00a0\u00bb][\/vc_column][\/vc_row][vc_row][vc_column width=\u00a0\u00bb1\/1&Prime;][vc_row_inner el_class=\u00a0\u00bbkx-flex\u00a0\u00bb][vc_column_inner css=\u00a0\u00bb.vc_custom_1626791381416{padding-top: 20px !important;padding-right: 30px !important;padding-bottom: 20px !important;padding-left: 30px !important;background-color: #baa981 !important;border-radius: 10px !important;}\u00a0\u00bb offset=\u00a0\u00bbvc_col-lg-6 vc_col-md-6 vc_col-xs-12&Prime;][vc_column_text el_class=\u00a0\u00bbfz18&Prime;] QUID DU PASS SANITAIRE ? C&rsquo;est quoi le pass sanitaire ? Il consiste \u00e0 pr\u00e9senter l&rsquo;une de ces trois pi\u00e8ces ou plusieurs combin\u00e9es en fonction des situations : &gt; vaccination:\u00a0 sch\u00e9ma complet soit 2 doses + 7 jours de d\u00e9lai, &gt; test PCR ou antig\u00e9nique : n\u00e9gatif de moins de 48h ou\u00a0positif attestant du r\u00e9tablissement de la Covid-19. Sommes-nous concern\u00e9s ? Aucun de nos vols de transport de passagers (vols touristiques, vols gastronomiques, transferts priv\u00e9s, vols d&rsquo;initiation, \u00e9colage &#8230;) ne sont concern\u00e9s par le pass sanitaire [\/vc_column_text][\/vc_column_inner][vc_column_inner el_class=\u00a0\u00bbkx-bgcover\u00a0\u00bb css=\u00a0\u00bb.vc_custom_1626789947543{background-image: [&hellip;]<\/p>\n","protected":false},"author":7,"featured_media":0,"parent":0,"menu_order":0,"comment_status":"closed","ping_status":"closed","template":"","meta":{"_acf_changed":false,"footnotes":""},"class_list":["post-7599","page","type-page","status-publish","hentry"],"acf":[],"yoast_head":"<!-- This site is optimized with the Yoast SEO plugin v26.9 - https:\/\/yoast.com\/product\/yoast-seo-wordpress\/ -->\n<title>Covid-19 - Mont-Blanc H\u00e9licopt\u00e8res<\/title>\n<meta name=\"description\" content=\"Covid-19 : les mesures \u00e0 adopter pour votre vol ! Votre sant\u00e9 est notre priorit\u00e9 nous mettons tout en oeuvre pour vous assurer un vol en toute s\u00e9curit\u00e9.\" \/>\n<meta name=\"robots\" content=\"index, follow, max-snippet:-1, max-image-preview:large, max-video-preview:-1\" \/>\n<link rel=\"canonical\" href=\"https:\/\/www.mbh.fr\/fr\/covid-19-mesures-vol-securite\/\" \/>\n<meta property=\"og:locale\" content=\"fr_FR\" \/>\n<meta property=\"og:type\" content=\"article\" \/>\n<meta property=\"og:title\" content=\"Covid-19 - Mont-Blanc H\u00e9licopt\u00e8res\" \/>\n<meta property=\"og:description\" content=\"Covid-19 : les mesures \u00e0 adopter pour votre vol ! Votre sant\u00e9 est notre priorit\u00e9 nous mettons tout en oeuvre pour vous assurer un vol en toute s\u00e9curit\u00e9.\" \/>\n<meta property=\"og:url\" content=\"https:\/\/www.mbh.fr\/fr\/covid-19-mesures-vol-securite\/\" \/>\n<meta property=\"og:site_name\" content=\"Mont-Blanc H\u00e9licopt\u00e8res\" \/>\n<meta property=\"article:publisher\" content=\"https:\/\/www.facebook.com\/MontBlancHelicopteres\/\" \/>\n<meta property=\"article:modified_time\" content=\"2021-07-27T14:33:45+00:00\" \/>\n<meta name=\"twitter:card\" content=\"summary_large_image\" \/>\n<meta name=\"twitter:site\" content=\"@MBHelicopteres\" \/>\n<meta name=\"twitter:label1\" content=\"Dur\u00e9e de lecture estim\u00e9e\" \/>\n\t<meta name=\"twitter:data1\" content=\"2 minutes\" \/>\n<script type=\"application\/ld+json\" class=\"yoast-schema-graph\">{\"@context\":\"https:\/\/schema.org\",\"@graph\":[{\"@type\":\"WebPage\",\"@id\":\"https:\/\/www.mbh.fr\/fr\/covid-19-mesures-vol-securite\/\",\"url\":\"https:\/\/www.mbh.fr\/fr\/covid-19-mesures-vol-securite\/\",\"name\":\"Covid-19 - Mont-Blanc H\u00e9licopt\u00e8res\",\"isPartOf\":{\"@id\":\"https:\/\/www.mbh.fr\/fr\/#website\"},\"datePublished\":\"2020-05-22T13:14:37+00:00\",\"dateModified\":\"2021-07-27T14:33:45+00:00\",\"description\":\"Covid-19 : les mesures \u00e0 adopter pour votre vol ! Votre sant\u00e9 est notre priorit\u00e9 nous mettons tout en oeuvre pour vous assurer un vol en toute s\u00e9curit\u00e9.\",\"breadcrumb\":{\"@id\":\"https:\/\/www.mbh.fr\/fr\/covid-19-mesures-vol-securite\/#breadcrumb\"},\"inLanguage\":\"fr-FR\",\"potentialAction\":[{\"@type\":\"ReadAction\",\"target\":[\"https:\/\/www.mbh.fr\/fr\/covid-19-mesures-vol-securite\/\"]}]},{\"@type\":\"BreadcrumbList\",\"@id\":\"https:\/\/www.mbh.fr\/fr\/covid-19-mesures-vol-securite\/#breadcrumb\",\"itemListElement\":[{\"@type\":\"ListItem\",\"position\":1,\"name\":\"Accueil\",\"item\":\"https:\/\/www.mbh.fr\/fr\/\"},{\"@type\":\"ListItem\",\"position\":2,\"name\":\"Covid-19\"}]},{\"@type\":\"WebSite\",\"@id\":\"https:\/\/www.mbh.fr\/fr\/#website\",\"url\":\"https:\/\/www.mbh.fr\/fr\/\",\"name\":\"Mont-Blanc H\u00e9licopt\u00e8res\",\"description\":\"\",\"publisher\":{\"@id\":\"https:\/\/www.mbh.fr\/fr\/#organization\"},\"potentialAction\":[{\"@type\":\"SearchAction\",\"target\":{\"@type\":\"EntryPoint\",\"urlTemplate\":\"https:\/\/www.mbh.fr\/fr\/?s={search_term_string}\"},\"query-input\":{\"@type\":\"PropertyValueSpecification\",\"valueRequired\":true,\"valueName\":\"search_term_string\"}}],\"inLanguage\":\"fr-FR\"},{\"@type\":\"Organization\",\"@id\":\"https:\/\/www.mbh.fr\/fr\/#organization\",\"name\":\"mont blanc h\u00e9licopt\u00e8res\",\"url\":\"https:\/\/www.mbh.fr\/fr\/\",\"logo\":{\"@type\":\"ImageObject\",\"inLanguage\":\"fr-FR\",\"@id\":\"https:\/\/www.mbh.fr\/fr\/#\/schema\/logo\/image\/\",\"url\":\"\",\"contentUrl\":\"\",\"caption\":\"mont blanc h\u00e9licopt\u00e8res\"},\"image\":{\"@id\":\"https:\/\/www.mbh.fr\/fr\/#\/schema\/logo\/image\/\"},\"sameAs\":[\"https:\/\/www.facebook.com\/MontBlancHelicopteres\/\",\"https:\/\/x.com\/MBHelicopteres\",\"https:\/\/www.instagram.com\/montblanchelicopteres\/\",\"https:\/\/www.linkedin.com\/company\/715290\/\"]}]}<\/script>\n<!-- \/ Yoast SEO plugin. -->","yoast_head_json":{"title":"Covid-19 - Mont-Blanc H\u00e9licopt\u00e8res","description":"Covid-19 : les mesures \u00e0 adopter pour votre vol ! Votre sant\u00e9 est notre priorit\u00e9 nous mettons tout en oeuvre pour vous assurer un vol en toute s\u00e9curit\u00e9.","robots":{"index":"index","follow":"follow","max-snippet":"max-snippet:-1","max-image-preview":"max-image-preview:large","max-video-preview":"max-video-preview:-1"},"canonical":"https:\/\/www.mbh.fr\/fr\/covid-19-mesures-vol-securite\/","og_locale":"fr_FR","og_type":"article","og_title":"Covid-19 - Mont-Blanc H\u00e9licopt\u00e8res","og_description":"Covid-19 : les mesures \u00e0 adopter pour votre vol ! Votre sant\u00e9 est notre priorit\u00e9 nous mettons tout en oeuvre pour vous assurer un vol en toute s\u00e9curit\u00e9.","og_url":"https:\/\/www.mbh.fr\/fr\/covid-19-mesures-vol-securite\/","og_site_name":"Mont-Blanc H\u00e9licopt\u00e8res","article_publisher":"https:\/\/www.facebook.com\/MontBlancHelicopteres\/","article_modified_time":"2021-07-27T14:33:45+00:00","twitter_card":"summary_large_image","twitter_site":"@MBHelicopteres","twitter_misc":{"Dur\u00e9e de lecture estim\u00e9e":"2 minutes"},"schema":{"@context":"https:\/\/schema.org","@graph":[{"@type":"WebPage","@id":"https:\/\/www.mbh.fr\/fr\/covid-19-mesures-vol-securite\/","url":"https:\/\/www.mbh.fr\/fr\/covid-19-mesures-vol-securite\/","name":"Covid-19 - Mont-Blanc H\u00e9licopt\u00e8res","isPartOf":{"@id":"https:\/\/www.mbh.fr\/fr\/#website"},"datePublished":"2020-05-22T13:14:37+00:00","dateModified":"2021-07-27T14:33:45+00:00","description":"Covid-19 : les mesures \u00e0 adopter pour votre vol ! Votre sant\u00e9 est notre priorit\u00e9 nous mettons tout en oeuvre pour vous assurer un vol en toute s\u00e9curit\u00e9.","breadcrumb":{"@id":"https:\/\/www.mbh.fr\/fr\/covid-19-mesures-vol-securite\/#breadcrumb"},"inLanguage":"fr-FR","potentialAction":[{"@type":"ReadAction","target":["https:\/\/www.mbh.fr\/fr\/covid-19-mesures-vol-securite\/"]}]},{"@type":"BreadcrumbList","@id":"https:\/\/www.mbh.fr\/fr\/covid-19-mesures-vol-securite\/#breadcrumb","itemListElement":[{"@type":"ListItem","position":1,"name":"Accueil","item":"https:\/\/www.mbh.fr\/fr\/"},{"@type":"ListItem","position":2,"name":"Covid-19"}]},{"@type":"WebSite","@id":"https:\/\/www.mbh.fr\/fr\/#website","url":"https:\/\/www.mbh.fr\/fr\/","name":"Mont-Blanc H\u00e9licopt\u00e8res","description":"","publisher":{"@id":"https:\/\/www.mbh.fr\/fr\/#organization"},"potentialAction":[{"@type":"SearchAction","target":{"@type":"EntryPoint","urlTemplate":"https:\/\/www.mbh.fr\/fr\/?s={search_term_string}"},"query-input":{"@type":"PropertyValueSpecification","valueRequired":true,"valueName":"search_term_string"}}],"inLanguage":"fr-FR"},{"@type":"Organization","@id":"https:\/\/www.mbh.fr\/fr\/#organization","name":"mont blanc h\u00e9licopt\u00e8res","url":"https:\/\/www.mbh.fr\/fr\/","logo":{"@type":"ImageObject","inLanguage":"fr-FR","@id":"https:\/\/www.mbh.fr\/fr\/#\/schema\/logo\/image\/","url":"","contentUrl":"","caption":"mont blanc h\u00e9licopt\u00e8res"},"image":{"@id":"https:\/\/www.mbh.fr\/fr\/#\/schema\/logo\/image\/"},"sameAs":["https:\/\/www.facebook.com\/MontBlancHelicopteres\/","https:\/\/x.com\/MBHelicopteres","https:\/\/www.instagram.com\/montblanchelicopteres\/","https:\/\/www.linkedin.com\/company\/715290\/"]}]}},"_links":{"self":[{"href":"https:\/\/www.mbh.fr\/fr\/wp-json\/wp\/v2\/pages\/7599","targetHints":{"allow":["GET"]}}],"collection":[{"href":"https:\/\/www.mbh.fr\/fr\/wp-json\/wp\/v2\/pages"}],"about":[{"href":"https:\/\/www.mbh.fr\/fr\/wp-json\/wp\/v2\/types\/page"}],"author":[{"embeddable":true,"href":"https:\/\/www.mbh.fr\/fr\/wp-json\/wp\/v2\/users\/7"}],"replies":[{"embeddable":true,"href":"https:\/\/www.mbh.fr\/fr\/wp-json\/wp\/v2\/comments?post=7599"}],"version-history":[{"count":21,"href":"https:\/\/www.mbh.fr\/fr\/wp-json\/wp\/v2\/pages\/7599\/revisions"}],"predecessor-version":[{"id":9145,"href":"https:\/\/www.mbh.fr\/fr\/wp-json\/wp\/v2\/pages\/7599\/revisions\/9145"}],"wp:attachment":[{"href":"https:\/\/www.mbh.fr\/fr\/wp-json\/wp\/v2\/media?parent=7599"}],"curies":[{"name":"wp","href":"https:\/\/api.w.org\/{rel}","templated":true}]}}