{"id":9016,"date":"2021-06-29T15:44:17","date_gmt":"2021-06-29T13:44:17","guid":{"rendered":"https:\/\/www.mbh.fr\/?page_id=9016"},"modified":"2021-09-22T15:17:28","modified_gmt":"2021-09-22T13:17:28","slug":"nos-bases-nord","status":"publish","type":"page","link":"https:\/\/www.mbh.fr\/fr\/nos-bases-nord\/","title":{"rendered":"Nos bases &#8211; Nord"},"content":{"rendered":"<div class=\"wpb-content-wrapper\"><p>[vc_row type=\u00a0\u00bbfull_width_section\u00a0\u00bb bg_image=\u00a0\u00bb8938&Prime; top_padding=\u00a0\u00bb150&Prime; bottom_padding=\u00a0\u00bb150&Prime;][vc_column width=\u00a0\u00bb1\/1&Prime;][\/vc_column][\/vc_row][vc_row][vc_column width=\u00a0\u00bb1\/1&Prime;]<div class=\"spacer\" style=\"height: 40px;\"><\/div>[vc_single_image image=\u00a0\u00bb4473&Prime; img_size=\u00a0\u00bb120&#215;120&Prime; alignment=\u00a0\u00bbcenter\u00a0\u00bb el_class=\u00a0\u00bbisotype\u00a0\u00bb][vc_column_text]<\/p>\n<h2 style=\"text-align: center;\">NOS BASES <strong>NORD<\/strong><\/h2>\n<p>[\/vc_column_text][vc_custom_heading text=\u00a0\u00bbVivez l\u2019exp\u00e9rience unique de d\u00e9couvrir les plus beaux monuments de notre capitale depuis les airs !\u00a0\u00bb font_container=\u00a0\u00bbtag:p|font_size:22px|text_align:center\u00a0\u00bb use_theme_fonts=\u00a0\u00bbyes\u00a0\u00bb][\/vc_column][\/vc_row][vc_row][vc_column el_class=\u00a0\u00bbkomix-base&#8211;details\u00a0\u00bb width=\u00a0\u00bb1\/2&Prime;][vc_single_image image=\u00a0\u00bb8929&Prime; img_size=\u00a0\u00bb\u00a0\u00bb alignment=\u00a0\u00bbcenter\u00a0\u00bb][vc_column_text el_class=\u00a0\u00bbbox&#8211;text\u00a0\u00bb]<\/p>\n<h2 style=\"text-align: center;\">Paris Versailles Tour 25 minutes<\/h2>\n<p style=\"text-align: center;\">D\u00e9couvrez Paris et Versailles vues du ciel !<\/p>\n<p><a href=\"https:\/\/heligo.aero\/fr\/paris-issy-les-moulineaux\/65-163-paris-versailles-tour-25-min.html#\/37-contact_base-paris_heliport_issy_les_moulineaux_01_39_56_44_34_parismbhfr\" target=\"_blank\" rel=\"noopener\">En savoir plus<\/a>[\/vc_column_text][vc_btn title=\u00a0\u00bbVols Paris\u00a0\u00bb style=\u00a0\u00bbflat\u00a0\u00bb shape=\u00a0\u00bbsquare\u00a0\u00bb color=\u00a0\u00bbdefault\u00a0\u00bb align=\u00a0\u00bbcenter\u00a0\u00bb link=\u00a0\u00bburl:https%3A%2F%2Fheligo.aero%2Ffr%2F132-paris-issy-les-moulineaux|target:_blank\u00a0\u00bb css=\u00a0\u00bb.vc_custom_1632316645274{margin-bottom: 30px !important;}\u00a0\u00bb][\/vc_column][vc_column el_class=\u00a0\u00bbkomix-base&#8211;details\u00a0\u00bb width=\u00a0\u00bb1\/2&Prime;][vc_single_image image=\u00a0\u00bb8896&Prime; img_size=\u00a0\u00bb\u00a0\u00bb alignment=\u00a0\u00bbcenter\u00a0\u00bb]<div class=\"minti_carousel  grab-false dots\" data-columns=\"1\" data-tabletcolumns=\"1\" data-nav=\"true\" data-pagination=\"false\" data-autoplay=\"true\" data-animationtime=\"4000\">[vc_column_text]<\/p>\n<h2 style=\"text-align: center;\">La vall\u00e9e de la Chevreuse et ses ch\u00e2teaux<\/h2>\n<p style=\"text-align: center;\">V\u00e9ritable voyage dans le temps envolez-vous \u00e0 la d\u00e9couverte des splendides ch\u00e2teaux de la vall\u00e9e de Chevreuse pour un moment unique et inoubliable.<\/p>\n<p><a href=\"https:\/\/heligo.aero\/fr\/toussus-le-noble\/48-46-la-vallee-de-la-chevreuse-et-ses-chateaux-20-min.html#\/38-contact_base-toussus_le_noble_aeroport_de_toussus_le_noble_01_39_56_44_34_parismbhfr\" target=\"_blank\" rel=\"noopener\">En savoir plus<\/a>[\/vc_column_text][vc_column_text]<\/p>\n<h2 style=\"text-align: center;\">Le ch\u00e2teau de Versailles et les ch\u00e2teaux des Yvelines<\/h2>\n<p style=\"text-align: center;\">Offrez-vous les plus beaux ch\u00e2teaux de l\u2019Ouest Parisien dont le magnifique Ch\u00e2teau du Roi Soleil \u00e0 bord de votre h\u00e9licopt\u00e8re.<\/p>\n<p><a href=\"https:\/\/heligo.aero\/fr\/toussus-le-noble\/49-47-le-chateau-de-versailles-et-les-chateaux-des-yvelines-30-min.html#\/38-contact_base-toussus_le_noble_aeroport_de_toussus_le_noble_01_39_56_44_34_parismbhfr\" target=\"_blank\" rel=\"noopener\">En savoir plus<\/a>[\/vc_column_text]<\/div>[vc_btn title=\u00a0\u00bbVols Toussus\u00a0\u00bb style=\u00a0\u00bbflat\u00a0\u00bb shape=\u00a0\u00bbsquare\u00a0\u00bb color=\u00a0\u00bbdefault\u00a0\u00bb align=\u00a0\u00bbcenter\u00a0\u00bb link=\u00a0\u00bburl:https%3A%2F%2Fheligo.aero%2Ffr%2F137-toussus-le-noble|target:_blank\u00a0\u00bb css=\u00a0\u00bb.vc_custom_1632316618096{margin-bottom: 30px !important;}\u00a0\u00bb][\/vc_column][\/vc_row]<\/p>\n<\/div>","protected":false},"excerpt":{"rendered":"<p>[vc_row type=\u00a0\u00bbfull_width_section\u00a0\u00bb bg_image=\u00a0\u00bb8938&Prime; top_padding=\u00a0\u00bb150&Prime; bottom_padding=\u00a0\u00bb150&Prime;][vc_column width=\u00a0\u00bb1\/1&Prime;][\/vc_column][\/vc_row][vc_row][vc_column width=\u00a0\u00bb1\/1&Prime;][vc_single_image image=\u00a0\u00bb4473&Prime; img_size=\u00a0\u00bb120&#215;120&Prime; alignment=\u00a0\u00bbcenter\u00a0\u00bb el_class=\u00a0\u00bbisotype\u00a0\u00bb][vc_column_text] NOS BASES NORD [\/vc_column_text][vc_custom_heading text=\u00a0\u00bbVivez l\u2019exp\u00e9rience unique de d\u00e9couvrir les plus beaux monuments de notre capitale depuis les airs !\u00a0\u00bb font_container=\u00a0\u00bbtag:p|font_size:22px|text_align:center\u00a0\u00bb use_theme_fonts=\u00a0\u00bbyes\u00a0\u00bb][\/vc_column][\/vc_row][vc_row][vc_column el_class=\u00a0\u00bbkomix-base&#8211;details\u00a0\u00bb width=\u00a0\u00bb1\/2&Prime;][vc_single_image image=\u00a0\u00bb8929&Prime; img_size=\u00a0\u00bb\u00a0\u00bb alignment=\u00a0\u00bbcenter\u00a0\u00bb][vc_column_text el_class=\u00a0\u00bbbox&#8211;text\u00a0\u00bb] Paris Versailles Tour 25 minutes D\u00e9couvrez Paris et Versailles vues du ciel ! En savoir plus[\/vc_column_text][vc_btn title=\u00a0\u00bbVols Paris\u00a0\u00bb style=\u00a0\u00bbflat\u00a0\u00bb shape=\u00a0\u00bbsquare\u00a0\u00bb color=\u00a0\u00bbdefault\u00a0\u00bb align=\u00a0\u00bbcenter\u00a0\u00bb link=\u00a0\u00bburl:https%3A%2F%2Fheligo.aero%2Ffr%2F132-paris-issy-les-moulineaux|target:_blank\u00a0\u00bb css=\u00a0\u00bb.vc_custom_1632316645274{margin-bottom: 30px !important;}\u00a0\u00bb][\/vc_column][vc_column el_class=\u00a0\u00bbkomix-base&#8211;details\u00a0\u00bb width=\u00a0\u00bb1\/2&Prime;][vc_single_image image=\u00a0\u00bb8896&Prime; img_size=\u00a0\u00bb\u00a0\u00bb alignment=\u00a0\u00bbcenter\u00a0\u00bb][vc_btn title=\u00a0\u00bbVols Toussus\u00a0\u00bb style=\u00a0\u00bbflat\u00a0\u00bb shape=\u00a0\u00bbsquare\u00a0\u00bb color=\u00a0\u00bbdefault\u00a0\u00bb align=\u00a0\u00bbcenter\u00a0\u00bb link=\u00a0\u00bburl:https%3A%2F%2Fheligo.aero%2Ffr%2F137-toussus-le-noble|target:_blank\u00a0\u00bb css=\u00a0\u00bb.vc_custom_1632316618096{margin-bottom: 30px !important;}\u00a0\u00bb][\/vc_column][\/vc_row]<\/p>\n","protected":false},"author":7,"featured_media":0,"parent":0,"menu_order":0,"comment_status":"closed","ping_status":"closed","template":"","meta":{"_acf_changed":false,"footnotes":""},"class_list":["post-9016","page","type-page","status-publish","hentry"],"acf":[],"yoast_head":"<!-- This site is optimized with the Yoast SEO plugin v26.9 - https:\/\/yoast.com\/product\/yoast-seo-wordpress\/ -->\n<title>Nos bases - Nord - Mont-Blanc H\u00e9licopt\u00e8res<\/title>\n<meta name=\"robots\" content=\"index, follow, max-snippet:-1, max-image-preview:large, max-video-preview:-1\" \/>\n<link rel=\"canonical\" href=\"https:\/\/www.mbh.fr\/fr\/nos-bases-nord\/\" \/>\n<meta property=\"og:locale\" content=\"fr_FR\" \/>\n<meta property=\"og:type\" content=\"article\" \/>\n<meta property=\"og:title\" content=\"Nos bases - Nord - Mont-Blanc H\u00e9licopt\u00e8res\" \/>\n<meta property=\"og:description\" content=\"[vc_row type=\u00a0\u00bbfull_width_section\u00a0\u00bb bg_image=\u00a0\u00bb8938&Prime; top_padding=\u00a0\u00bb150&Prime; bottom_padding=\u00a0\u00bb150&Prime;][vc_column width=\u00a0\u00bb1\/1&Prime;][\/vc_column][\/vc_row][vc_row][vc_column width=\u00a0\u00bb1\/1&Prime;][vc_single_image image=\u00a0\u00bb4473&Prime; img_size=\u00a0\u00bb120&#215;120&Prime; alignment=\u00a0\u00bbcenter\u00a0\u00bb el_class=\u00a0\u00bbisotype\u00a0\u00bb][vc_column_text] NOS BASES NORD [\/vc_column_text][vc_custom_heading text=\u00a0\u00bbVivez l\u2019exp\u00e9rience unique de d\u00e9couvrir les plus beaux monuments de notre capitale depuis les airs !\u00a0\u00bb font_container=\u00a0\u00bbtag:p|font_size:22px|text_align:center\u00a0\u00bb use_theme_fonts=\u00a0\u00bbyes\u00a0\u00bb][\/vc_column][\/vc_row][vc_row][vc_column el_class=\u00a0\u00bbkomix-base&#8211;details\u00a0\u00bb width=\u00a0\u00bb1\/2&Prime;][vc_single_image image=\u00a0\u00bb8929&Prime; img_size=\u00a0\u00bb\u00a0\u00bb alignment=\u00a0\u00bbcenter\u00a0\u00bb][vc_column_text el_class=\u00a0\u00bbbox&#8211;text\u00a0\u00bb] Paris Versailles Tour 25 minutes D\u00e9couvrez Paris et Versailles vues du ciel ! En savoir plus[\/vc_column_text][vc_btn title=\u00a0\u00bbVols Paris\u00a0\u00bb style=\u00a0\u00bbflat\u00a0\u00bb shape=\u00a0\u00bbsquare\u00a0\u00bb color=\u00a0\u00bbdefault\u00a0\u00bb align=\u00a0\u00bbcenter\u00a0\u00bb link=\u00a0\u00bburl:https%3A%2F%2Fheligo.aero%2Ffr%2F132-paris-issy-les-moulineaux|target:_blank\u00a0\u00bb css=\u00a0\u00bb.vc_custom_1632316645274{margin-bottom: 30px !important;}\u00a0\u00bb][\/vc_column][vc_column el_class=\u00a0\u00bbkomix-base&#8211;details\u00a0\u00bb width=\u00a0\u00bb1\/2&Prime;][vc_single_image image=\u00a0\u00bb8896&Prime; img_size=\u00a0\u00bb\u00a0\u00bb alignment=\u00a0\u00bbcenter\u00a0\u00bb][vc_btn title=\u00a0\u00bbVols Toussus\u00a0\u00bb style=\u00a0\u00bbflat\u00a0\u00bb shape=\u00a0\u00bbsquare\u00a0\u00bb color=\u00a0\u00bbdefault\u00a0\u00bb align=\u00a0\u00bbcenter\u00a0\u00bb link=\u00a0\u00bburl:https%3A%2F%2Fheligo.aero%2Ffr%2F137-toussus-le-noble|target:_blank\u00a0\u00bb css=\u00a0\u00bb.vc_custom_1632316618096{margin-bottom: 30px !important;}\u00a0\u00bb][\/vc_column][\/vc_row]\" \/>\n<meta property=\"og:url\" content=\"https:\/\/www.mbh.fr\/fr\/nos-bases-nord\/\" \/>\n<meta property=\"og:site_name\" content=\"Mont-Blanc H\u00e9licopt\u00e8res\" \/>\n<meta property=\"article:publisher\" content=\"https:\/\/www.facebook.com\/MontBlancHelicopteres\/\" \/>\n<meta property=\"article:modified_time\" content=\"2021-09-22T13:17:28+00:00\" \/>\n<meta name=\"twitter:card\" content=\"summary_large_image\" \/>\n<meta name=\"twitter:site\" content=\"@MBHelicopteres\" \/>\n<meta name=\"twitter:label1\" content=\"Dur\u00e9e de lecture estim\u00e9e\" \/>\n\t<meta name=\"twitter:data1\" content=\"2 minutes\" \/>\n<script type=\"application\/ld+json\" class=\"yoast-schema-graph\">{\"@context\":\"https:\/\/schema.org\",\"@graph\":[{\"@type\":\"WebPage\",\"@id\":\"https:\/\/www.mbh.fr\/fr\/nos-bases-nord\/\",\"url\":\"https:\/\/www.mbh.fr\/fr\/nos-bases-nord\/\",\"name\":\"Nos bases - Nord - Mont-Blanc H\u00e9licopt\u00e8res\",\"isPartOf\":{\"@id\":\"https:\/\/www.mbh.fr\/fr\/#website\"},\"datePublished\":\"2021-06-29T13:44:17+00:00\",\"dateModified\":\"2021-09-22T13:17:28+00:00\",\"breadcrumb\":{\"@id\":\"https:\/\/www.mbh.fr\/fr\/nos-bases-nord\/#breadcrumb\"},\"inLanguage\":\"fr-FR\",\"potentialAction\":[{\"@type\":\"ReadAction\",\"target\":[\"https:\/\/www.mbh.fr\/fr\/nos-bases-nord\/\"]}]},{\"@type\":\"BreadcrumbList\",\"@id\":\"https:\/\/www.mbh.fr\/fr\/nos-bases-nord\/#breadcrumb\",\"itemListElement\":[{\"@type\":\"ListItem\",\"position\":1,\"name\":\"Accueil\",\"item\":\"https:\/\/www.mbh.fr\/fr\/\"},{\"@type\":\"ListItem\",\"position\":2,\"name\":\"Nos bases &#8211; Nord\"}]},{\"@type\":\"WebSite\",\"@id\":\"https:\/\/www.mbh.fr\/fr\/#website\",\"url\":\"https:\/\/www.mbh.fr\/fr\/\",\"name\":\"Mont-Blanc H\u00e9licopt\u00e8res\",\"description\":\"\",\"publisher\":{\"@id\":\"https:\/\/www.mbh.fr\/fr\/#organization\"},\"potentialAction\":[{\"@type\":\"SearchAction\",\"target\":{\"@type\":\"EntryPoint\",\"urlTemplate\":\"https:\/\/www.mbh.fr\/fr\/?s={search_term_string}\"},\"query-input\":{\"@type\":\"PropertyValueSpecification\",\"valueRequired\":true,\"valueName\":\"search_term_string\"}}],\"inLanguage\":\"fr-FR\"},{\"@type\":\"Organization\",\"@id\":\"https:\/\/www.mbh.fr\/fr\/#organization\",\"name\":\"mont blanc h\u00e9licopt\u00e8res\",\"url\":\"https:\/\/www.mbh.fr\/fr\/\",\"logo\":{\"@type\":\"ImageObject\",\"inLanguage\":\"fr-FR\",\"@id\":\"https:\/\/www.mbh.fr\/fr\/#\/schema\/logo\/image\/\",\"url\":\"\",\"contentUrl\":\"\",\"caption\":\"mont blanc h\u00e9licopt\u00e8res\"},\"image\":{\"@id\":\"https:\/\/www.mbh.fr\/fr\/#\/schema\/logo\/image\/\"},\"sameAs\":[\"https:\/\/www.facebook.com\/MontBlancHelicopteres\/\",\"https:\/\/x.com\/MBHelicopteres\",\"https:\/\/www.instagram.com\/montblanchelicopteres\/\",\"https:\/\/www.linkedin.com\/company\/715290\/\"]}]}<\/script>\n<!-- \/ Yoast SEO plugin. -->","yoast_head_json":{"title":"Nos bases - Nord - Mont-Blanc H\u00e9licopt\u00e8res","robots":{"index":"index","follow":"follow","max-snippet":"max-snippet:-1","max-image-preview":"max-image-preview:large","max-video-preview":"max-video-preview:-1"},"canonical":"https:\/\/www.mbh.fr\/fr\/nos-bases-nord\/","og_locale":"fr_FR","og_type":"article","og_title":"Nos bases - Nord - Mont-Blanc H\u00e9licopt\u00e8res","og_description":"[vc_row type=\u00a0\u00bbfull_width_section\u00a0\u00bb bg_image=\u00a0\u00bb8938&Prime; top_padding=\u00a0\u00bb150&Prime; bottom_padding=\u00a0\u00bb150&Prime;][vc_column width=\u00a0\u00bb1\/1&Prime;][\/vc_column][\/vc_row][vc_row][vc_column width=\u00a0\u00bb1\/1&Prime;][vc_single_image image=\u00a0\u00bb4473&Prime; img_size=\u00a0\u00bb120&#215;120&Prime; alignment=\u00a0\u00bbcenter\u00a0\u00bb el_class=\u00a0\u00bbisotype\u00a0\u00bb][vc_column_text] NOS BASES NORD [\/vc_column_text][vc_custom_heading text=\u00a0\u00bbVivez l\u2019exp\u00e9rience unique de d\u00e9couvrir les plus beaux monuments de notre capitale depuis les airs !\u00a0\u00bb font_container=\u00a0\u00bbtag:p|font_size:22px|text_align:center\u00a0\u00bb use_theme_fonts=\u00a0\u00bbyes\u00a0\u00bb][\/vc_column][\/vc_row][vc_row][vc_column el_class=\u00a0\u00bbkomix-base&#8211;details\u00a0\u00bb width=\u00a0\u00bb1\/2&Prime;][vc_single_image image=\u00a0\u00bb8929&Prime; img_size=\u00a0\u00bb\u00a0\u00bb alignment=\u00a0\u00bbcenter\u00a0\u00bb][vc_column_text el_class=\u00a0\u00bbbox&#8211;text\u00a0\u00bb] Paris Versailles Tour 25 minutes D\u00e9couvrez Paris et Versailles vues du ciel ! En savoir plus[\/vc_column_text][vc_btn title=\u00a0\u00bbVols Paris\u00a0\u00bb style=\u00a0\u00bbflat\u00a0\u00bb shape=\u00a0\u00bbsquare\u00a0\u00bb color=\u00a0\u00bbdefault\u00a0\u00bb align=\u00a0\u00bbcenter\u00a0\u00bb link=\u00a0\u00bburl:https%3A%2F%2Fheligo.aero%2Ffr%2F132-paris-issy-les-moulineaux|target:_blank\u00a0\u00bb css=\u00a0\u00bb.vc_custom_1632316645274{margin-bottom: 30px !important;}\u00a0\u00bb][\/vc_column][vc_column el_class=\u00a0\u00bbkomix-base&#8211;details\u00a0\u00bb width=\u00a0\u00bb1\/2&Prime;][vc_single_image image=\u00a0\u00bb8896&Prime; img_size=\u00a0\u00bb\u00a0\u00bb alignment=\u00a0\u00bbcenter\u00a0\u00bb][vc_btn title=\u00a0\u00bbVols Toussus\u00a0\u00bb style=\u00a0\u00bbflat\u00a0\u00bb shape=\u00a0\u00bbsquare\u00a0\u00bb color=\u00a0\u00bbdefault\u00a0\u00bb align=\u00a0\u00bbcenter\u00a0\u00bb link=\u00a0\u00bburl:https%3A%2F%2Fheligo.aero%2Ffr%2F137-toussus-le-noble|target:_blank\u00a0\u00bb css=\u00a0\u00bb.vc_custom_1632316618096{margin-bottom: 30px !important;}\u00a0\u00bb][\/vc_column][\/vc_row]","og_url":"https:\/\/www.mbh.fr\/fr\/nos-bases-nord\/","og_site_name":"Mont-Blanc H\u00e9licopt\u00e8res","article_publisher":"https:\/\/www.facebook.com\/MontBlancHelicopteres\/","article_modified_time":"2021-09-22T13:17:28+00:00","twitter_card":"summary_large_image","twitter_site":"@MBHelicopteres","twitter_misc":{"Dur\u00e9e de lecture estim\u00e9e":"2 minutes"},"schema":{"@context":"https:\/\/schema.org","@graph":[{"@type":"WebPage","@id":"https:\/\/www.mbh.fr\/fr\/nos-bases-nord\/","url":"https:\/\/www.mbh.fr\/fr\/nos-bases-nord\/","name":"Nos bases - Nord - Mont-Blanc H\u00e9licopt\u00e8res","isPartOf":{"@id":"https:\/\/www.mbh.fr\/fr\/#website"},"datePublished":"2021-06-29T13:44:17+00:00","dateModified":"2021-09-22T13:17:28+00:00","breadcrumb":{"@id":"https:\/\/www.mbh.fr\/fr\/nos-bases-nord\/#breadcrumb"},"inLanguage":"fr-FR","potentialAction":[{"@type":"ReadAction","target":["https:\/\/www.mbh.fr\/fr\/nos-bases-nord\/"]}]},{"@type":"BreadcrumbList","@id":"https:\/\/www.mbh.fr\/fr\/nos-bases-nord\/#breadcrumb","itemListElement":[{"@type":"ListItem","position":1,"name":"Accueil","item":"https:\/\/www.mbh.fr\/fr\/"},{"@type":"ListItem","position":2,"name":"Nos bases &#8211; Nord"}]},{"@type":"WebSite","@id":"https:\/\/www.mbh.fr\/fr\/#website","url":"https:\/\/www.mbh.fr\/fr\/","name":"Mont-Blanc H\u00e9licopt\u00e8res","description":"","publisher":{"@id":"https:\/\/www.mbh.fr\/fr\/#organization"},"potentialAction":[{"@type":"SearchAction","target":{"@type":"EntryPoint","urlTemplate":"https:\/\/www.mbh.fr\/fr\/?s={search_term_string}"},"query-input":{"@type":"PropertyValueSpecification","valueRequired":true,"valueName":"search_term_string"}}],"inLanguage":"fr-FR"},{"@type":"Organization","@id":"https:\/\/www.mbh.fr\/fr\/#organization","name":"mont blanc h\u00e9licopt\u00e8res","url":"https:\/\/www.mbh.fr\/fr\/","logo":{"@type":"ImageObject","inLanguage":"fr-FR","@id":"https:\/\/www.mbh.fr\/fr\/#\/schema\/logo\/image\/","url":"","contentUrl":"","caption":"mont blanc h\u00e9licopt\u00e8res"},"image":{"@id":"https:\/\/www.mbh.fr\/fr\/#\/schema\/logo\/image\/"},"sameAs":["https:\/\/www.facebook.com\/MontBlancHelicopteres\/","https:\/\/x.com\/MBHelicopteres","https:\/\/www.instagram.com\/montblanchelicopteres\/","https:\/\/www.linkedin.com\/company\/715290\/"]}]}},"_links":{"self":[{"href":"https:\/\/www.mbh.fr\/fr\/wp-json\/wp\/v2\/pages\/9016","targetHints":{"allow":["GET"]}}],"collection":[{"href":"https:\/\/www.mbh.fr\/fr\/wp-json\/wp\/v2\/pages"}],"about":[{"href":"https:\/\/www.mbh.fr\/fr\/wp-json\/wp\/v2\/types\/page"}],"author":[{"embeddable":true,"href":"https:\/\/www.mbh.fr\/fr\/wp-json\/wp\/v2\/users\/7"}],"replies":[{"embeddable":true,"href":"https:\/\/www.mbh.fr\/fr\/wp-json\/wp\/v2\/comments?post=9016"}],"version-history":[{"count":4,"href":"https:\/\/www.mbh.fr\/fr\/wp-json\/wp\/v2\/pages\/9016\/revisions"}],"predecessor-version":[{"id":9169,"href":"https:\/\/www.mbh.fr\/fr\/wp-json\/wp\/v2\/pages\/9016\/revisions\/9169"}],"wp:attachment":[{"href":"https:\/\/www.mbh.fr\/fr\/wp-json\/wp\/v2\/media?parent=9016"}],"curies":[{"name":"wp","href":"https:\/\/api.w.org\/{rel}","templated":true}]}}