{"id":9019,"date":"2021-06-29T15:46:48","date_gmt":"2021-06-29T13:46:48","guid":{"rendered":"https:\/\/www.mbh.fr\/?page_id=9019"},"modified":"2021-09-22T15:21:21","modified_gmt":"2021-09-22T13:21:21","slug":"nos-bases-les-alpes","status":"publish","type":"page","link":"https:\/\/www.mbh.fr\/fr\/nos-bases-les-alpes\/","title":{"rendered":"Nos bases &#8211; Les alpes"},"content":{"rendered":"<div class=\"wpb-content-wrapper\"><p>[vc_row type=\u00a0\u00bbfull_width_section\u00a0\u00bb bg_image=\u00a0\u00bb8932&Prime; top_padding=\u00a0\u00bb150&Prime; bottom_padding=\u00a0\u00bb150&Prime;][vc_column width=\u00a0\u00bb1\/1&Prime;][\/vc_column][\/vc_row][vc_row][vc_column width=\u00a0\u00bb1\/1&Prime;]<div class=\"spacer\" style=\"height: 40px;\"><\/div>[vc_single_image image=\u00a0\u00bb4473&Prime; img_size=\u00a0\u00bb120&#215;120&Prime; alignment=\u00a0\u00bbcenter\u00a0\u00bb el_class=\u00a0\u00bbisotype\u00a0\u00bb][vc_column_text]<\/p>\n<h2 style=\"text-align: center;\">NOS BASES DANS LES <strong>ALPES<\/strong><\/h2>\n<p>[\/vc_column_text][vc_custom_heading text=\u00a0\u00bbAu c\u0153ur du Massif du Mont Blanc, survolez des paysages majestueux \u00e0 vous couper le souffle !\u00a0\u00bb font_container=\u00a0\u00bbtag:p|font_size:22px|text_align:center\u00a0\u00bb use_theme_fonts=\u00a0\u00bbyes\u00a0\u00bb][\/vc_column][\/vc_row][vc_row][vc_column el_class=\u00a0\u00bbkomix-base&#8211;details\u00a0\u00bb width=\u00a0\u00bb1\/2&Prime;][vc_single_image image=\u00a0\u00bb8923&Prime; img_size=\u00a0\u00bb\u00a0\u00bb alignment=\u00a0\u00bbcenter\u00a0\u00bb]<div class=\"minti_carousel  grab-false dots\" data-columns=\"1\" data-tabletcolumns=\"1\" data-nav=\"true\" data-pagination=\"false\" data-autoplay=\"true\" data-animationtime=\"5000\">[vc_column_text]<\/p>\n<h2 style=\"text-align: center;\">Tour du Mont Blanc 20 minutes<\/h2>\n<p style=\"text-align: center;\">Vivez une exp\u00e9rience inoubliable lors d&rsquo;un vol en h\u00e9licopt\u00e8re de 20 minutes et d\u00e9couvrez le sommet le plus haut d&rsquo;Europe !<\/p>\n<p><a href=\"https:\/\/heligo.aero\/fr\/megeve\/129-126-tour-du-mont-blanc-20-minutes.html#\/31-contact_base-megeve_altiport_de_megeve_04_50_72_98_00_infombhfr\" target=\"_blank\" rel=\"noopener\">En savoir plus<\/a>[\/vc_column_text][vc_column_text]<\/p>\n<h2 style=\"text-align: center;\">Tour du Mont Blanc 30 minutes<\/h2>\n<p style=\"text-align: center;\">Vivez une exp\u00e9rience inoubliable lors d&rsquo;un vol en h\u00e9licopt\u00e8re de 30 minutes et d\u00e9couvrez le sommet le plus haut d&rsquo;Europe !<\/p>\n<p><a href=\"https:\/\/heligo.aero\/fr\/megeve\/130-127-tour-du-mont-blanc-30-minutes.html#\/31-contact_base-megeve_altiport_de_megeve_04_50_72_98_00_infombhfr\" target=\"_blank\" rel=\"noopener\">En savoir plus<\/a>[\/vc_column_text][vc_column_text]<\/p>\n<h2 style=\"text-align: center;\">Tour du Mont Blanc 50 minutes<\/h2>\n<p style=\"text-align: center;\">Vivez une exp\u00e9rience unique et profitez d&rsquo;une vue imprenable lors d&rsquo;un vol panoramique de 50 minutes en h\u00e9licopt\u00e8re autour du Mont Blanc et de son massif.<\/p>\n<p><a href=\"https:\/\/heligo.aero\/fr\/megeve\/131-128-tour-du-mont-blanc-50-minutes.html#\/31-contact_base-megeve_altiport_de_megeve_04_50_72_98_00_infombhfr\" target=\"_blank\" rel=\"noopener\">En savoir plus<\/a>[\/vc_column_text]<\/div>[vc_btn title=\u00a0\u00bbVols Meg\u00e8ve\u00a0\u00bb style=\u00a0\u00bbflat\u00a0\u00bb shape=\u00a0\u00bbsquare\u00a0\u00bb color=\u00a0\u00bbdefault\u00a0\u00bb align=\u00a0\u00bbcenter\u00a0\u00bb link=\u00a0\u00bburl:https%3A%2F%2Fheligo.aero%2Ffr%2F130-megeve|target:_blank\u00a0\u00bb][\/vc_column][vc_column el_class=\u00a0\u00bbkomix-base&#8211;details\u00a0\u00bb width=\u00a0\u00bb1\/2&Prime;][vc_single_image image=\u00a0\u00bb8917&Prime; img_size=\u00a0\u00bb\u00a0\u00bb alignment=\u00a0\u00bbcenter\u00a0\u00bb]<div class=\"minti_carousel  grab-false dots\" data-columns=\"1\" data-tabletcolumns=\"1\" data-nav=\"true\" data-pagination=\"false\" data-autoplay=\"true\" data-animationtime=\"4000\">[vc_column_text]<\/p>\n<h2 style=\"text-align: center;\">Vall\u00e9e du Mont-Blanc 20 minutes depuis les Arcs<\/h2>\n<p style=\"text-align: center;\">Vivez une exp\u00e9rience inoubliable lors d&rsquo;un vol en h\u00e9licopt\u00e8re de 20 minutes et d\u00e9couvrez la station des Arcs vu du ciel !<\/p>\n<p><a href=\"https:\/\/heligo.aero\/fr\/les-arcs\/126-123-vallee-du-mont-blanc-20-minutes-depuis-les-arcs.html#\/30-contact_base-les_arcs_1950_heliport_des_arcs_06_16_76_22_98_lesarcsmbhfr\" target=\"_blank\" rel=\"noopener\">En savoir plus<\/a>[\/vc_column_text][vc_column_text]<\/p>\n<h2 style=\"text-align: center;\">Tour du Mont-Blanc 30 minutes depuis Les Arcs<\/h2>\n<p style=\"text-align: center;\">Vivez une exp\u00e9rience inoubliable lors d&rsquo;un vol en h\u00e9licopt\u00e8re de 30 minutes et d\u00e9couvrez le sommet le plus haut d&rsquo;Europe !<\/p>\n<p><a href=\"https:\/\/heligo.aero\/fr\/les-arcs\/127-124-tour-du-mont-blanc-30-minutes-depuis-les-arcs.html#\/30-contact_base-les_arcs_1950_heliport_des_arcs_06_16_76_22_98_lesarcsmbhfr\" target=\"_blank\" rel=\"noopener\">En savoir plus<\/a>[\/vc_column_text][vc_column_text]<\/p>\n<h2 style=\"text-align: center;\">Tour du Mont-Blanc 50 minutes depuis Les Arcs<\/h2>\n<p style=\"text-align: center;\">Vivez une exp\u00e9rience inoubliable lors d&rsquo;un vol en h\u00e9licopt\u00e8re de 50 minutes et d\u00e9couvrez le sommet le plus haut d&rsquo;Europe !<\/p>\n<p><a href=\"https:\/\/heligo.aero\/fr\/les-arcs\/128-125-tour-du-mont-blanc-50-minutes-depuis-les-arcs.html#\/30-contact_base-les_arcs_1950_heliport_des_arcs_06_16_76_22_98_lesarcsmbhfr\" target=\"_blank\" rel=\"noopener\">En savoir plus<\/a>[\/vc_column_text]<\/div>[vc_btn title=\u00a0\u00bbVols Les Arcs\u00a0\u00bb style=\u00a0\u00bbflat\u00a0\u00bb shape=\u00a0\u00bbsquare\u00a0\u00bb color=\u00a0\u00bbdefault\u00a0\u00bb align=\u00a0\u00bbcenter\u00a0\u00bb link=\u00a0\u00bburl:https%3A%2F%2Fheligo.aero%2Ffr%2F128-les-arcs|target:_blank\u00a0\u00bb][\/vc_column][\/vc_row][vc_row][vc_column el_class=\u00a0\u00bbkomix-base&#8211;details\u00a0\u00bb width=\u00a0\u00bb1\/4&Prime;][\/vc_column][vc_column el_class=\u00a0\u00bbkomix-base&#8211;details\u00a0\u00bb width=\u00a0\u00bb1\/2&Prime;][vc_single_image image=\u00a0\u00bb8911&Prime; img_size=\u00a0\u00bb\u00a0\u00bb alignment=\u00a0\u00bbcenter\u00a0\u00bb]<div class=\"minti_carousel  grab-false dots\" data-columns=\"1\" data-tabletcolumns=\"1\" data-nav=\"true\" data-pagination=\"false\" data-autoplay=\"true\" data-animationtime=\"4000\">[vc_column_text]<\/p>\n<h2 style=\"text-align: center;\">Tour de Courchevel (vol privatif pour 1 \u00e0 5 passagers)<\/h2>\n<p style=\"text-align: center;\">Un vol inoubliable pour profiter du panorama magnifique que vous offre la montagne et d\u00e9couvrez les sommets de Courchevel.<\/p>\n<p><a href=\"https:\/\/heligo.aero\/fr\/124-courchevel\" target=\"_blank\" rel=\"noopener\">En savoir plus<\/a>[\/vc_column_text][vc_column_text]<\/p>\n<h2 style=\"text-align: center;\">Tour des 3 Vall\u00e9es depuis Courchevel (vol privatif pour 1 \u00e0 5 passagers)<\/h2>\n<p style=\"text-align: center;\">Vivez une exp\u00e9rience unique au c\u0153ur des 3 Vall\u00e9es avec un vol panoramique en h\u00e9licopt\u00e8re pour plonger au c\u0153ur des montagnes et ses domaines.<\/p>\n<p><a href=\"https:\/\/heligo.aero\/fr\/courchevel\/123-120-tour-des-3-vallees-depuis-courchevel-vol-privatif-pour-1-a-5-passagers.html#\/42-contact_base-courchevel_altiport_courchevel_04_50_92_78_00_06_16_76_22_98_infombhfr\" target=\"_blank\" rel=\"noopener\">En savoir plus<\/a>[\/vc_column_text][vc_column_text]<\/p>\n<h2 style=\"text-align: center;\">Survol Mont Blanc &amp; ses Glaciers depuis Courchevel (vol privatif pour 1 \u00e0 5 passagers)<\/h2>\n<p style=\"text-align: center;\">Un vol pour d\u00e9couvrir le Mont Blanc sous toutes ses cout\u00fbmes. En passant par les nombreux points de vues symboliques du massif et ses glaciers, et finir par la mythique Vall\u00e9e Blanche.<\/p>\n<p><a href=\"https:\/\/heligo.aero\/fr\/courchevel\/124-121-survol-mont-blanc-ses-glaciers-depuis-courchevel-vol-privatif-pour-1-a-5-passagers.html#\/42-contact_base-courchevel_altiport_courchevel_04_50_92_78_00_06_16_76_22_98_infombhfr\" target=\"_blank\" rel=\"noopener\">En savoir plus<\/a>[\/vc_column_text]<\/div>[vc_btn title=\u00a0\u00bbVols Courchevel\u00a0\u00bb style=\u00a0\u00bbflat\u00a0\u00bb shape=\u00a0\u00bbsquare\u00a0\u00bb color=\u00a0\u00bbdefault\u00a0\u00bb align=\u00a0\u00bbcenter\u00a0\u00bb link=\u00a0\u00bburl:https%3A%2F%2Fheligo.aero%2Ffr%2F124-courchevel|target:_blank\u00a0\u00bb][\/vc_column][vc_column width=\u00a0\u00bb1\/4&Prime;][\/vc_column][\/vc_row]<\/p>\n<\/div>","protected":false},"excerpt":{"rendered":"<p>[vc_row type=\u00a0\u00bbfull_width_section\u00a0\u00bb bg_image=\u00a0\u00bb8932&Prime; top_padding=\u00a0\u00bb150&Prime; bottom_padding=\u00a0\u00bb150&Prime;][vc_column width=\u00a0\u00bb1\/1&Prime;][\/vc_column][\/vc_row][vc_row][vc_column width=\u00a0\u00bb1\/1&Prime;][vc_single_image image=\u00a0\u00bb4473&Prime; img_size=\u00a0\u00bb120&#215;120&Prime; alignment=\u00a0\u00bbcenter\u00a0\u00bb el_class=\u00a0\u00bbisotype\u00a0\u00bb][vc_column_text] NOS BASES DANS LES ALPES [\/vc_column_text][vc_custom_heading text=\u00a0\u00bbAu c\u0153ur du Massif du Mont Blanc, survolez des paysages majestueux \u00e0 vous couper le souffle !\u00a0\u00bb font_container=\u00a0\u00bbtag:p|font_size:22px|text_align:center\u00a0\u00bb use_theme_fonts=\u00a0\u00bbyes\u00a0\u00bb][\/vc_column][\/vc_row][vc_row][vc_column el_class=\u00a0\u00bbkomix-base&#8211;details\u00a0\u00bb width=\u00a0\u00bb1\/2&Prime;][vc_single_image image=\u00a0\u00bb8923&Prime; img_size=\u00a0\u00bb\u00a0\u00bb alignment=\u00a0\u00bbcenter\u00a0\u00bb][vc_btn title=\u00a0\u00bbVols Meg\u00e8ve\u00a0\u00bb style=\u00a0\u00bbflat\u00a0\u00bb shape=\u00a0\u00bbsquare\u00a0\u00bb color=\u00a0\u00bbdefault\u00a0\u00bb align=\u00a0\u00bbcenter\u00a0\u00bb link=\u00a0\u00bburl:https%3A%2F%2Fheligo.aero%2Ffr%2F130-megeve|target:_blank\u00a0\u00bb][\/vc_column][vc_column el_class=\u00a0\u00bbkomix-base&#8211;details\u00a0\u00bb width=\u00a0\u00bb1\/2&Prime;][vc_single_image image=\u00a0\u00bb8917&Prime; img_size=\u00a0\u00bb\u00a0\u00bb alignment=\u00a0\u00bbcenter\u00a0\u00bb][vc_btn title=\u00a0\u00bbVols Les Arcs\u00a0\u00bb style=\u00a0\u00bbflat\u00a0\u00bb shape=\u00a0\u00bbsquare\u00a0\u00bb color=\u00a0\u00bbdefault\u00a0\u00bb align=\u00a0\u00bbcenter\u00a0\u00bb link=\u00a0\u00bburl:https%3A%2F%2Fheligo.aero%2Ffr%2F128-les-arcs|target:_blank\u00a0\u00bb][\/vc_column][\/vc_row][vc_row][vc_column el_class=\u00a0\u00bbkomix-base&#8211;details\u00a0\u00bb width=\u00a0\u00bb1\/4&Prime;][\/vc_column][vc_column el_class=\u00a0\u00bbkomix-base&#8211;details\u00a0\u00bb width=\u00a0\u00bb1\/2&Prime;][vc_single_image image=\u00a0\u00bb8911&Prime; img_size=\u00a0\u00bb\u00a0\u00bb alignment=\u00a0\u00bbcenter\u00a0\u00bb][vc_btn title=\u00a0\u00bbVols Courchevel\u00a0\u00bb style=\u00a0\u00bbflat\u00a0\u00bb shape=\u00a0\u00bbsquare\u00a0\u00bb color=\u00a0\u00bbdefault\u00a0\u00bb align=\u00a0\u00bbcenter\u00a0\u00bb link=\u00a0\u00bburl:https%3A%2F%2Fheligo.aero%2Ffr%2F124-courchevel|target:_blank\u00a0\u00bb][\/vc_column][vc_column width=\u00a0\u00bb1\/4&Prime;][\/vc_column][\/vc_row]<\/p>\n","protected":false},"author":7,"featured_media":0,"parent":0,"menu_order":0,"comment_status":"closed","ping_status":"closed","template":"","meta":{"_acf_changed":false,"footnotes":""},"class_list":["post-9019","page","type-page","status-publish","hentry"],"acf":[],"yoast_head":"<!-- This site is optimized with the Yoast SEO plugin v26.9 - https:\/\/yoast.com\/product\/yoast-seo-wordpress\/ -->\n<title>Nos bases - Les alpes - Mont-Blanc H\u00e9licopt\u00e8res<\/title>\n<meta name=\"robots\" content=\"index, follow, max-snippet:-1, max-image-preview:large, max-video-preview:-1\" \/>\n<link rel=\"canonical\" href=\"https:\/\/www.mbh.fr\/fr\/nos-bases-les-alpes\/\" \/>\n<meta property=\"og:locale\" content=\"fr_FR\" \/>\n<meta property=\"og:type\" content=\"article\" \/>\n<meta property=\"og:title\" content=\"Nos bases - Les alpes - Mont-Blanc H\u00e9licopt\u00e8res\" \/>\n<meta property=\"og:description\" content=\"[vc_row type=\u00a0\u00bbfull_width_section\u00a0\u00bb bg_image=\u00a0\u00bb8932&Prime; top_padding=\u00a0\u00bb150&Prime; bottom_padding=\u00a0\u00bb150&Prime;][vc_column width=\u00a0\u00bb1\/1&Prime;][\/vc_column][\/vc_row][vc_row][vc_column width=\u00a0\u00bb1\/1&Prime;][vc_single_image image=\u00a0\u00bb4473&Prime; img_size=\u00a0\u00bb120&#215;120&Prime; alignment=\u00a0\u00bbcenter\u00a0\u00bb el_class=\u00a0\u00bbisotype\u00a0\u00bb][vc_column_text] NOS BASES DANS LES ALPES [\/vc_column_text][vc_custom_heading text=\u00a0\u00bbAu c\u0153ur du Massif du Mont Blanc, survolez des paysages majestueux \u00e0 vous couper le souffle !\u00a0\u00bb font_container=\u00a0\u00bbtag:p|font_size:22px|text_align:center\u00a0\u00bb use_theme_fonts=\u00a0\u00bbyes\u00a0\u00bb][\/vc_column][\/vc_row][vc_row][vc_column el_class=\u00a0\u00bbkomix-base&#8211;details\u00a0\u00bb width=\u00a0\u00bb1\/2&Prime;][vc_single_image image=\u00a0\u00bb8923&Prime; img_size=\u00a0\u00bb\u00a0\u00bb alignment=\u00a0\u00bbcenter\u00a0\u00bb][vc_btn title=\u00a0\u00bbVols Meg\u00e8ve\u00a0\u00bb style=\u00a0\u00bbflat\u00a0\u00bb shape=\u00a0\u00bbsquare\u00a0\u00bb color=\u00a0\u00bbdefault\u00a0\u00bb align=\u00a0\u00bbcenter\u00a0\u00bb link=\u00a0\u00bburl:https%3A%2F%2Fheligo.aero%2Ffr%2F130-megeve|target:_blank\u00a0\u00bb][\/vc_column][vc_column el_class=\u00a0\u00bbkomix-base&#8211;details\u00a0\u00bb width=\u00a0\u00bb1\/2&Prime;][vc_single_image image=\u00a0\u00bb8917&Prime; img_size=\u00a0\u00bb\u00a0\u00bb alignment=\u00a0\u00bbcenter\u00a0\u00bb][vc_btn title=\u00a0\u00bbVols Les Arcs\u00a0\u00bb style=\u00a0\u00bbflat\u00a0\u00bb shape=\u00a0\u00bbsquare\u00a0\u00bb color=\u00a0\u00bbdefault\u00a0\u00bb align=\u00a0\u00bbcenter\u00a0\u00bb link=\u00a0\u00bburl:https%3A%2F%2Fheligo.aero%2Ffr%2F128-les-arcs|target:_blank\u00a0\u00bb][\/vc_column][\/vc_row][vc_row][vc_column el_class=\u00a0\u00bbkomix-base&#8211;details\u00a0\u00bb width=\u00a0\u00bb1\/4&Prime;][\/vc_column][vc_column el_class=\u00a0\u00bbkomix-base&#8211;details\u00a0\u00bb width=\u00a0\u00bb1\/2&Prime;][vc_single_image image=\u00a0\u00bb8911&Prime; img_size=\u00a0\u00bb\u00a0\u00bb alignment=\u00a0\u00bbcenter\u00a0\u00bb][vc_btn title=\u00a0\u00bbVols Courchevel\u00a0\u00bb style=\u00a0\u00bbflat\u00a0\u00bb shape=\u00a0\u00bbsquare\u00a0\u00bb color=\u00a0\u00bbdefault\u00a0\u00bb align=\u00a0\u00bbcenter\u00a0\u00bb link=\u00a0\u00bburl:https%3A%2F%2Fheligo.aero%2Ffr%2F124-courchevel|target:_blank\u00a0\u00bb][\/vc_column][vc_column width=\u00a0\u00bb1\/4&Prime;][\/vc_column][\/vc_row]\" \/>\n<meta property=\"og:url\" content=\"https:\/\/www.mbh.fr\/fr\/nos-bases-les-alpes\/\" \/>\n<meta property=\"og:site_name\" content=\"Mont-Blanc H\u00e9licopt\u00e8res\" \/>\n<meta property=\"article:publisher\" content=\"https:\/\/www.facebook.com\/MontBlancHelicopteres\/\" \/>\n<meta property=\"article:modified_time\" content=\"2021-09-22T13:21:21+00:00\" \/>\n<meta name=\"twitter:card\" content=\"summary_large_image\" \/>\n<meta name=\"twitter:site\" content=\"@MBHelicopteres\" \/>\n<meta name=\"twitter:label1\" content=\"Dur\u00e9e de lecture estim\u00e9e\" \/>\n\t<meta name=\"twitter:data1\" content=\"3 minutes\" \/>\n<script type=\"application\/ld+json\" class=\"yoast-schema-graph\">{\"@context\":\"https:\/\/schema.org\",\"@graph\":[{\"@type\":\"WebPage\",\"@id\":\"https:\/\/www.mbh.fr\/fr\/nos-bases-les-alpes\/\",\"url\":\"https:\/\/www.mbh.fr\/fr\/nos-bases-les-alpes\/\",\"name\":\"Nos bases - Les alpes - Mont-Blanc H\u00e9licopt\u00e8res\",\"isPartOf\":{\"@id\":\"https:\/\/www.mbh.fr\/fr\/#website\"},\"datePublished\":\"2021-06-29T13:46:48+00:00\",\"dateModified\":\"2021-09-22T13:21:21+00:00\",\"breadcrumb\":{\"@id\":\"https:\/\/www.mbh.fr\/fr\/nos-bases-les-alpes\/#breadcrumb\"},\"inLanguage\":\"fr-FR\",\"potentialAction\":[{\"@type\":\"ReadAction\",\"target\":[\"https:\/\/www.mbh.fr\/fr\/nos-bases-les-alpes\/\"]}]},{\"@type\":\"BreadcrumbList\",\"@id\":\"https:\/\/www.mbh.fr\/fr\/nos-bases-les-alpes\/#breadcrumb\",\"itemListElement\":[{\"@type\":\"ListItem\",\"position\":1,\"name\":\"Accueil\",\"item\":\"https:\/\/www.mbh.fr\/fr\/\"},{\"@type\":\"ListItem\",\"position\":2,\"name\":\"Nos bases &#8211; Les alpes\"}]},{\"@type\":\"WebSite\",\"@id\":\"https:\/\/www.mbh.fr\/fr\/#website\",\"url\":\"https:\/\/www.mbh.fr\/fr\/\",\"name\":\"Mont-Blanc H\u00e9licopt\u00e8res\",\"description\":\"\",\"publisher\":{\"@id\":\"https:\/\/www.mbh.fr\/fr\/#organization\"},\"potentialAction\":[{\"@type\":\"SearchAction\",\"target\":{\"@type\":\"EntryPoint\",\"urlTemplate\":\"https:\/\/www.mbh.fr\/fr\/?s={search_term_string}\"},\"query-input\":{\"@type\":\"PropertyValueSpecification\",\"valueRequired\":true,\"valueName\":\"search_term_string\"}}],\"inLanguage\":\"fr-FR\"},{\"@type\":\"Organization\",\"@id\":\"https:\/\/www.mbh.fr\/fr\/#organization\",\"name\":\"mont blanc h\u00e9licopt\u00e8res\",\"url\":\"https:\/\/www.mbh.fr\/fr\/\",\"logo\":{\"@type\":\"ImageObject\",\"inLanguage\":\"fr-FR\",\"@id\":\"https:\/\/www.mbh.fr\/fr\/#\/schema\/logo\/image\/\",\"url\":\"\",\"contentUrl\":\"\",\"caption\":\"mont blanc h\u00e9licopt\u00e8res\"},\"image\":{\"@id\":\"https:\/\/www.mbh.fr\/fr\/#\/schema\/logo\/image\/\"},\"sameAs\":[\"https:\/\/www.facebook.com\/MontBlancHelicopteres\/\",\"https:\/\/x.com\/MBHelicopteres\",\"https:\/\/www.instagram.com\/montblanchelicopteres\/\",\"https:\/\/www.linkedin.com\/company\/715290\/\"]}]}<\/script>\n<!-- \/ Yoast SEO plugin. -->","yoast_head_json":{"title":"Nos bases - Les alpes - Mont-Blanc H\u00e9licopt\u00e8res","robots":{"index":"index","follow":"follow","max-snippet":"max-snippet:-1","max-image-preview":"max-image-preview:large","max-video-preview":"max-video-preview:-1"},"canonical":"https:\/\/www.mbh.fr\/fr\/nos-bases-les-alpes\/","og_locale":"fr_FR","og_type":"article","og_title":"Nos bases - Les alpes - Mont-Blanc H\u00e9licopt\u00e8res","og_description":"[vc_row type=\u00a0\u00bbfull_width_section\u00a0\u00bb bg_image=\u00a0\u00bb8932&Prime; top_padding=\u00a0\u00bb150&Prime; bottom_padding=\u00a0\u00bb150&Prime;][vc_column width=\u00a0\u00bb1\/1&Prime;][\/vc_column][\/vc_row][vc_row][vc_column width=\u00a0\u00bb1\/1&Prime;][vc_single_image image=\u00a0\u00bb4473&Prime; img_size=\u00a0\u00bb120&#215;120&Prime; alignment=\u00a0\u00bbcenter\u00a0\u00bb el_class=\u00a0\u00bbisotype\u00a0\u00bb][vc_column_text] NOS BASES DANS LES ALPES [\/vc_column_text][vc_custom_heading text=\u00a0\u00bbAu c\u0153ur du Massif du Mont Blanc, survolez des paysages majestueux \u00e0 vous couper le souffle !\u00a0\u00bb font_container=\u00a0\u00bbtag:p|font_size:22px|text_align:center\u00a0\u00bb use_theme_fonts=\u00a0\u00bbyes\u00a0\u00bb][\/vc_column][\/vc_row][vc_row][vc_column el_class=\u00a0\u00bbkomix-base&#8211;details\u00a0\u00bb width=\u00a0\u00bb1\/2&Prime;][vc_single_image image=\u00a0\u00bb8923&Prime; img_size=\u00a0\u00bb\u00a0\u00bb alignment=\u00a0\u00bbcenter\u00a0\u00bb][vc_btn title=\u00a0\u00bbVols Meg\u00e8ve\u00a0\u00bb style=\u00a0\u00bbflat\u00a0\u00bb shape=\u00a0\u00bbsquare\u00a0\u00bb color=\u00a0\u00bbdefault\u00a0\u00bb align=\u00a0\u00bbcenter\u00a0\u00bb link=\u00a0\u00bburl:https%3A%2F%2Fheligo.aero%2Ffr%2F130-megeve|target:_blank\u00a0\u00bb][\/vc_column][vc_column el_class=\u00a0\u00bbkomix-base&#8211;details\u00a0\u00bb width=\u00a0\u00bb1\/2&Prime;][vc_single_image image=\u00a0\u00bb8917&Prime; img_size=\u00a0\u00bb\u00a0\u00bb alignment=\u00a0\u00bbcenter\u00a0\u00bb][vc_btn title=\u00a0\u00bbVols Les Arcs\u00a0\u00bb style=\u00a0\u00bbflat\u00a0\u00bb shape=\u00a0\u00bbsquare\u00a0\u00bb color=\u00a0\u00bbdefault\u00a0\u00bb align=\u00a0\u00bbcenter\u00a0\u00bb link=\u00a0\u00bburl:https%3A%2F%2Fheligo.aero%2Ffr%2F128-les-arcs|target:_blank\u00a0\u00bb][\/vc_column][\/vc_row][vc_row][vc_column el_class=\u00a0\u00bbkomix-base&#8211;details\u00a0\u00bb width=\u00a0\u00bb1\/4&Prime;][\/vc_column][vc_column el_class=\u00a0\u00bbkomix-base&#8211;details\u00a0\u00bb width=\u00a0\u00bb1\/2&Prime;][vc_single_image image=\u00a0\u00bb8911&Prime; img_size=\u00a0\u00bb\u00a0\u00bb alignment=\u00a0\u00bbcenter\u00a0\u00bb][vc_btn title=\u00a0\u00bbVols Courchevel\u00a0\u00bb style=\u00a0\u00bbflat\u00a0\u00bb shape=\u00a0\u00bbsquare\u00a0\u00bb color=\u00a0\u00bbdefault\u00a0\u00bb align=\u00a0\u00bbcenter\u00a0\u00bb link=\u00a0\u00bburl:https%3A%2F%2Fheligo.aero%2Ffr%2F124-courchevel|target:_blank\u00a0\u00bb][\/vc_column][vc_column width=\u00a0\u00bb1\/4&Prime;][\/vc_column][\/vc_row]","og_url":"https:\/\/www.mbh.fr\/fr\/nos-bases-les-alpes\/","og_site_name":"Mont-Blanc H\u00e9licopt\u00e8res","article_publisher":"https:\/\/www.facebook.com\/MontBlancHelicopteres\/","article_modified_time":"2021-09-22T13:21:21+00:00","twitter_card":"summary_large_image","twitter_site":"@MBHelicopteres","twitter_misc":{"Dur\u00e9e de lecture estim\u00e9e":"3 minutes"},"schema":{"@context":"https:\/\/schema.org","@graph":[{"@type":"WebPage","@id":"https:\/\/www.mbh.fr\/fr\/nos-bases-les-alpes\/","url":"https:\/\/www.mbh.fr\/fr\/nos-bases-les-alpes\/","name":"Nos bases - Les alpes - Mont-Blanc H\u00e9licopt\u00e8res","isPartOf":{"@id":"https:\/\/www.mbh.fr\/fr\/#website"},"datePublished":"2021-06-29T13:46:48+00:00","dateModified":"2021-09-22T13:21:21+00:00","breadcrumb":{"@id":"https:\/\/www.mbh.fr\/fr\/nos-bases-les-alpes\/#breadcrumb"},"inLanguage":"fr-FR","potentialAction":[{"@type":"ReadAction","target":["https:\/\/www.mbh.fr\/fr\/nos-bases-les-alpes\/"]}]},{"@type":"BreadcrumbList","@id":"https:\/\/www.mbh.fr\/fr\/nos-bases-les-alpes\/#breadcrumb","itemListElement":[{"@type":"ListItem","position":1,"name":"Accueil","item":"https:\/\/www.mbh.fr\/fr\/"},{"@type":"ListItem","position":2,"name":"Nos bases &#8211; Les alpes"}]},{"@type":"WebSite","@id":"https:\/\/www.mbh.fr\/fr\/#website","url":"https:\/\/www.mbh.fr\/fr\/","name":"Mont-Blanc H\u00e9licopt\u00e8res","description":"","publisher":{"@id":"https:\/\/www.mbh.fr\/fr\/#organization"},"potentialAction":[{"@type":"SearchAction","target":{"@type":"EntryPoint","urlTemplate":"https:\/\/www.mbh.fr\/fr\/?s={search_term_string}"},"query-input":{"@type":"PropertyValueSpecification","valueRequired":true,"valueName":"search_term_string"}}],"inLanguage":"fr-FR"},{"@type":"Organization","@id":"https:\/\/www.mbh.fr\/fr\/#organization","name":"mont blanc h\u00e9licopt\u00e8res","url":"https:\/\/www.mbh.fr\/fr\/","logo":{"@type":"ImageObject","inLanguage":"fr-FR","@id":"https:\/\/www.mbh.fr\/fr\/#\/schema\/logo\/image\/","url":"","contentUrl":"","caption":"mont blanc h\u00e9licopt\u00e8res"},"image":{"@id":"https:\/\/www.mbh.fr\/fr\/#\/schema\/logo\/image\/"},"sameAs":["https:\/\/www.facebook.com\/MontBlancHelicopteres\/","https:\/\/x.com\/MBHelicopteres","https:\/\/www.instagram.com\/montblanchelicopteres\/","https:\/\/www.linkedin.com\/company\/715290\/"]}]}},"_links":{"self":[{"href":"https:\/\/www.mbh.fr\/fr\/wp-json\/wp\/v2\/pages\/9019","targetHints":{"allow":["GET"]}}],"collection":[{"href":"https:\/\/www.mbh.fr\/fr\/wp-json\/wp\/v2\/pages"}],"about":[{"href":"https:\/\/www.mbh.fr\/fr\/wp-json\/wp\/v2\/types\/page"}],"author":[{"embeddable":true,"href":"https:\/\/www.mbh.fr\/fr\/wp-json\/wp\/v2\/users\/7"}],"replies":[{"embeddable":true,"href":"https:\/\/www.mbh.fr\/fr\/wp-json\/wp\/v2\/comments?post=9019"}],"version-history":[{"count":4,"href":"https:\/\/www.mbh.fr\/fr\/wp-json\/wp\/v2\/pages\/9019\/revisions"}],"predecessor-version":[{"id":9171,"href":"https:\/\/www.mbh.fr\/fr\/wp-json\/wp\/v2\/pages\/9019\/revisions\/9171"}],"wp:attachment":[{"href":"https:\/\/www.mbh.fr\/fr\/wp-json\/wp\/v2\/media?parent=9019"}],"curies":[{"name":"wp","href":"https:\/\/api.w.org\/{rel}","templated":true}]}}